{"id":4710,"date":"0150-01-07T10:54:59","date_gmt":"0150-01-07T10:01:31","guid":{"rendered":"https:\/\/sumesgutner.de\/projekt\/wohnhaus-s-eckernforde-deu\/"},"modified":"2025-07-23T11:28:12","modified_gmt":"2025-07-23T09:28:12","slug":"wohnhaus-s-eckernforde-deu","status":"publish","type":"projekt","link":"https:\/\/sumesgutner.de\/en\/projekt\/wohnhaus-s-eckernforde-deu\/","title":{"rendered":"Wohnhaus S | Eckernf\u00f6rde (DEU)"},"content":{"rendered":"\n<p>For a sloped plot with a view over the Baltic Sea, the architects designed an elongated building form, defined by floor-to-ceiling windows made of light Kolumba brick and fully glazed surfaces. The open ground floor and the rooms on the upper floor are connected by a bright staircase. The natural stone flooring on the ground floor extends seamlessly into the outdoor space through the full glazing, expanding the living area onto the spacious terraces with views of the Baltic Sea.<\/p>\n","protected":false},"excerpt":{"rendered":"<p>For a sloped plot with a view over the Baltic Sea, the architects designed an elongated building form, defined by floor-to-ceiling windows made of light Kolumba brick and fully glazed surfaces. The open ground floor and the rooms on the upper floor are connected by a bright staircase. The natural stone flooring on the ground [&hellip;]<\/p>\n","protected":false},"featured_media":3823,"menu_order":0,"template":"","format":"standard","meta":{"_acf_changed":false,"footnotes":""},"kategorie":[44],"class_list":["post-4710","projekt","type-projekt","status-publish","format-standard","has-post-thumbnail","hentry","kategorie-residential-en"],"acf":{"photo_gallery":{"slider_images":[[{"id":3822,"title":"Sumesgutner Wohnhaus S Eckernf\u00f6rde (DEU) (3)","caption":"","full_image_url":"https:\/\/sumesgutner.de\/wp-content\/uploads\/2025\/02\/Sumesgutner-Wohnhaus-S-Eckernforde-DEU-3.webp","thumbnail_image_url":"https:\/\/sumesgutner.de\/wp-content\/uploads\/2025\/02\/Sumesgutner-Wohnhaus-S-Eckernforde-DEU-3-150x150.webp","large_srcset":"https:\/\/sumesgutner.de\/wp-content\/uploads\/2025\/02\/Sumesgutner-Wohnhaus-S-Eckernforde-DEU-3-1024x683.webp 1024w, https:\/\/sumesgutner.de\/wp-content\/uploads\/2025\/02\/Sumesgutner-Wohnhaus-S-Eckernforde-DEU-3-300x200.webp 300w, https:\/\/sumesgutner.de\/wp-content\/uploads\/2025\/02\/Sumesgutner-Wohnhaus-S-Eckernforde-DEU-3-768x512.webp 768w, https:\/\/sumesgutner.de\/wp-content\/uploads\/2025\/02\/Sumesgutner-Wohnhaus-S-Eckernforde-DEU-3-1536x1025.webp 1536w, https:\/\/sumesgutner.de\/wp-content\/uploads\/2025\/02\/Sumesgutner-Wohnhaus-S-Eckernforde-DEU-3.webp 2000w","medium_srcset":"https:\/\/sumesgutner.de\/wp-content\/uploads\/2025\/02\/Sumesgutner-Wohnhaus-S-Eckernforde-DEU-3-300x200.webp 300w, https:\/\/sumesgutner.de\/wp-content\/uploads\/2025\/02\/Sumesgutner-Wohnhaus-S-Eckernforde-DEU-3-1024x683.webp 1024w, https:\/\/sumesgutner.de\/wp-content\/uploads\/2025\/02\/Sumesgutner-Wohnhaus-S-Eckernforde-DEU-3-768x512.webp 768w, https:\/\/sumesgutner.de\/wp-content\/uploads\/2025\/02\/Sumesgutner-Wohnhaus-S-Eckernforde-DEU-3-1536x1025.webp 1536w, https:\/\/sumesgutner.de\/wp-content\/uploads\/2025\/02\/Sumesgutner-Wohnhaus-S-Eckernforde-DEU-3.webp 2000w","media_details":{"width":2000,"height":1334,"sizes":{"medium":{"file":"Sumesgutner-Wohnhaus-S-Eckernforde-DEU-3-300x200.webp","width":300,"height":200,"mime-type":"image\/webp","filesize":10692,"source_url":"https:\/\/sumesgutner.de\/wp-content\/uploads\/2025\/02\/Sumesgutner-Wohnhaus-S-Eckernforde-DEU-3-300x200.webp"},"large":{"file":"Sumesgutner-Wohnhaus-S-Eckernforde-DEU-3-1024x683.webp","width":1024,"height":683,"mime-type":"image\/webp","filesize":70660,"source_url":"https:\/\/sumesgutner.de\/wp-content\/uploads\/2025\/02\/Sumesgutner-Wohnhaus-S-Eckernforde-DEU-3-1024x683.webp"},"thumbnail":{"file":"Sumesgutner-Wohnhaus-S-Eckernforde-DEU-3-150x150.webp","width":150,"height":150,"mime-type":"image\/webp","filesize":5264,"source_url":"https:\/\/sumesgutner.de\/wp-content\/uploads\/2025\/02\/Sumesgutner-Wohnhaus-S-Eckernforde-DEU-3-150x150.webp"},"medium_large":{"file":"Sumesgutner-Wohnhaus-S-Eckernforde-DEU-3-768x512.webp","width":768,"height":512,"mime-type":"image\/webp","filesize":45036,"source_url":"https:\/\/sumesgutner.de\/wp-content\/uploads\/2025\/02\/Sumesgutner-Wohnhaus-S-Eckernforde-DEU-3-768x512.webp"},"1536x1536":{"file":"Sumesgutner-Wohnhaus-S-Eckernforde-DEU-3-1536x1025.webp","width":1536,"height":1025,"mime-type":"image\/webp","filesize":139130,"source_url":"https:\/\/sumesgutner.de\/wp-content\/uploads\/2025\/02\/Sumesgutner-Wohnhaus-S-Eckernforde-DEU-3-1536x1025.webp"}}},"alt_text":"","url":"","target":""},{"id":4498,"title":"Sumesgutner Wohnhaus S Eckernf\u00f6rde (DEU) (6)","caption":"","full_image_url":"https:\/\/sumesgutner.de\/wp-content\/uploads\/2025\/02\/Sumesgutner-Wohnhaus-S-Eckernforde-DEU-6.webp","thumbnail_image_url":"https:\/\/sumesgutner.de\/wp-content\/uploads\/2025\/02\/Sumesgutner-Wohnhaus-S-Eckernforde-DEU-6-150x150.webp","large_srcset":"https:\/\/sumesgutner.de\/wp-content\/uploads\/2025\/02\/Sumesgutner-Wohnhaus-S-Eckernforde-DEU-6-1024x683.webp 1024w, https:\/\/sumesgutner.de\/wp-content\/uploads\/2025\/02\/Sumesgutner-Wohnhaus-S-Eckernforde-DEU-6-300x200.webp 300w, https:\/\/sumesgutner.de\/wp-content\/uploads\/2025\/02\/Sumesgutner-Wohnhaus-S-Eckernforde-DEU-6-768x512.webp 768w, https:\/\/sumesgutner.de\/wp-content\/uploads\/2025\/02\/Sumesgutner-Wohnhaus-S-Eckernforde-DEU-6-1536x1025.webp 1536w, https:\/\/sumesgutner.de\/wp-content\/uploads\/2025\/02\/Sumesgutner-Wohnhaus-S-Eckernforde-DEU-6.webp 2000w","medium_srcset":"https:\/\/sumesgutner.de\/wp-content\/uploads\/2025\/02\/Sumesgutner-Wohnhaus-S-Eckernforde-DEU-6-300x200.webp 300w, https:\/\/sumesgutner.de\/wp-content\/uploads\/2025\/02\/Sumesgutner-Wohnhaus-S-Eckernforde-DEU-6-1024x683.webp 1024w, https:\/\/sumesgutner.de\/wp-content\/uploads\/2025\/02\/Sumesgutner-Wohnhaus-S-Eckernforde-DEU-6-768x512.webp 768w, https:\/\/sumesgutner.de\/wp-content\/uploads\/2025\/02\/Sumesgutner-Wohnhaus-S-Eckernforde-DEU-6-1536x1025.webp 1536w, https:\/\/sumesgutner.de\/wp-content\/uploads\/2025\/02\/Sumesgutner-Wohnhaus-S-Eckernforde-DEU-6.webp 2000w","media_details":{"width":2000,"height":1334,"sizes":{"medium":{"file":"Sumesgutner-Wohnhaus-S-Eckernforde-DEU-6-300x200.webp","width":300,"height":200,"mime-type":"image\/webp","filesize":4172,"source_url":"https:\/\/sumesgutner.de\/wp-content\/uploads\/2025\/02\/Sumesgutner-Wohnhaus-S-Eckernforde-DEU-6-300x200.webp"},"large":{"file":"Sumesgutner-Wohnhaus-S-Eckernforde-DEU-6-1024x683.webp","width":1024,"height":683,"mime-type":"image\/webp","filesize":28392,"source_url":"https:\/\/sumesgutner.de\/wp-content\/uploads\/2025\/02\/Sumesgutner-Wohnhaus-S-Eckernforde-DEU-6-1024x683.webp"},"thumbnail":{"file":"Sumesgutner-Wohnhaus-S-Eckernforde-DEU-6-150x150.webp","width":150,"height":150,"mime-type":"image\/webp","filesize":2662,"source_url":"https:\/\/sumesgutner.de\/wp-content\/uploads\/2025\/02\/Sumesgutner-Wohnhaus-S-Eckernforde-DEU-6-150x150.webp"},"medium_large":{"file":"Sumesgutner-Wohnhaus-S-Eckernforde-DEU-6-768x512.webp","width":768,"height":512,"mime-type":"image\/webp","filesize":17244,"source_url":"https:\/\/sumesgutner.de\/wp-content\/uploads\/2025\/02\/Sumesgutner-Wohnhaus-S-Eckernforde-DEU-6-768x512.webp"},"1536x1536":{"file":"Sumesgutner-Wohnhaus-S-Eckernforde-DEU-6-1536x1025.webp","width":1536,"height":1025,"mime-type":"image\/webp","filesize":55614,"source_url":"https:\/\/sumesgutner.de\/wp-content\/uploads\/2025\/02\/Sumesgutner-Wohnhaus-S-Eckernforde-DEU-6-1536x1025.webp"}}},"alt_text":"Wohnhaus mit Garage im Erdgeschoss","url":"","target":""},{"id":4497,"title":"Sumesgutner Wohnhaus S Eckernf\u00f6rde (DEU) (5)","caption":"","full_image_url":"https:\/\/sumesgutner.de\/wp-content\/uploads\/2025\/02\/Sumesgutner-Wohnhaus-S-Eckernforde-DEU-5-1.webp","thumbnail_image_url":"https:\/\/sumesgutner.de\/wp-content\/uploads\/2025\/02\/Sumesgutner-Wohnhaus-S-Eckernforde-DEU-5-1-150x150.webp","large_srcset":"https:\/\/sumesgutner.de\/wp-content\/uploads\/2025\/02\/Sumesgutner-Wohnhaus-S-Eckernforde-DEU-5-1-1024x683.webp 1024w, https:\/\/sumesgutner.de\/wp-content\/uploads\/2025\/02\/Sumesgutner-Wohnhaus-S-Eckernforde-DEU-5-1-300x200.webp 300w, https:\/\/sumesgutner.de\/wp-content\/uploads\/2025\/02\/Sumesgutner-Wohnhaus-S-Eckernforde-DEU-5-1-768x512.webp 768w, https:\/\/sumesgutner.de\/wp-content\/uploads\/2025\/02\/Sumesgutner-Wohnhaus-S-Eckernforde-DEU-5-1-1536x1025.webp 1536w, https:\/\/sumesgutner.de\/wp-content\/uploads\/2025\/02\/Sumesgutner-Wohnhaus-S-Eckernforde-DEU-5-1.webp 2000w","medium_srcset":"https:\/\/sumesgutner.de\/wp-content\/uploads\/2025\/02\/Sumesgutner-Wohnhaus-S-Eckernforde-DEU-5-1-300x200.webp 300w, https:\/\/sumesgutner.de\/wp-content\/uploads\/2025\/02\/Sumesgutner-Wohnhaus-S-Eckernforde-DEU-5-1-1024x683.webp 1024w, https:\/\/sumesgutner.de\/wp-content\/uploads\/2025\/02\/Sumesgutner-Wohnhaus-S-Eckernforde-DEU-5-1-768x512.webp 768w, https:\/\/sumesgutner.de\/wp-content\/uploads\/2025\/02\/Sumesgutner-Wohnhaus-S-Eckernforde-DEU-5-1-1536x1025.webp 1536w, https:\/\/sumesgutner.de\/wp-content\/uploads\/2025\/02\/Sumesgutner-Wohnhaus-S-Eckernforde-DEU-5-1.webp 2000w","media_details":{"width":2000,"height":1334,"sizes":{"medium":{"file":"Sumesgutner-Wohnhaus-S-Eckernforde-DEU-5-1-300x200.webp","width":300,"height":200,"mime-type":"image\/webp","filesize":5348,"source_url":"https:\/\/sumesgutner.de\/wp-content\/uploads\/2025\/02\/Sumesgutner-Wohnhaus-S-Eckernforde-DEU-5-1-300x200.webp"},"large":{"file":"Sumesgutner-Wohnhaus-S-Eckernforde-DEU-5-1-1024x683.webp","width":1024,"height":683,"mime-type":"image\/webp","filesize":37816,"source_url":"https:\/\/sumesgutner.de\/wp-content\/uploads\/2025\/02\/Sumesgutner-Wohnhaus-S-Eckernforde-DEU-5-1-1024x683.webp"},"thumbnail":{"file":"Sumesgutner-Wohnhaus-S-Eckernforde-DEU-5-1-150x150.webp","width":150,"height":150,"mime-type":"image\/webp","filesize":3644,"source_url":"https:\/\/sumesgutner.de\/wp-content\/uploads\/2025\/02\/Sumesgutner-Wohnhaus-S-Eckernforde-DEU-5-1-150x150.webp"},"medium_large":{"file":"Sumesgutner-Wohnhaus-S-Eckernforde-DEU-5-1-768x512.webp","width":768,"height":512,"mime-type":"image\/webp","filesize":23092,"source_url":"https:\/\/sumesgutner.de\/wp-content\/uploads\/2025\/02\/Sumesgutner-Wohnhaus-S-Eckernforde-DEU-5-1-768x512.webp"},"1536x1536":{"file":"Sumesgutner-Wohnhaus-S-Eckernforde-DEU-5-1-1536x1025.webp","width":1536,"height":1025,"mime-type":"image\/webp","filesize":72074,"source_url":"https:\/\/sumesgutner.de\/wp-content\/uploads\/2025\/02\/Sumesgutner-Wohnhaus-S-Eckernforde-DEU-5-1-1536x1025.webp"}}},"alt_text":"Terrasse Villa gro\u00dfe Fensterfl\u00e4chen","url":"","target":""},{"id":4496,"title":"Sumesgutner Wohnhaus S Eckernf\u00f6rde (DEU) (4)","caption":"","full_image_url":"https:\/\/sumesgutner.de\/wp-content\/uploads\/2025\/02\/Sumesgutner-Wohnhaus-S-Eckernforde-DEU-4-1.webp","thumbnail_image_url":"https:\/\/sumesgutner.de\/wp-content\/uploads\/2025\/02\/Sumesgutner-Wohnhaus-S-Eckernforde-DEU-4-1-150x150.webp","large_srcset":"https:\/\/sumesgutner.de\/wp-content\/uploads\/2025\/02\/Sumesgutner-Wohnhaus-S-Eckernforde-DEU-4-1-1024x683.webp 1024w, https:\/\/sumesgutner.de\/wp-content\/uploads\/2025\/02\/Sumesgutner-Wohnhaus-S-Eckernforde-DEU-4-1-300x200.webp 300w, https:\/\/sumesgutner.de\/wp-content\/uploads\/2025\/02\/Sumesgutner-Wohnhaus-S-Eckernforde-DEU-4-1-768x512.webp 768w, https:\/\/sumesgutner.de\/wp-content\/uploads\/2025\/02\/Sumesgutner-Wohnhaus-S-Eckernforde-DEU-4-1-1536x1025.webp 1536w, https:\/\/sumesgutner.de\/wp-content\/uploads\/2025\/02\/Sumesgutner-Wohnhaus-S-Eckernforde-DEU-4-1.webp 2000w","medium_srcset":"https:\/\/sumesgutner.de\/wp-content\/uploads\/2025\/02\/Sumesgutner-Wohnhaus-S-Eckernforde-DEU-4-1-300x200.webp 300w, https:\/\/sumesgutner.de\/wp-content\/uploads\/2025\/02\/Sumesgutner-Wohnhaus-S-Eckernforde-DEU-4-1-1024x683.webp 1024w, https:\/\/sumesgutner.de\/wp-content\/uploads\/2025\/02\/Sumesgutner-Wohnhaus-S-Eckernforde-DEU-4-1-768x512.webp 768w, https:\/\/sumesgutner.de\/wp-content\/uploads\/2025\/02\/Sumesgutner-Wohnhaus-S-Eckernforde-DEU-4-1-1536x1025.webp 1536w, https:\/\/sumesgutner.de\/wp-content\/uploads\/2025\/02\/Sumesgutner-Wohnhaus-S-Eckernforde-DEU-4-1.webp 2000w","media_details":{"width":2000,"height":1334,"sizes":{"medium":{"file":"Sumesgutner-Wohnhaus-S-Eckernforde-DEU-4-1-300x200.webp","width":300,"height":200,"mime-type":"image\/webp","filesize":4102,"source_url":"https:\/\/sumesgutner.de\/wp-content\/uploads\/2025\/02\/Sumesgutner-Wohnhaus-S-Eckernforde-DEU-4-1-300x200.webp"},"large":{"file":"Sumesgutner-Wohnhaus-S-Eckernforde-DEU-4-1-1024x683.webp","width":1024,"height":683,"mime-type":"image\/webp","filesize":33470,"source_url":"https:\/\/sumesgutner.de\/wp-content\/uploads\/2025\/02\/Sumesgutner-Wohnhaus-S-Eckernforde-DEU-4-1-1024x683.webp"},"thumbnail":{"file":"Sumesgutner-Wohnhaus-S-Eckernforde-DEU-4-1-150x150.webp","width":150,"height":150,"mime-type":"image\/webp","filesize":2688,"source_url":"https:\/\/sumesgutner.de\/wp-content\/uploads\/2025\/02\/Sumesgutner-Wohnhaus-S-Eckernforde-DEU-4-1-150x150.webp"},"medium_large":{"file":"Sumesgutner-Wohnhaus-S-Eckernforde-DEU-4-1-768x512.webp","width":768,"height":512,"mime-type":"image\/webp","filesize":19630,"source_url":"https:\/\/sumesgutner.de\/wp-content\/uploads\/2025\/02\/Sumesgutner-Wohnhaus-S-Eckernforde-DEU-4-1-768x512.webp"},"1536x1536":{"file":"Sumesgutner-Wohnhaus-S-Eckernforde-DEU-4-1-1536x1025.webp","width":1536,"height":1025,"mime-type":"image\/webp","filesize":66818,"source_url":"https:\/\/sumesgutner.de\/wp-content\/uploads\/2025\/02\/Sumesgutner-Wohnhaus-S-Eckernforde-DEU-4-1-1536x1025.webp"}}},"alt_text":"","url":"","target":""},{"id":4495,"title":"Sumesgutner Wohnhaus S Eckernf\u00f6rde (DEU) (3)","caption":"","full_image_url":"https:\/\/sumesgutner.de\/wp-content\/uploads\/2025\/02\/Sumesgutner-Wohnhaus-S-Eckernforde-DEU-3-1.webp","thumbnail_image_url":"https:\/\/sumesgutner.de\/wp-content\/uploads\/2025\/02\/Sumesgutner-Wohnhaus-S-Eckernforde-DEU-3-1-150x150.webp","large_srcset":"https:\/\/sumesgutner.de\/wp-content\/uploads\/2025\/02\/Sumesgutner-Wohnhaus-S-Eckernforde-DEU-3-1-1024x683.webp 1024w, https:\/\/sumesgutner.de\/wp-content\/uploads\/2025\/02\/Sumesgutner-Wohnhaus-S-Eckernforde-DEU-3-1-300x200.webp 300w, https:\/\/sumesgutner.de\/wp-content\/uploads\/2025\/02\/Sumesgutner-Wohnhaus-S-Eckernforde-DEU-3-1-768x512.webp 768w, https:\/\/sumesgutner.de\/wp-content\/uploads\/2025\/02\/Sumesgutner-Wohnhaus-S-Eckernforde-DEU-3-1-1536x1025.webp 1536w, https:\/\/sumesgutner.de\/wp-content\/uploads\/2025\/02\/Sumesgutner-Wohnhaus-S-Eckernforde-DEU-3-1.webp 2000w","medium_srcset":"https:\/\/sumesgutner.de\/wp-content\/uploads\/2025\/02\/Sumesgutner-Wohnhaus-S-Eckernforde-DEU-3-1-300x200.webp 300w, https:\/\/sumesgutner.de\/wp-content\/uploads\/2025\/02\/Sumesgutner-Wohnhaus-S-Eckernforde-DEU-3-1-1024x683.webp 1024w, https:\/\/sumesgutner.de\/wp-content\/uploads\/2025\/02\/Sumesgutner-Wohnhaus-S-Eckernforde-DEU-3-1-768x512.webp 768w, https:\/\/sumesgutner.de\/wp-content\/uploads\/2025\/02\/Sumesgutner-Wohnhaus-S-Eckernforde-DEU-3-1-1536x1025.webp 1536w, https:\/\/sumesgutner.de\/wp-content\/uploads\/2025\/02\/Sumesgutner-Wohnhaus-S-Eckernforde-DEU-3-1.webp 2000w","media_details":{"width":2000,"height":1334,"sizes":{"medium":{"file":"Sumesgutner-Wohnhaus-S-Eckernforde-DEU-3-1-300x200.webp","width":300,"height":200,"mime-type":"image\/webp","filesize":4644,"source_url":"https:\/\/sumesgutner.de\/wp-content\/uploads\/2025\/02\/Sumesgutner-Wohnhaus-S-Eckernforde-DEU-3-1-300x200.webp"},"large":{"file":"Sumesgutner-Wohnhaus-S-Eckernforde-DEU-3-1-1024x683.webp","width":1024,"height":683,"mime-type":"image\/webp","filesize":33464,"source_url":"https:\/\/sumesgutner.de\/wp-content\/uploads\/2025\/02\/Sumesgutner-Wohnhaus-S-Eckernforde-DEU-3-1-1024x683.webp"},"thumbnail":{"file":"Sumesgutner-Wohnhaus-S-Eckernforde-DEU-3-1-150x150.webp","width":150,"height":150,"mime-type":"image\/webp","filesize":2958,"source_url":"https:\/\/sumesgutner.de\/wp-content\/uploads\/2025\/02\/Sumesgutner-Wohnhaus-S-Eckernforde-DEU-3-1-150x150.webp"},"medium_large":{"file":"Sumesgutner-Wohnhaus-S-Eckernforde-DEU-3-1-768x512.webp","width":768,"height":512,"mime-type":"image\/webp","filesize":20714,"source_url":"https:\/\/sumesgutner.de\/wp-content\/uploads\/2025\/02\/Sumesgutner-Wohnhaus-S-Eckernforde-DEU-3-1-768x512.webp"},"1536x1536":{"file":"Sumesgutner-Wohnhaus-S-Eckernforde-DEU-3-1-1536x1025.webp","width":1536,"height":1025,"mime-type":"image\/webp","filesize":67520,"source_url":"https:\/\/sumesgutner.de\/wp-content\/uploads\/2025\/02\/Sumesgutner-Wohnhaus-S-Eckernforde-DEU-3-1-1536x1025.webp"}}},"alt_text":"","url":"","target":""},{"id":4494,"title":"Sumesgutner Wohnhaus S Eckernf\u00f6rde (DEU) (2)","caption":"","full_image_url":"https:\/\/sumesgutner.de\/wp-content\/uploads\/2025\/02\/Sumesgutner-Wohnhaus-S-Eckernforde-DEU-2-1.webp","thumbnail_image_url":"https:\/\/sumesgutner.de\/wp-content\/uploads\/2025\/02\/Sumesgutner-Wohnhaus-S-Eckernforde-DEU-2-1-150x150.webp","large_srcset":"https:\/\/sumesgutner.de\/wp-content\/uploads\/2025\/02\/Sumesgutner-Wohnhaus-S-Eckernforde-DEU-2-1-1024x683.webp 1024w, https:\/\/sumesgutner.de\/wp-content\/uploads\/2025\/02\/Sumesgutner-Wohnhaus-S-Eckernforde-DEU-2-1-300x200.webp 300w, https:\/\/sumesgutner.de\/wp-content\/uploads\/2025\/02\/Sumesgutner-Wohnhaus-S-Eckernforde-DEU-2-1-768x512.webp 768w, https:\/\/sumesgutner.de\/wp-content\/uploads\/2025\/02\/Sumesgutner-Wohnhaus-S-Eckernforde-DEU-2-1-1536x1025.webp 1536w, https:\/\/sumesgutner.de\/wp-content\/uploads\/2025\/02\/Sumesgutner-Wohnhaus-S-Eckernforde-DEU-2-1.webp 2000w","medium_srcset":"https:\/\/sumesgutner.de\/wp-content\/uploads\/2025\/02\/Sumesgutner-Wohnhaus-S-Eckernforde-DEU-2-1-300x200.webp 300w, https:\/\/sumesgutner.de\/wp-content\/uploads\/2025\/02\/Sumesgutner-Wohnhaus-S-Eckernforde-DEU-2-1-1024x683.webp 1024w, https:\/\/sumesgutner.de\/wp-content\/uploads\/2025\/02\/Sumesgutner-Wohnhaus-S-Eckernforde-DEU-2-1-768x512.webp 768w, https:\/\/sumesgutner.de\/wp-content\/uploads\/2025\/02\/Sumesgutner-Wohnhaus-S-Eckernforde-DEU-2-1-1536x1025.webp 1536w, https:\/\/sumesgutner.de\/wp-content\/uploads\/2025\/02\/Sumesgutner-Wohnhaus-S-Eckernforde-DEU-2-1.webp 2000w","media_details":{"width":2000,"height":1334,"sizes":{"medium":{"file":"Sumesgutner-Wohnhaus-S-Eckernforde-DEU-2-1-300x200.webp","width":300,"height":200,"mime-type":"image\/webp","filesize":3832,"source_url":"https:\/\/sumesgutner.de\/wp-content\/uploads\/2025\/02\/Sumesgutner-Wohnhaus-S-Eckernforde-DEU-2-1-300x200.webp"},"large":{"file":"Sumesgutner-Wohnhaus-S-Eckernforde-DEU-2-1-1024x683.webp","width":1024,"height":683,"mime-type":"image\/webp","filesize":18188,"source_url":"https:\/\/sumesgutner.de\/wp-content\/uploads\/2025\/02\/Sumesgutner-Wohnhaus-S-Eckernforde-DEU-2-1-1024x683.webp"},"thumbnail":{"file":"Sumesgutner-Wohnhaus-S-Eckernforde-DEU-2-1-150x150.webp","width":150,"height":150,"mime-type":"image\/webp","filesize":2734,"source_url":"https:\/\/sumesgutner.de\/wp-content\/uploads\/2025\/02\/Sumesgutner-Wohnhaus-S-Eckernforde-DEU-2-1-150x150.webp"},"medium_large":{"file":"Sumesgutner-Wohnhaus-S-Eckernforde-DEU-2-1-768x512.webp","width":768,"height":512,"mime-type":"image\/webp","filesize":12082,"source_url":"https:\/\/sumesgutner.de\/wp-content\/uploads\/2025\/02\/Sumesgutner-Wohnhaus-S-Eckernforde-DEU-2-1-768x512.webp"},"1536x1536":{"file":"Sumesgutner-Wohnhaus-S-Eckernforde-DEU-2-1-1536x1025.webp","width":1536,"height":1025,"mime-type":"image\/webp","filesize":31752,"source_url":"https:\/\/sumesgutner.de\/wp-content\/uploads\/2025\/02\/Sumesgutner-Wohnhaus-S-Eckernforde-DEU-2-1-1536x1025.webp"}}},"alt_text":"","url":"","target":""},{"id":4493,"title":"Sumesgutner Wohnhaus S Eckernf\u00f6rde (DEU) (1)","caption":"","full_image_url":"https:\/\/sumesgutner.de\/wp-content\/uploads\/2025\/02\/Sumesgutner-Wohnhaus-S-Eckernforde-DEU-1-1.webp","thumbnail_image_url":"https:\/\/sumesgutner.de\/wp-content\/uploads\/2025\/02\/Sumesgutner-Wohnhaus-S-Eckernforde-DEU-1-1-150x150.webp","large_srcset":"https:\/\/sumesgutner.de\/wp-content\/uploads\/2025\/02\/Sumesgutner-Wohnhaus-S-Eckernforde-DEU-1-1-1024x683.webp 1024w, https:\/\/sumesgutner.de\/wp-content\/uploads\/2025\/02\/Sumesgutner-Wohnhaus-S-Eckernforde-DEU-1-1-300x200.webp 300w, https:\/\/sumesgutner.de\/wp-content\/uploads\/2025\/02\/Sumesgutner-Wohnhaus-S-Eckernforde-DEU-1-1-768x512.webp 768w, https:\/\/sumesgutner.de\/wp-content\/uploads\/2025\/02\/Sumesgutner-Wohnhaus-S-Eckernforde-DEU-1-1-1536x1025.webp 1536w, https:\/\/sumesgutner.de\/wp-content\/uploads\/2025\/02\/Sumesgutner-Wohnhaus-S-Eckernforde-DEU-1-1.webp 2000w","medium_srcset":"https:\/\/sumesgutner.de\/wp-content\/uploads\/2025\/02\/Sumesgutner-Wohnhaus-S-Eckernforde-DEU-1-1-300x200.webp 300w, https:\/\/sumesgutner.de\/wp-content\/uploads\/2025\/02\/Sumesgutner-Wohnhaus-S-Eckernforde-DEU-1-1-1024x683.webp 1024w, https:\/\/sumesgutner.de\/wp-content\/uploads\/2025\/02\/Sumesgutner-Wohnhaus-S-Eckernforde-DEU-1-1-768x512.webp 768w, https:\/\/sumesgutner.de\/wp-content\/uploads\/2025\/02\/Sumesgutner-Wohnhaus-S-Eckernforde-DEU-1-1-1536x1025.webp 1536w, https:\/\/sumesgutner.de\/wp-content\/uploads\/2025\/02\/Sumesgutner-Wohnhaus-S-Eckernforde-DEU-1-1.webp 2000w","media_details":{"width":2000,"height":1334,"sizes":{"medium":{"file":"Sumesgutner-Wohnhaus-S-Eckernforde-DEU-1-1-300x200.webp","width":300,"height":200,"mime-type":"image\/webp","filesize":5532,"source_url":"https:\/\/sumesgutner.de\/wp-content\/uploads\/2025\/02\/Sumesgutner-Wohnhaus-S-Eckernforde-DEU-1-1-300x200.webp"},"large":{"file":"Sumesgutner-Wohnhaus-S-Eckernforde-DEU-1-1-1024x683.webp","width":1024,"height":683,"mime-type":"image\/webp","filesize":33338,"source_url":"https:\/\/sumesgutner.de\/wp-content\/uploads\/2025\/02\/Sumesgutner-Wohnhaus-S-Eckernforde-DEU-1-1-1024x683.webp"},"thumbnail":{"file":"Sumesgutner-Wohnhaus-S-Eckernforde-DEU-1-1-150x150.webp","width":150,"height":150,"mime-type":"image\/webp","filesize":3578,"source_url":"https:\/\/sumesgutner.de\/wp-content\/uploads\/2025\/02\/Sumesgutner-Wohnhaus-S-Eckernforde-DEU-1-1-150x150.webp"},"medium_large":{"file":"Sumesgutner-Wohnhaus-S-Eckernforde-DEU-1-1-768x512.webp","width":768,"height":512,"mime-type":"image\/webp","filesize":21458,"source_url":"https:\/\/sumesgutner.de\/wp-content\/uploads\/2025\/02\/Sumesgutner-Wohnhaus-S-Eckernforde-DEU-1-1-768x512.webp"},"1536x1536":{"file":"Sumesgutner-Wohnhaus-S-Eckernforde-DEU-1-1-1536x1025.webp","width":1536,"height":1025,"mime-type":"image\/webp","filesize":59142,"source_url":"https:\/\/sumesgutner.de\/wp-content\/uploads\/2025\/02\/Sumesgutner-Wohnhaus-S-Eckernforde-DEU-1-1-1536x1025.webp"}}},"alt_text":"","url":"","target":""},{"id":3821,"title":"Sumesgutner Wohnhaus S Eckernf\u00f6rde (DEU) (2)","caption":"","full_image_url":"https:\/\/sumesgutner.de\/wp-content\/uploads\/2025\/02\/Sumesgutner-Wohnhaus-S-Eckernforde-DEU-2.webp","thumbnail_image_url":"https:\/\/sumesgutner.de\/wp-content\/uploads\/2025\/02\/Sumesgutner-Wohnhaus-S-Eckernforde-DEU-2-150x150.webp","large_srcset":"https:\/\/sumesgutner.de\/wp-content\/uploads\/2025\/02\/Sumesgutner-Wohnhaus-S-Eckernforde-DEU-2-1024x683.webp 1024w, https:\/\/sumesgutner.de\/wp-content\/uploads\/2025\/02\/Sumesgutner-Wohnhaus-S-Eckernforde-DEU-2-300x200.webp 300w, https:\/\/sumesgutner.de\/wp-content\/uploads\/2025\/02\/Sumesgutner-Wohnhaus-S-Eckernforde-DEU-2-768x512.webp 768w, https:\/\/sumesgutner.de\/wp-content\/uploads\/2025\/02\/Sumesgutner-Wohnhaus-S-Eckernforde-DEU-2-1536x1025.webp 1536w, https:\/\/sumesgutner.de\/wp-content\/uploads\/2025\/02\/Sumesgutner-Wohnhaus-S-Eckernforde-DEU-2.webp 2000w","medium_srcset":"https:\/\/sumesgutner.de\/wp-content\/uploads\/2025\/02\/Sumesgutner-Wohnhaus-S-Eckernforde-DEU-2-300x200.webp 300w, https:\/\/sumesgutner.de\/wp-content\/uploads\/2025\/02\/Sumesgutner-Wohnhaus-S-Eckernforde-DEU-2-1024x683.webp 1024w, https:\/\/sumesgutner.de\/wp-content\/uploads\/2025\/02\/Sumesgutner-Wohnhaus-S-Eckernforde-DEU-2-768x512.webp 768w, https:\/\/sumesgutner.de\/wp-content\/uploads\/2025\/02\/Sumesgutner-Wohnhaus-S-Eckernforde-DEU-2-1536x1025.webp 1536w, https:\/\/sumesgutner.de\/wp-content\/uploads\/2025\/02\/Sumesgutner-Wohnhaus-S-Eckernforde-DEU-2.webp 2000w","media_details":{"width":2000,"height":1334,"sizes":{"medium":{"file":"Sumesgutner-Wohnhaus-S-Eckernforde-DEU-2-300x200.webp","width":300,"height":200,"mime-type":"image\/webp","filesize":10274,"source_url":"https:\/\/sumesgutner.de\/wp-content\/uploads\/2025\/02\/Sumesgutner-Wohnhaus-S-Eckernforde-DEU-2-300x200.webp"},"large":{"file":"Sumesgutner-Wohnhaus-S-Eckernforde-DEU-2-1024x683.webp","width":1024,"height":683,"mime-type":"image\/webp","filesize":66862,"source_url":"https:\/\/sumesgutner.de\/wp-content\/uploads\/2025\/02\/Sumesgutner-Wohnhaus-S-Eckernforde-DEU-2-1024x683.webp"},"thumbnail":{"file":"Sumesgutner-Wohnhaus-S-Eckernforde-DEU-2-150x150.webp","width":150,"height":150,"mime-type":"image\/webp","filesize":4616,"source_url":"https:\/\/sumesgutner.de\/wp-content\/uploads\/2025\/02\/Sumesgutner-Wohnhaus-S-Eckernforde-DEU-2-150x150.webp"},"medium_large":{"file":"Sumesgutner-Wohnhaus-S-Eckernforde-DEU-2-768x512.webp","width":768,"height":512,"mime-type":"image\/webp","filesize":43374,"source_url":"https:\/\/sumesgutner.de\/wp-content\/uploads\/2025\/02\/Sumesgutner-Wohnhaus-S-Eckernforde-DEU-2-768x512.webp"},"1536x1536":{"file":"Sumesgutner-Wohnhaus-S-Eckernforde-DEU-2-1536x1025.webp","width":1536,"height":1025,"mime-type":"image\/webp","filesize":127970,"source_url":"https:\/\/sumesgutner.de\/wp-content\/uploads\/2025\/02\/Sumesgutner-Wohnhaus-S-Eckernforde-DEU-2-1536x1025.webp"}}},"alt_text":"","url":"","target":""},{"id":3820,"title":"Sumesgutner Wohnhaus S Eckernf\u00f6rde (DEU) (1)","caption":"","full_image_url":"https:\/\/sumesgutner.de\/wp-content\/uploads\/2025\/02\/Sumesgutner-Wohnhaus-S-Eckernforde-DEU-1.webp","thumbnail_image_url":"https:\/\/sumesgutner.de\/wp-content\/uploads\/2025\/02\/Sumesgutner-Wohnhaus-S-Eckernforde-DEU-1-150x150.webp","large_srcset":"https:\/\/sumesgutner.de\/wp-content\/uploads\/2025\/02\/Sumesgutner-Wohnhaus-S-Eckernforde-DEU-1-1024x683.webp 1024w, https:\/\/sumesgutner.de\/wp-content\/uploads\/2025\/02\/Sumesgutner-Wohnhaus-S-Eckernforde-DEU-1-300x200.webp 300w, https:\/\/sumesgutner.de\/wp-content\/uploads\/2025\/02\/Sumesgutner-Wohnhaus-S-Eckernforde-DEU-1-768x512.webp 768w, https:\/\/sumesgutner.de\/wp-content\/uploads\/2025\/02\/Sumesgutner-Wohnhaus-S-Eckernforde-DEU-1-1536x1025.webp 1536w, https:\/\/sumesgutner.de\/wp-content\/uploads\/2025\/02\/Sumesgutner-Wohnhaus-S-Eckernforde-DEU-1.webp 2000w","medium_srcset":"https:\/\/sumesgutner.de\/wp-content\/uploads\/2025\/02\/Sumesgutner-Wohnhaus-S-Eckernforde-DEU-1-300x200.webp 300w, https:\/\/sumesgutner.de\/wp-content\/uploads\/2025\/02\/Sumesgutner-Wohnhaus-S-Eckernforde-DEU-1-1024x683.webp 1024w, https:\/\/sumesgutner.de\/wp-content\/uploads\/2025\/02\/Sumesgutner-Wohnhaus-S-Eckernforde-DEU-1-768x512.webp 768w, https:\/\/sumesgutner.de\/wp-content\/uploads\/2025\/02\/Sumesgutner-Wohnhaus-S-Eckernforde-DEU-1-1536x1025.webp 1536w, https:\/\/sumesgutner.de\/wp-content\/uploads\/2025\/02\/Sumesgutner-Wohnhaus-S-Eckernforde-DEU-1.webp 2000w","media_details":{"width":2000,"height":1334,"sizes":{"medium":{"file":"Sumesgutner-Wohnhaus-S-Eckernforde-DEU-1-300x200.webp","width":300,"height":200,"mime-type":"image\/webp","filesize":11416,"source_url":"https:\/\/sumesgutner.de\/wp-content\/uploads\/2025\/02\/Sumesgutner-Wohnhaus-S-Eckernforde-DEU-1-300x200.webp"},"large":{"file":"Sumesgutner-Wohnhaus-S-Eckernforde-DEU-1-1024x683.webp","width":1024,"height":683,"mime-type":"image\/webp","filesize":91444,"source_url":"https:\/\/sumesgutner.de\/wp-content\/uploads\/2025\/02\/Sumesgutner-Wohnhaus-S-Eckernforde-DEU-1-1024x683.webp"},"thumbnail":{"file":"Sumesgutner-Wohnhaus-S-Eckernforde-DEU-1-150x150.webp","width":150,"height":150,"mime-type":"image\/webp","filesize":5468,"source_url":"https:\/\/sumesgutner.de\/wp-content\/uploads\/2025\/02\/Sumesgutner-Wohnhaus-S-Eckernforde-DEU-1-150x150.webp"},"medium_large":{"file":"Sumesgutner-Wohnhaus-S-Eckernforde-DEU-1-768x512.webp","width":768,"height":512,"mime-type":"image\/webp","filesize":55328,"source_url":"https:\/\/sumesgutner.de\/wp-content\/uploads\/2025\/02\/Sumesgutner-Wohnhaus-S-Eckernforde-DEU-1-768x512.webp"},"1536x1536":{"file":"Sumesgutner-Wohnhaus-S-Eckernforde-DEU-1-1536x1025.webp","width":1536,"height":1025,"mime-type":"image\/webp","filesize":184030,"source_url":"https:\/\/sumesgutner.de\/wp-content\/uploads\/2025\/02\/Sumesgutner-Wohnhaus-S-Eckernforde-DEU-1-1536x1025.webp"}}},"alt_text":"","url":"","target":""}]]}},"yoast_head":"<!-- This site is optimized with the Yoast SEO plugin v25.3.1 - https:\/\/yoast.com\/wordpress\/plugins\/seo\/ -->\n<title>Wohnhaus S | Eckernf\u00f6rde (DEU) - Architekturfotografie<\/title>\n<meta name=\"robots\" content=\"index, follow, max-snippet:-1, max-image-preview:large, max-video-preview:-1\" \/>\n<link rel=\"canonical\" href=\"https:\/\/sumesgutner.de\/en\/projekt\/wohnhaus-s-eckernforde-deu\/\" \/>\n<meta property=\"og:locale\" content=\"en_US\" \/>\n<meta property=\"og:type\" content=\"article\" \/>\n<meta property=\"og:title\" content=\"Wohnhaus S | Eckernf\u00f6rde (DEU) - Architekturfotografie\" \/>\n<meta property=\"og:description\" content=\"For a sloped plot with a view over the Baltic Sea, the architects designed an elongated building form, defined by floor-to-ceiling windows made of light Kolumba brick and fully glazed surfaces. The open ground floor and the rooms on the upper floor are connected by a bright staircase. The natural stone flooring on the ground [&hellip;]\" \/>\n<meta property=\"og:url\" content=\"https:\/\/sumesgutner.de\/en\/projekt\/wohnhaus-s-eckernforde-deu\/\" \/>\n<meta property=\"og:site_name\" content=\"Architekturfotografie\" \/>\n<meta property=\"article:modified_time\" content=\"2025-07-23T09:28:12+00:00\" \/>\n<meta property=\"og:image\" content=\"https:\/\/sumesgutner.de\/wp-content\/uploads\/2025\/02\/Sumesgutner-Wohnhaus-S-Eckernforde-DEU-4.webp\" \/>\n\t<meta property=\"og:image:width\" content=\"2000\" \/>\n\t<meta property=\"og:image:height\" content=\"1334\" \/>\n\t<meta property=\"og:image:type\" content=\"image\/webp\" \/>\n<meta name=\"twitter:card\" content=\"summary_large_image\" \/>\n<script type=\"application\/ld+json\" class=\"yoast-schema-graph\">{\"@context\":\"https:\/\/schema.org\",\"@graph\":[{\"@type\":\"WebPage\",\"@id\":\"https:\/\/sumesgutner.de\/en\/projekt\/wohnhaus-s-eckernforde-deu\/\",\"url\":\"https:\/\/sumesgutner.de\/en\/projekt\/wohnhaus-s-eckernforde-deu\/\",\"name\":\"Wohnhaus S | Eckernf\u00f6rde (DEU) - Architekturfotografie\",\"isPartOf\":{\"@id\":\"https:\/\/sumesgutner.de\/#website\"},\"primaryImageOfPage\":{\"@id\":\"https:\/\/sumesgutner.de\/en\/projekt\/wohnhaus-s-eckernforde-deu\/#primaryimage\"},\"image\":{\"@id\":\"https:\/\/sumesgutner.de\/en\/projekt\/wohnhaus-s-eckernforde-deu\/#primaryimage\"},\"thumbnailUrl\":\"https:\/\/sumesgutner.de\/wp-content\/uploads\/2025\/02\/Sumesgutner-Wohnhaus-S-Eckernforde-DEU-4.webp\",\"datePublished\":\"0150-01-07T10:01:31+00:00\",\"dateModified\":\"2025-07-23T09:28:12+00:00\",\"breadcrumb\":{\"@id\":\"https:\/\/sumesgutner.de\/en\/projekt\/wohnhaus-s-eckernforde-deu\/#breadcrumb\"},\"inLanguage\":\"en-US\",\"potentialAction\":[{\"@type\":\"ReadAction\",\"target\":[\"https:\/\/sumesgutner.de\/en\/projekt\/wohnhaus-s-eckernforde-deu\/\"]}]},{\"@type\":\"ImageObject\",\"inLanguage\":\"en-US\",\"@id\":\"https:\/\/sumesgutner.de\/en\/projekt\/wohnhaus-s-eckernforde-deu\/#primaryimage\",\"url\":\"https:\/\/sumesgutner.de\/wp-content\/uploads\/2025\/02\/Sumesgutner-Wohnhaus-S-Eckernforde-DEU-4.webp\",\"contentUrl\":\"https:\/\/sumesgutner.de\/wp-content\/uploads\/2025\/02\/Sumesgutner-Wohnhaus-S-Eckernforde-DEU-4.webp\",\"width\":2000,\"height\":1334,\"caption\":\"Villa Terrasse,\"},{\"@type\":\"BreadcrumbList\",\"@id\":\"https:\/\/sumesgutner.de\/en\/projekt\/wohnhaus-s-eckernforde-deu\/#breadcrumb\",\"itemListElement\":[{\"@type\":\"ListItem\",\"position\":1,\"name\":\"Startseite\",\"item\":\"https:\/\/sumesgutner.de\/en\/\"},{\"@type\":\"ListItem\",\"position\":2,\"name\":\"Projekte\",\"item\":\"https:\/\/sumesgutner.de\/projekt\/\"},{\"@type\":\"ListItem\",\"position\":3,\"name\":\"Wohnhaus S | Eckernf\u00f6rde (DEU)\"}]},{\"@type\":\"WebSite\",\"@id\":\"https:\/\/sumesgutner.de\/#website\",\"url\":\"https:\/\/sumesgutner.de\/\",\"name\":\"Architekturfotografie\",\"description\":\"Daniel Sumesgutner\",\"publisher\":{\"@id\":\"https:\/\/sumesgutner.de\/#\/schema\/person\/1481b1612d46d5c079d62d2d2af96649\"},\"potentialAction\":[{\"@type\":\"SearchAction\",\"target\":{\"@type\":\"EntryPoint\",\"urlTemplate\":\"https:\/\/sumesgutner.de\/?s={search_term_string}\"},\"query-input\":{\"@type\":\"PropertyValueSpecification\",\"valueRequired\":true,\"valueName\":\"search_term_string\"}}],\"inLanguage\":\"en-US\"},{\"@type\":[\"Person\",\"Organization\"],\"@id\":\"https:\/\/sumesgutner.de\/#\/schema\/person\/1481b1612d46d5c079d62d2d2af96649\",\"name\":\"Daniel Sumesgutner\",\"image\":{\"@type\":\"ImageObject\",\"inLanguage\":\"en-US\",\"@id\":\"https:\/\/sumesgutner.de\/#\/schema\/person\/image\/\",\"url\":\"https:\/\/sumesgutner.de\/wp-content\/uploads\/2025\/03\/cropped-2025_11_2-100-px-72-dpi.jpg\",\"contentUrl\":\"https:\/\/sumesgutner.de\/wp-content\/uploads\/2025\/03\/cropped-2025_11_2-100-px-72-dpi.jpg\",\"width\":512,\"height\":512,\"caption\":\"Daniel Sumesgutner\"},\"logo\":{\"@id\":\"https:\/\/sumesgutner.de\/#\/schema\/person\/image\/\"}}]}<\/script>\n<!-- \/ Yoast SEO plugin. -->","yoast_head_json":{"title":"Wohnhaus S | Eckernf\u00f6rde (DEU) - Architekturfotografie","robots":{"index":"index","follow":"follow","max-snippet":"max-snippet:-1","max-image-preview":"max-image-preview:large","max-video-preview":"max-video-preview:-1"},"canonical":"https:\/\/sumesgutner.de\/en\/projekt\/wohnhaus-s-eckernforde-deu\/","og_locale":"en_US","og_type":"article","og_title":"Wohnhaus S | Eckernf\u00f6rde (DEU) - Architekturfotografie","og_description":"For a sloped plot with a view over the Baltic Sea, the architects designed an elongated building form, defined by floor-to-ceiling windows made of light Kolumba brick and fully glazed surfaces. The open ground floor and the rooms on the upper floor are connected by a bright staircase. The natural stone flooring on the ground [&hellip;]","og_url":"https:\/\/sumesgutner.de\/en\/projekt\/wohnhaus-s-eckernforde-deu\/","og_site_name":"Architekturfotografie","article_modified_time":"2025-07-23T09:28:12+00:00","og_image":[{"width":2000,"height":1334,"url":"https:\/\/sumesgutner.de\/wp-content\/uploads\/2025\/02\/Sumesgutner-Wohnhaus-S-Eckernforde-DEU-4.webp","type":"image\/webp"}],"twitter_card":"summary_large_image","schema":{"@context":"https:\/\/schema.org","@graph":[{"@type":"WebPage","@id":"https:\/\/sumesgutner.de\/en\/projekt\/wohnhaus-s-eckernforde-deu\/","url":"https:\/\/sumesgutner.de\/en\/projekt\/wohnhaus-s-eckernforde-deu\/","name":"Wohnhaus S | Eckernf\u00f6rde (DEU) - Architekturfotografie","isPartOf":{"@id":"https:\/\/sumesgutner.de\/#website"},"primaryImageOfPage":{"@id":"https:\/\/sumesgutner.de\/en\/projekt\/wohnhaus-s-eckernforde-deu\/#primaryimage"},"image":{"@id":"https:\/\/sumesgutner.de\/en\/projekt\/wohnhaus-s-eckernforde-deu\/#primaryimage"},"thumbnailUrl":"https:\/\/sumesgutner.de\/wp-content\/uploads\/2025\/02\/Sumesgutner-Wohnhaus-S-Eckernforde-DEU-4.webp","datePublished":"0150-01-07T10:01:31+00:00","dateModified":"2025-07-23T09:28:12+00:00","breadcrumb":{"@id":"https:\/\/sumesgutner.de\/en\/projekt\/wohnhaus-s-eckernforde-deu\/#breadcrumb"},"inLanguage":"en-US","potentialAction":[{"@type":"ReadAction","target":["https:\/\/sumesgutner.de\/en\/projekt\/wohnhaus-s-eckernforde-deu\/"]}]},{"@type":"ImageObject","inLanguage":"en-US","@id":"https:\/\/sumesgutner.de\/en\/projekt\/wohnhaus-s-eckernforde-deu\/#primaryimage","url":"https:\/\/sumesgutner.de\/wp-content\/uploads\/2025\/02\/Sumesgutner-Wohnhaus-S-Eckernforde-DEU-4.webp","contentUrl":"https:\/\/sumesgutner.de\/wp-content\/uploads\/2025\/02\/Sumesgutner-Wohnhaus-S-Eckernforde-DEU-4.webp","width":2000,"height":1334,"caption":"Villa Terrasse,"},{"@type":"BreadcrumbList","@id":"https:\/\/sumesgutner.de\/en\/projekt\/wohnhaus-s-eckernforde-deu\/#breadcrumb","itemListElement":[{"@type":"ListItem","position":1,"name":"Startseite","item":"https:\/\/sumesgutner.de\/en\/"},{"@type":"ListItem","position":2,"name":"Projekte","item":"https:\/\/sumesgutner.de\/projekt\/"},{"@type":"ListItem","position":3,"name":"Wohnhaus S | Eckernf\u00f6rde (DEU)"}]},{"@type":"WebSite","@id":"https:\/\/sumesgutner.de\/#website","url":"https:\/\/sumesgutner.de\/","name":"Architekturfotografie","description":"Daniel Sumesgutner","publisher":{"@id":"https:\/\/sumesgutner.de\/#\/schema\/person\/1481b1612d46d5c079d62d2d2af96649"},"potentialAction":[{"@type":"SearchAction","target":{"@type":"EntryPoint","urlTemplate":"https:\/\/sumesgutner.de\/?s={search_term_string}"},"query-input":{"@type":"PropertyValueSpecification","valueRequired":true,"valueName":"search_term_string"}}],"inLanguage":"en-US"},{"@type":["Person","Organization"],"@id":"https:\/\/sumesgutner.de\/#\/schema\/person\/1481b1612d46d5c079d62d2d2af96649","name":"Daniel Sumesgutner","image":{"@type":"ImageObject","inLanguage":"en-US","@id":"https:\/\/sumesgutner.de\/#\/schema\/person\/image\/","url":"https:\/\/sumesgutner.de\/wp-content\/uploads\/2025\/03\/cropped-2025_11_2-100-px-72-dpi.jpg","contentUrl":"https:\/\/sumesgutner.de\/wp-content\/uploads\/2025\/03\/cropped-2025_11_2-100-px-72-dpi.jpg","width":512,"height":512,"caption":"Daniel Sumesgutner"},"logo":{"@id":"https:\/\/sumesgutner.de\/#\/schema\/person\/image\/"}}]}},"_links":{"self":[{"href":"https:\/\/sumesgutner.de\/en\/wp-json\/wp\/v2\/projekt\/4710","targetHints":{"allow":["GET"]}}],"collection":[{"href":"https:\/\/sumesgutner.de\/en\/wp-json\/wp\/v2\/projekt"}],"about":[{"href":"https:\/\/sumesgutner.de\/en\/wp-json\/wp\/v2\/types\/projekt"}],"version-history":[{"count":1,"href":"https:\/\/sumesgutner.de\/en\/wp-json\/wp\/v2\/projekt\/4710\/revisions"}],"predecessor-version":[{"id":4712,"href":"https:\/\/sumesgutner.de\/en\/wp-json\/wp\/v2\/projekt\/4710\/revisions\/4712"}],"wp:featuredmedia":[{"embeddable":true,"href":"https:\/\/sumesgutner.de\/en\/wp-json\/wp\/v2\/media\/3823"}],"wp:attachment":[{"href":"https:\/\/sumesgutner.de\/en\/wp-json\/wp\/v2\/media?parent=4710"}],"wp:term":[{"taxonomy":"kategorie","embeddable":true,"href":"https:\/\/sumesgutner.de\/en\/wp-json\/wp\/v2\/kategorie?post=4710"}],"curies":[{"name":"wp","href":"https:\/\/api.w.org\/{rel}","templated":true}]}}