{"id":4648,"date":"2025-03-23T07:49:26","date_gmt":"2025-03-23T06:49:26","guid":{"rendered":"https:\/\/sumesgutner.de\/projekt\/le-befane-rimini-ita\/"},"modified":"2026-04-25T12:00:20","modified_gmt":"2026-04-25T10:00:20","slug":"le-befane-rimini-ita","status":"publish","type":"projekt","link":"https:\/\/sumesgutner.de\/en\/projekt\/le-befane-rimini-ita\/","title":{"rendered":"Le Befane | Rimini (ITA)"},"content":{"rendered":"\n<p>Es h\u00f6rt sich vielleicht komisch an, aber ich liebe es an Orten zu arbeiten wo andere Urlaub machen! Der Eigent\u00fcmer ben\u00f6tigte nach diversen Umbauma\u00dfnahmen wieder einmal aktuelle Fotoaufnahmen, die ich nat\u00fcrlich liefern konnte. Auch in den gro\u00dfen Einkaufszentren gibt es immer wieder spannende Details zu entdecken, die ich neben den gro\u00dfen \u00dcbersichten gerne in meine Arbeit einflie\u00dfen lasse.<\/p>\n\n<p><\/p>\n","protected":false},"excerpt":{"rendered":"<p>Es h\u00f6rt sich vielleicht komisch an, aber ich liebe es an Orten zu arbeiten wo andere Urlaub machen! Der Eigent\u00fcmer ben\u00f6tigte nach diversen Umbauma\u00dfnahmen wieder einmal aktuelle Fotoaufnahmen, die ich nat\u00fcrlich liefern konnte. Auch in den gro\u00dfen Einkaufszentren gibt es immer wieder spannende Details zu entdecken, die ich neben den gro\u00dfen \u00dcbersichten gerne in meine [&hellip;]<\/p>\n","protected":false},"featured_media":3639,"menu_order":0,"template":"","format":"standard","meta":{"_acf_changed":false,"footnotes":""},"kategorie":[45],"class_list":["post-4648","projekt","type-projekt","status-publish","format-standard","has-post-thumbnail","hentry","kategorie-retail-en"],"acf":{"photo_gallery":{"slider_images":[[{"id":3638,"title":"Sumesgutner Le Befane Rimini (ITA) (8)","caption":"","full_image_url":"https:\/\/sumesgutner.de\/wp-content\/uploads\/2025\/02\/Sumesgutner-Le-Befane-Rimini-ITA-8.webp","thumbnail_image_url":"https:\/\/sumesgutner.de\/wp-content\/uploads\/2025\/02\/Sumesgutner-Le-Befane-Rimini-ITA-8-150x150.webp","large_srcset":"https:\/\/sumesgutner.de\/wp-content\/uploads\/2025\/02\/Sumesgutner-Le-Befane-Rimini-ITA-8-1024x683.webp 1024w, https:\/\/sumesgutner.de\/wp-content\/uploads\/2025\/02\/Sumesgutner-Le-Befane-Rimini-ITA-8-300x200.webp 300w, https:\/\/sumesgutner.de\/wp-content\/uploads\/2025\/02\/Sumesgutner-Le-Befane-Rimini-ITA-8-768x512.webp 768w, https:\/\/sumesgutner.de\/wp-content\/uploads\/2025\/02\/Sumesgutner-Le-Befane-Rimini-ITA-8-1536x1025.webp 1536w, https:\/\/sumesgutner.de\/wp-content\/uploads\/2025\/02\/Sumesgutner-Le-Befane-Rimini-ITA-8.webp 2000w","medium_srcset":"https:\/\/sumesgutner.de\/wp-content\/uploads\/2025\/02\/Sumesgutner-Le-Befane-Rimini-ITA-8-300x200.webp 300w, https:\/\/sumesgutner.de\/wp-content\/uploads\/2025\/02\/Sumesgutner-Le-Befane-Rimini-ITA-8-1024x683.webp 1024w, https:\/\/sumesgutner.de\/wp-content\/uploads\/2025\/02\/Sumesgutner-Le-Befane-Rimini-ITA-8-768x512.webp 768w, https:\/\/sumesgutner.de\/wp-content\/uploads\/2025\/02\/Sumesgutner-Le-Befane-Rimini-ITA-8-1536x1025.webp 1536w, https:\/\/sumesgutner.de\/wp-content\/uploads\/2025\/02\/Sumesgutner-Le-Befane-Rimini-ITA-8.webp 2000w","media_details":{"width":2000,"height":1334,"sizes":{"medium":{"file":"Sumesgutner-Le-Befane-Rimini-ITA-8-300x200.webp","width":300,"height":200,"mime-type":"image\/webp","filesize":6140,"source_url":"https:\/\/sumesgutner.de\/wp-content\/uploads\/2025\/02\/Sumesgutner-Le-Befane-Rimini-ITA-8-300x200.webp"},"large":{"file":"Sumesgutner-Le-Befane-Rimini-ITA-8-1024x683.webp","width":1024,"height":683,"mime-type":"image\/webp","filesize":44684,"source_url":"https:\/\/sumesgutner.de\/wp-content\/uploads\/2025\/02\/Sumesgutner-Le-Befane-Rimini-ITA-8-1024x683.webp"},"thumbnail":{"file":"Sumesgutner-Le-Befane-Rimini-ITA-8-150x150.webp","width":150,"height":150,"mime-type":"image\/webp","filesize":2948,"source_url":"https:\/\/sumesgutner.de\/wp-content\/uploads\/2025\/02\/Sumesgutner-Le-Befane-Rimini-ITA-8-150x150.webp"},"medium_large":{"file":"Sumesgutner-Le-Befane-Rimini-ITA-8-768x512.webp","width":768,"height":512,"mime-type":"image\/webp","filesize":27056,"source_url":"https:\/\/sumesgutner.de\/wp-content\/uploads\/2025\/02\/Sumesgutner-Le-Befane-Rimini-ITA-8-768x512.webp"},"1536x1536":{"file":"Sumesgutner-Le-Befane-Rimini-ITA-8-1536x1025.webp","width":1536,"height":1025,"mime-type":"image\/webp","filesize":85874,"source_url":"https:\/\/sumesgutner.de\/wp-content\/uploads\/2025\/02\/Sumesgutner-Le-Befane-Rimini-ITA-8-1536x1025.webp"}}},"alt_text":"","url":"","target":""},{"id":4375,"title":"Sumesgutner Le Befane Rimini (ITA) (3)","caption":"","full_image_url":"https:\/\/sumesgutner.de\/wp-content\/uploads\/2025\/02\/Sumesgutner-Le-Befane-Rimini-ITA-3-1.webp","thumbnail_image_url":"https:\/\/sumesgutner.de\/wp-content\/uploads\/2025\/02\/Sumesgutner-Le-Befane-Rimini-ITA-3-1-150x150.webp","large_srcset":"https:\/\/sumesgutner.de\/wp-content\/uploads\/2025\/02\/Sumesgutner-Le-Befane-Rimini-ITA-3-1-1024x683.webp 1024w, https:\/\/sumesgutner.de\/wp-content\/uploads\/2025\/02\/Sumesgutner-Le-Befane-Rimini-ITA-3-1-300x200.webp 300w, https:\/\/sumesgutner.de\/wp-content\/uploads\/2025\/02\/Sumesgutner-Le-Befane-Rimini-ITA-3-1-768x512.webp 768w, https:\/\/sumesgutner.de\/wp-content\/uploads\/2025\/02\/Sumesgutner-Le-Befane-Rimini-ITA-3-1-1536x1025.webp 1536w, https:\/\/sumesgutner.de\/wp-content\/uploads\/2025\/02\/Sumesgutner-Le-Befane-Rimini-ITA-3-1.webp 2000w","medium_srcset":"https:\/\/sumesgutner.de\/wp-content\/uploads\/2025\/02\/Sumesgutner-Le-Befane-Rimini-ITA-3-1-300x200.webp 300w, https:\/\/sumesgutner.de\/wp-content\/uploads\/2025\/02\/Sumesgutner-Le-Befane-Rimini-ITA-3-1-1024x683.webp 1024w, https:\/\/sumesgutner.de\/wp-content\/uploads\/2025\/02\/Sumesgutner-Le-Befane-Rimini-ITA-3-1-768x512.webp 768w, https:\/\/sumesgutner.de\/wp-content\/uploads\/2025\/02\/Sumesgutner-Le-Befane-Rimini-ITA-3-1-1536x1025.webp 1536w, https:\/\/sumesgutner.de\/wp-content\/uploads\/2025\/02\/Sumesgutner-Le-Befane-Rimini-ITA-3-1.webp 2000w","media_details":{"width":2000,"height":1334,"sizes":{"medium":{"file":"Sumesgutner-Le-Befane-Rimini-ITA-3-1-300x200.webp","width":300,"height":200,"mime-type":"image\/webp","filesize":5772,"source_url":"https:\/\/sumesgutner.de\/wp-content\/uploads\/2025\/02\/Sumesgutner-Le-Befane-Rimini-ITA-3-1-300x200.webp"},"large":{"file":"Sumesgutner-Le-Befane-Rimini-ITA-3-1-1024x683.webp","width":1024,"height":683,"mime-type":"image\/webp","filesize":31152,"source_url":"https:\/\/sumesgutner.de\/wp-content\/uploads\/2025\/02\/Sumesgutner-Le-Befane-Rimini-ITA-3-1-1024x683.webp"},"thumbnail":{"file":"Sumesgutner-Le-Befane-Rimini-ITA-3-1-150x150.webp","width":150,"height":150,"mime-type":"image\/webp","filesize":3782,"source_url":"https:\/\/sumesgutner.de\/wp-content\/uploads\/2025\/02\/Sumesgutner-Le-Befane-Rimini-ITA-3-1-150x150.webp"},"medium_large":{"file":"Sumesgutner-Le-Befane-Rimini-ITA-3-1-768x512.webp","width":768,"height":512,"mime-type":"image\/webp","filesize":19764,"source_url":"https:\/\/sumesgutner.de\/wp-content\/uploads\/2025\/02\/Sumesgutner-Le-Befane-Rimini-ITA-3-1-768x512.webp"},"1536x1536":{"file":"Sumesgutner-Le-Befane-Rimini-ITA-3-1-1536x1025.webp","width":1536,"height":1025,"mime-type":"image\/webp","filesize":55952,"source_url":"https:\/\/sumesgutner.de\/wp-content\/uploads\/2025\/02\/Sumesgutner-Le-Befane-Rimini-ITA-3-1-1536x1025.webp"}}},"alt_text":"Decke rund EKZ","url":"","target":""},{"id":4374,"title":"Sumesgutner Le Befane Rimini (ITA) (2)","caption":"","full_image_url":"https:\/\/sumesgutner.de\/wp-content\/uploads\/2025\/02\/Sumesgutner-Le-Befane-Rimini-ITA-2-1.webp","thumbnail_image_url":"https:\/\/sumesgutner.de\/wp-content\/uploads\/2025\/02\/Sumesgutner-Le-Befane-Rimini-ITA-2-1-150x150.webp","large_srcset":"https:\/\/sumesgutner.de\/wp-content\/uploads\/2025\/02\/Sumesgutner-Le-Befane-Rimini-ITA-2-1-1024x683.webp 1024w, https:\/\/sumesgutner.de\/wp-content\/uploads\/2025\/02\/Sumesgutner-Le-Befane-Rimini-ITA-2-1-300x200.webp 300w, https:\/\/sumesgutner.de\/wp-content\/uploads\/2025\/02\/Sumesgutner-Le-Befane-Rimini-ITA-2-1-768x512.webp 768w, https:\/\/sumesgutner.de\/wp-content\/uploads\/2025\/02\/Sumesgutner-Le-Befane-Rimini-ITA-2-1-1536x1025.webp 1536w, https:\/\/sumesgutner.de\/wp-content\/uploads\/2025\/02\/Sumesgutner-Le-Befane-Rimini-ITA-2-1.webp 2000w","medium_srcset":"https:\/\/sumesgutner.de\/wp-content\/uploads\/2025\/02\/Sumesgutner-Le-Befane-Rimini-ITA-2-1-300x200.webp 300w, https:\/\/sumesgutner.de\/wp-content\/uploads\/2025\/02\/Sumesgutner-Le-Befane-Rimini-ITA-2-1-1024x683.webp 1024w, https:\/\/sumesgutner.de\/wp-content\/uploads\/2025\/02\/Sumesgutner-Le-Befane-Rimini-ITA-2-1-768x512.webp 768w, https:\/\/sumesgutner.de\/wp-content\/uploads\/2025\/02\/Sumesgutner-Le-Befane-Rimini-ITA-2-1-1536x1025.webp 1536w, https:\/\/sumesgutner.de\/wp-content\/uploads\/2025\/02\/Sumesgutner-Le-Befane-Rimini-ITA-2-1.webp 2000w","media_details":{"width":2000,"height":1334,"sizes":{"medium":{"file":"Sumesgutner-Le-Befane-Rimini-ITA-2-1-300x200.webp","width":300,"height":200,"mime-type":"image\/webp","filesize":6370,"source_url":"https:\/\/sumesgutner.de\/wp-content\/uploads\/2025\/02\/Sumesgutner-Le-Befane-Rimini-ITA-2-1-300x200.webp"},"large":{"file":"Sumesgutner-Le-Befane-Rimini-ITA-2-1-1024x683.webp","width":1024,"height":683,"mime-type":"image\/webp","filesize":34940,"source_url":"https:\/\/sumesgutner.de\/wp-content\/uploads\/2025\/02\/Sumesgutner-Le-Befane-Rimini-ITA-2-1-1024x683.webp"},"thumbnail":{"file":"Sumesgutner-Le-Befane-Rimini-ITA-2-1-150x150.webp","width":150,"height":150,"mime-type":"image\/webp","filesize":4162,"source_url":"https:\/\/sumesgutner.de\/wp-content\/uploads\/2025\/02\/Sumesgutner-Le-Befane-Rimini-ITA-2-1-150x150.webp"},"medium_large":{"file":"Sumesgutner-Le-Befane-Rimini-ITA-2-1-768x512.webp","width":768,"height":512,"mime-type":"image\/webp","filesize":22962,"source_url":"https:\/\/sumesgutner.de\/wp-content\/uploads\/2025\/02\/Sumesgutner-Le-Befane-Rimini-ITA-2-1-768x512.webp"},"1536x1536":{"file":"Sumesgutner-Le-Befane-Rimini-ITA-2-1-1536x1025.webp","width":1536,"height":1025,"mime-type":"image\/webp","filesize":61778,"source_url":"https:\/\/sumesgutner.de\/wp-content\/uploads\/2025\/02\/Sumesgutner-Le-Befane-Rimini-ITA-2-1-1536x1025.webp"}}},"alt_text":"Rolltreppe Einkaufszentrum","url":"","target":""},{"id":4373,"title":"Sumesgutner Le Befane Rimini (ITA) (1)","caption":"","full_image_url":"https:\/\/sumesgutner.de\/wp-content\/uploads\/2025\/02\/Sumesgutner-Le-Befane-Rimini-ITA-1-1.webp","thumbnail_image_url":"https:\/\/sumesgutner.de\/wp-content\/uploads\/2025\/02\/Sumesgutner-Le-Befane-Rimini-ITA-1-1-150x150.webp","large_srcset":"https:\/\/sumesgutner.de\/wp-content\/uploads\/2025\/02\/Sumesgutner-Le-Befane-Rimini-ITA-1-1-1024x683.webp 1024w, https:\/\/sumesgutner.de\/wp-content\/uploads\/2025\/02\/Sumesgutner-Le-Befane-Rimini-ITA-1-1-300x200.webp 300w, https:\/\/sumesgutner.de\/wp-content\/uploads\/2025\/02\/Sumesgutner-Le-Befane-Rimini-ITA-1-1-768x512.webp 768w, https:\/\/sumesgutner.de\/wp-content\/uploads\/2025\/02\/Sumesgutner-Le-Befane-Rimini-ITA-1-1-1536x1025.webp 1536w, https:\/\/sumesgutner.de\/wp-content\/uploads\/2025\/02\/Sumesgutner-Le-Befane-Rimini-ITA-1-1.webp 2000w","medium_srcset":"https:\/\/sumesgutner.de\/wp-content\/uploads\/2025\/02\/Sumesgutner-Le-Befane-Rimini-ITA-1-1-300x200.webp 300w, https:\/\/sumesgutner.de\/wp-content\/uploads\/2025\/02\/Sumesgutner-Le-Befane-Rimini-ITA-1-1-1024x683.webp 1024w, https:\/\/sumesgutner.de\/wp-content\/uploads\/2025\/02\/Sumesgutner-Le-Befane-Rimini-ITA-1-1-768x512.webp 768w, https:\/\/sumesgutner.de\/wp-content\/uploads\/2025\/02\/Sumesgutner-Le-Befane-Rimini-ITA-1-1-1536x1025.webp 1536w, https:\/\/sumesgutner.de\/wp-content\/uploads\/2025\/02\/Sumesgutner-Le-Befane-Rimini-ITA-1-1.webp 2000w","media_details":{"width":2000,"height":1334,"sizes":{"medium":{"file":"Sumesgutner-Le-Befane-Rimini-ITA-1-1-300x200.webp","width":300,"height":200,"mime-type":"image\/webp","filesize":6946,"source_url":"https:\/\/sumesgutner.de\/wp-content\/uploads\/2025\/02\/Sumesgutner-Le-Befane-Rimini-ITA-1-1-300x200.webp"},"large":{"file":"Sumesgutner-Le-Befane-Rimini-ITA-1-1-1024x683.webp","width":1024,"height":683,"mime-type":"image\/webp","filesize":41014,"source_url":"https:\/\/sumesgutner.de\/wp-content\/uploads\/2025\/02\/Sumesgutner-Le-Befane-Rimini-ITA-1-1-1024x683.webp"},"thumbnail":{"file":"Sumesgutner-Le-Befane-Rimini-ITA-1-1-150x150.webp","width":150,"height":150,"mime-type":"image\/webp","filesize":4616,"source_url":"https:\/\/sumesgutner.de\/wp-content\/uploads\/2025\/02\/Sumesgutner-Le-Befane-Rimini-ITA-1-1-150x150.webp"},"medium_large":{"file":"Sumesgutner-Le-Befane-Rimini-ITA-1-1-768x512.webp","width":768,"height":512,"mime-type":"image\/webp","filesize":26972,"source_url":"https:\/\/sumesgutner.de\/wp-content\/uploads\/2025\/02\/Sumesgutner-Le-Befane-Rimini-ITA-1-1-768x512.webp"},"1536x1536":{"file":"Sumesgutner-Le-Befane-Rimini-ITA-1-1-1536x1025.webp","width":1536,"height":1025,"mime-type":"image\/webp","filesize":71752,"source_url":"https:\/\/sumesgutner.de\/wp-content\/uploads\/2025\/02\/Sumesgutner-Le-Befane-Rimini-ITA-1-1-1536x1025.webp"}}},"alt_text":"Rolltreppe Einkaufszentrum","url":"","target":""},{"id":3637,"title":"Sumesgutner Le Befane Rimini (ITA) (7)","caption":"","full_image_url":"https:\/\/sumesgutner.de\/wp-content\/uploads\/2025\/02\/Sumesgutner-Le-Befane-Rimini-ITA-7.webp","thumbnail_image_url":"https:\/\/sumesgutner.de\/wp-content\/uploads\/2025\/02\/Sumesgutner-Le-Befane-Rimini-ITA-7-150x150.webp","large_srcset":"https:\/\/sumesgutner.de\/wp-content\/uploads\/2025\/02\/Sumesgutner-Le-Befane-Rimini-ITA-7-1024x683.webp 1024w, https:\/\/sumesgutner.de\/wp-content\/uploads\/2025\/02\/Sumesgutner-Le-Befane-Rimini-ITA-7-300x200.webp 300w, https:\/\/sumesgutner.de\/wp-content\/uploads\/2025\/02\/Sumesgutner-Le-Befane-Rimini-ITA-7-768x512.webp 768w, https:\/\/sumesgutner.de\/wp-content\/uploads\/2025\/02\/Sumesgutner-Le-Befane-Rimini-ITA-7-1536x1025.webp 1536w, https:\/\/sumesgutner.de\/wp-content\/uploads\/2025\/02\/Sumesgutner-Le-Befane-Rimini-ITA-7.webp 2000w","medium_srcset":"https:\/\/sumesgutner.de\/wp-content\/uploads\/2025\/02\/Sumesgutner-Le-Befane-Rimini-ITA-7-300x200.webp 300w, https:\/\/sumesgutner.de\/wp-content\/uploads\/2025\/02\/Sumesgutner-Le-Befane-Rimini-ITA-7-1024x683.webp 1024w, https:\/\/sumesgutner.de\/wp-content\/uploads\/2025\/02\/Sumesgutner-Le-Befane-Rimini-ITA-7-768x512.webp 768w, https:\/\/sumesgutner.de\/wp-content\/uploads\/2025\/02\/Sumesgutner-Le-Befane-Rimini-ITA-7-1536x1025.webp 1536w, https:\/\/sumesgutner.de\/wp-content\/uploads\/2025\/02\/Sumesgutner-Le-Befane-Rimini-ITA-7.webp 2000w","media_details":{"width":2000,"height":1334,"sizes":{"medium":{"file":"Sumesgutner-Le-Befane-Rimini-ITA-7-300x200.webp","width":300,"height":200,"mime-type":"image\/webp","filesize":16616,"source_url":"https:\/\/sumesgutner.de\/wp-content\/uploads\/2025\/02\/Sumesgutner-Le-Befane-Rimini-ITA-7-300x200.webp"},"large":{"file":"Sumesgutner-Le-Befane-Rimini-ITA-7-1024x683.webp","width":1024,"height":683,"mime-type":"image\/webp","filesize":88654,"source_url":"https:\/\/sumesgutner.de\/wp-content\/uploads\/2025\/02\/Sumesgutner-Le-Befane-Rimini-ITA-7-1024x683.webp"},"thumbnail":{"file":"Sumesgutner-Le-Befane-Rimini-ITA-7-150x150.webp","width":150,"height":150,"mime-type":"image\/webp","filesize":8624,"source_url":"https:\/\/sumesgutner.de\/wp-content\/uploads\/2025\/02\/Sumesgutner-Le-Befane-Rimini-ITA-7-150x150.webp"},"medium_large":{"file":"Sumesgutner-Le-Befane-Rimini-ITA-7-768x512.webp","width":768,"height":512,"mime-type":"image\/webp","filesize":59060,"source_url":"https:\/\/sumesgutner.de\/wp-content\/uploads\/2025\/02\/Sumesgutner-Le-Befane-Rimini-ITA-7-768x512.webp"},"1536x1536":{"file":"Sumesgutner-Le-Befane-Rimini-ITA-7-1536x1025.webp","width":1536,"height":1025,"mime-type":"image\/webp","filesize":154638,"source_url":"https:\/\/sumesgutner.de\/wp-content\/uploads\/2025\/02\/Sumesgutner-Le-Befane-Rimini-ITA-7-1536x1025.webp"}}},"alt_text":"","url":"","target":""},{"id":3636,"title":"Sumesgutner Le Befane Rimini (ITA) (6)","caption":"","full_image_url":"https:\/\/sumesgutner.de\/wp-content\/uploads\/2025\/02\/Sumesgutner-Le-Befane-Rimini-ITA-6.webp","thumbnail_image_url":"https:\/\/sumesgutner.de\/wp-content\/uploads\/2025\/02\/Sumesgutner-Le-Befane-Rimini-ITA-6-150x150.webp","large_srcset":"https:\/\/sumesgutner.de\/wp-content\/uploads\/2025\/02\/Sumesgutner-Le-Befane-Rimini-ITA-6-1024x683.webp 1024w, https:\/\/sumesgutner.de\/wp-content\/uploads\/2025\/02\/Sumesgutner-Le-Befane-Rimini-ITA-6-300x200.webp 300w, https:\/\/sumesgutner.de\/wp-content\/uploads\/2025\/02\/Sumesgutner-Le-Befane-Rimini-ITA-6-768x512.webp 768w, https:\/\/sumesgutner.de\/wp-content\/uploads\/2025\/02\/Sumesgutner-Le-Befane-Rimini-ITA-6-1536x1025.webp 1536w, https:\/\/sumesgutner.de\/wp-content\/uploads\/2025\/02\/Sumesgutner-Le-Befane-Rimini-ITA-6.webp 2000w","medium_srcset":"https:\/\/sumesgutner.de\/wp-content\/uploads\/2025\/02\/Sumesgutner-Le-Befane-Rimini-ITA-6-300x200.webp 300w, https:\/\/sumesgutner.de\/wp-content\/uploads\/2025\/02\/Sumesgutner-Le-Befane-Rimini-ITA-6-1024x683.webp 1024w, https:\/\/sumesgutner.de\/wp-content\/uploads\/2025\/02\/Sumesgutner-Le-Befane-Rimini-ITA-6-768x512.webp 768w, https:\/\/sumesgutner.de\/wp-content\/uploads\/2025\/02\/Sumesgutner-Le-Befane-Rimini-ITA-6-1536x1025.webp 1536w, https:\/\/sumesgutner.de\/wp-content\/uploads\/2025\/02\/Sumesgutner-Le-Befane-Rimini-ITA-6.webp 2000w","media_details":{"width":2000,"height":1334,"sizes":{"medium":{"file":"Sumesgutner-Le-Befane-Rimini-ITA-6-300x200.webp","width":300,"height":200,"mime-type":"image\/webp","filesize":14966,"source_url":"https:\/\/sumesgutner.de\/wp-content\/uploads\/2025\/02\/Sumesgutner-Le-Befane-Rimini-ITA-6-300x200.webp"},"large":{"file":"Sumesgutner-Le-Befane-Rimini-ITA-6-1024x683.webp","width":1024,"height":683,"mime-type":"image\/webp","filesize":87498,"source_url":"https:\/\/sumesgutner.de\/wp-content\/uploads\/2025\/02\/Sumesgutner-Le-Befane-Rimini-ITA-6-1024x683.webp"},"thumbnail":{"file":"Sumesgutner-Le-Befane-Rimini-ITA-6-150x150.webp","width":150,"height":150,"mime-type":"image\/webp","filesize":6920,"source_url":"https:\/\/sumesgutner.de\/wp-content\/uploads\/2025\/02\/Sumesgutner-Le-Befane-Rimini-ITA-6-150x150.webp"},"medium_large":{"file":"Sumesgutner-Le-Befane-Rimini-ITA-6-768x512.webp","width":768,"height":512,"mime-type":"image\/webp","filesize":58566,"source_url":"https:\/\/sumesgutner.de\/wp-content\/uploads\/2025\/02\/Sumesgutner-Le-Befane-Rimini-ITA-6-768x512.webp"},"1536x1536":{"file":"Sumesgutner-Le-Befane-Rimini-ITA-6-1536x1025.webp","width":1536,"height":1025,"mime-type":"image\/webp","filesize":158246,"source_url":"https:\/\/sumesgutner.de\/wp-content\/uploads\/2025\/02\/Sumesgutner-Le-Befane-Rimini-ITA-6-1536x1025.webp"}}},"alt_text":"","url":"","target":""},{"id":3635,"title":"Sumesgutner Le Befane Rimini (ITA) (5)","caption":"","full_image_url":"https:\/\/sumesgutner.de\/wp-content\/uploads\/2025\/02\/Sumesgutner-Le-Befane-Rimini-ITA-5.webp","thumbnail_image_url":"https:\/\/sumesgutner.de\/wp-content\/uploads\/2025\/02\/Sumesgutner-Le-Befane-Rimini-ITA-5-150x150.webp","large_srcset":"https:\/\/sumesgutner.de\/wp-content\/uploads\/2025\/02\/Sumesgutner-Le-Befane-Rimini-ITA-5-1024x683.webp 1024w, https:\/\/sumesgutner.de\/wp-content\/uploads\/2025\/02\/Sumesgutner-Le-Befane-Rimini-ITA-5-300x200.webp 300w, https:\/\/sumesgutner.de\/wp-content\/uploads\/2025\/02\/Sumesgutner-Le-Befane-Rimini-ITA-5-768x512.webp 768w, https:\/\/sumesgutner.de\/wp-content\/uploads\/2025\/02\/Sumesgutner-Le-Befane-Rimini-ITA-5-1536x1025.webp 1536w, https:\/\/sumesgutner.de\/wp-content\/uploads\/2025\/02\/Sumesgutner-Le-Befane-Rimini-ITA-5.webp 2000w","medium_srcset":"https:\/\/sumesgutner.de\/wp-content\/uploads\/2025\/02\/Sumesgutner-Le-Befane-Rimini-ITA-5-300x200.webp 300w, https:\/\/sumesgutner.de\/wp-content\/uploads\/2025\/02\/Sumesgutner-Le-Befane-Rimini-ITA-5-1024x683.webp 1024w, https:\/\/sumesgutner.de\/wp-content\/uploads\/2025\/02\/Sumesgutner-Le-Befane-Rimini-ITA-5-768x512.webp 768w, https:\/\/sumesgutner.de\/wp-content\/uploads\/2025\/02\/Sumesgutner-Le-Befane-Rimini-ITA-5-1536x1025.webp 1536w, https:\/\/sumesgutner.de\/wp-content\/uploads\/2025\/02\/Sumesgutner-Le-Befane-Rimini-ITA-5.webp 2000w","media_details":{"width":2000,"height":1334,"sizes":{"medium":{"file":"Sumesgutner-Le-Befane-Rimini-ITA-5-300x200.webp","width":300,"height":200,"mime-type":"image\/webp","filesize":9540,"source_url":"https:\/\/sumesgutner.de\/wp-content\/uploads\/2025\/02\/Sumesgutner-Le-Befane-Rimini-ITA-5-300x200.webp"},"large":{"file":"Sumesgutner-Le-Befane-Rimini-ITA-5-1024x683.webp","width":1024,"height":683,"mime-type":"image\/webp","filesize":48060,"source_url":"https:\/\/sumesgutner.de\/wp-content\/uploads\/2025\/02\/Sumesgutner-Le-Befane-Rimini-ITA-5-1024x683.webp"},"thumbnail":{"file":"Sumesgutner-Le-Befane-Rimini-ITA-5-150x150.webp","width":150,"height":150,"mime-type":"image\/webp","filesize":4822,"source_url":"https:\/\/sumesgutner.de\/wp-content\/uploads\/2025\/02\/Sumesgutner-Le-Befane-Rimini-ITA-5-150x150.webp"},"medium_large":{"file":"Sumesgutner-Le-Befane-Rimini-ITA-5-768x512.webp","width":768,"height":512,"mime-type":"image\/webp","filesize":32472,"source_url":"https:\/\/sumesgutner.de\/wp-content\/uploads\/2025\/02\/Sumesgutner-Le-Befane-Rimini-ITA-5-768x512.webp"},"1536x1536":{"file":"Sumesgutner-Le-Befane-Rimini-ITA-5-1536x1025.webp","width":1536,"height":1025,"mime-type":"image\/webp","filesize":81132,"source_url":"https:\/\/sumesgutner.de\/wp-content\/uploads\/2025\/02\/Sumesgutner-Le-Befane-Rimini-ITA-5-1536x1025.webp"}}},"alt_text":"","url":"","target":""},{"id":3634,"title":"Sumesgutner Le Befane Rimini (ITA) (4)","caption":"","full_image_url":"https:\/\/sumesgutner.de\/wp-content\/uploads\/2025\/02\/Sumesgutner-Le-Befane-Rimini-ITA-4.webp","thumbnail_image_url":"https:\/\/sumesgutner.de\/wp-content\/uploads\/2025\/02\/Sumesgutner-Le-Befane-Rimini-ITA-4-150x150.webp","large_srcset":"https:\/\/sumesgutner.de\/wp-content\/uploads\/2025\/02\/Sumesgutner-Le-Befane-Rimini-ITA-4-1024x683.webp 1024w, https:\/\/sumesgutner.de\/wp-content\/uploads\/2025\/02\/Sumesgutner-Le-Befane-Rimini-ITA-4-300x200.webp 300w, https:\/\/sumesgutner.de\/wp-content\/uploads\/2025\/02\/Sumesgutner-Le-Befane-Rimini-ITA-4-768x512.webp 768w, https:\/\/sumesgutner.de\/wp-content\/uploads\/2025\/02\/Sumesgutner-Le-Befane-Rimini-ITA-4-1536x1025.webp 1536w, https:\/\/sumesgutner.de\/wp-content\/uploads\/2025\/02\/Sumesgutner-Le-Befane-Rimini-ITA-4.webp 2000w","medium_srcset":"https:\/\/sumesgutner.de\/wp-content\/uploads\/2025\/02\/Sumesgutner-Le-Befane-Rimini-ITA-4-300x200.webp 300w, https:\/\/sumesgutner.de\/wp-content\/uploads\/2025\/02\/Sumesgutner-Le-Befane-Rimini-ITA-4-1024x683.webp 1024w, https:\/\/sumesgutner.de\/wp-content\/uploads\/2025\/02\/Sumesgutner-Le-Befane-Rimini-ITA-4-768x512.webp 768w, https:\/\/sumesgutner.de\/wp-content\/uploads\/2025\/02\/Sumesgutner-Le-Befane-Rimini-ITA-4-1536x1025.webp 1536w, https:\/\/sumesgutner.de\/wp-content\/uploads\/2025\/02\/Sumesgutner-Le-Befane-Rimini-ITA-4.webp 2000w","media_details":{"width":2000,"height":1334,"sizes":{"medium":{"file":"Sumesgutner-Le-Befane-Rimini-ITA-4-300x200.webp","width":300,"height":200,"mime-type":"image\/webp","filesize":7072,"source_url":"https:\/\/sumesgutner.de\/wp-content\/uploads\/2025\/02\/Sumesgutner-Le-Befane-Rimini-ITA-4-300x200.webp"},"large":{"file":"Sumesgutner-Le-Befane-Rimini-ITA-4-1024x683.webp","width":1024,"height":683,"mime-type":"image\/webp","filesize":28522,"source_url":"https:\/\/sumesgutner.de\/wp-content\/uploads\/2025\/02\/Sumesgutner-Le-Befane-Rimini-ITA-4-1024x683.webp"},"thumbnail":{"file":"Sumesgutner-Le-Befane-Rimini-ITA-4-150x150.webp","width":150,"height":150,"mime-type":"image\/webp","filesize":3424,"source_url":"https:\/\/sumesgutner.de\/wp-content\/uploads\/2025\/02\/Sumesgutner-Le-Befane-Rimini-ITA-4-150x150.webp"},"medium_large":{"file":"Sumesgutner-Le-Befane-Rimini-ITA-4-768x512.webp","width":768,"height":512,"mime-type":"image\/webp","filesize":19886,"source_url":"https:\/\/sumesgutner.de\/wp-content\/uploads\/2025\/02\/Sumesgutner-Le-Befane-Rimini-ITA-4-768x512.webp"},"1536x1536":{"file":"Sumesgutner-Le-Befane-Rimini-ITA-4-1536x1025.webp","width":1536,"height":1025,"mime-type":"image\/webp","filesize":47076,"source_url":"https:\/\/sumesgutner.de\/wp-content\/uploads\/2025\/02\/Sumesgutner-Le-Befane-Rimini-ITA-4-1536x1025.webp"}}},"alt_text":"","url":"","target":""},{"id":3633,"title":"Sumesgutner Le Befane Rimini (ITA) (3)","caption":"","full_image_url":"https:\/\/sumesgutner.de\/wp-content\/uploads\/2025\/02\/Sumesgutner-Le-Befane-Rimini-ITA-3.webp","thumbnail_image_url":"https:\/\/sumesgutner.de\/wp-content\/uploads\/2025\/02\/Sumesgutner-Le-Befane-Rimini-ITA-3-150x150.webp","large_srcset":"https:\/\/sumesgutner.de\/wp-content\/uploads\/2025\/02\/Sumesgutner-Le-Befane-Rimini-ITA-3-1024x683.webp 1024w, https:\/\/sumesgutner.de\/wp-content\/uploads\/2025\/02\/Sumesgutner-Le-Befane-Rimini-ITA-3-300x200.webp 300w, https:\/\/sumesgutner.de\/wp-content\/uploads\/2025\/02\/Sumesgutner-Le-Befane-Rimini-ITA-3-768x512.webp 768w, https:\/\/sumesgutner.de\/wp-content\/uploads\/2025\/02\/Sumesgutner-Le-Befane-Rimini-ITA-3-1536x1025.webp 1536w, https:\/\/sumesgutner.de\/wp-content\/uploads\/2025\/02\/Sumesgutner-Le-Befane-Rimini-ITA-3.webp 2000w","medium_srcset":"https:\/\/sumesgutner.de\/wp-content\/uploads\/2025\/02\/Sumesgutner-Le-Befane-Rimini-ITA-3-300x200.webp 300w, https:\/\/sumesgutner.de\/wp-content\/uploads\/2025\/02\/Sumesgutner-Le-Befane-Rimini-ITA-3-1024x683.webp 1024w, https:\/\/sumesgutner.de\/wp-content\/uploads\/2025\/02\/Sumesgutner-Le-Befane-Rimini-ITA-3-768x512.webp 768w, https:\/\/sumesgutner.de\/wp-content\/uploads\/2025\/02\/Sumesgutner-Le-Befane-Rimini-ITA-3-1536x1025.webp 1536w, https:\/\/sumesgutner.de\/wp-content\/uploads\/2025\/02\/Sumesgutner-Le-Befane-Rimini-ITA-3.webp 2000w","media_details":{"width":2000,"height":1334,"sizes":{"medium":{"file":"Sumesgutner-Le-Befane-Rimini-ITA-3-300x200.webp","width":300,"height":200,"mime-type":"image\/webp","filesize":9272,"source_url":"https:\/\/sumesgutner.de\/wp-content\/uploads\/2025\/02\/Sumesgutner-Le-Befane-Rimini-ITA-3-300x200.webp"},"large":{"file":"Sumesgutner-Le-Befane-Rimini-ITA-3-1024x683.webp","width":1024,"height":683,"mime-type":"image\/webp","filesize":41076,"source_url":"https:\/\/sumesgutner.de\/wp-content\/uploads\/2025\/02\/Sumesgutner-Le-Befane-Rimini-ITA-3-1024x683.webp"},"thumbnail":{"file":"Sumesgutner-Le-Befane-Rimini-ITA-3-150x150.webp","width":150,"height":150,"mime-type":"image\/webp","filesize":4720,"source_url":"https:\/\/sumesgutner.de\/wp-content\/uploads\/2025\/02\/Sumesgutner-Le-Befane-Rimini-ITA-3-150x150.webp"},"medium_large":{"file":"Sumesgutner-Le-Befane-Rimini-ITA-3-768x512.webp","width":768,"height":512,"mime-type":"image\/webp","filesize":28162,"source_url":"https:\/\/sumesgutner.de\/wp-content\/uploads\/2025\/02\/Sumesgutner-Le-Befane-Rimini-ITA-3-768x512.webp"},"1536x1536":{"file":"Sumesgutner-Le-Befane-Rimini-ITA-3-1536x1025.webp","width":1536,"height":1025,"mime-type":"image\/webp","filesize":63382,"source_url":"https:\/\/sumesgutner.de\/wp-content\/uploads\/2025\/02\/Sumesgutner-Le-Befane-Rimini-ITA-3-1536x1025.webp"}}},"alt_text":"","url":"","target":""},{"id":3632,"title":"Sumesgutner Le Befane Rimini (ITA) (1)","caption":"","full_image_url":"https:\/\/sumesgutner.de\/wp-content\/uploads\/2025\/02\/Sumesgutner-Le-Befane-Rimini-ITA-1.webp","thumbnail_image_url":"https:\/\/sumesgutner.de\/wp-content\/uploads\/2025\/02\/Sumesgutner-Le-Befane-Rimini-ITA-1-150x150.webp","large_srcset":"https:\/\/sumesgutner.de\/wp-content\/uploads\/2025\/02\/Sumesgutner-Le-Befane-Rimini-ITA-1-1024x683.webp 1024w, https:\/\/sumesgutner.de\/wp-content\/uploads\/2025\/02\/Sumesgutner-Le-Befane-Rimini-ITA-1-300x200.webp 300w, https:\/\/sumesgutner.de\/wp-content\/uploads\/2025\/02\/Sumesgutner-Le-Befane-Rimini-ITA-1-768x512.webp 768w, https:\/\/sumesgutner.de\/wp-content\/uploads\/2025\/02\/Sumesgutner-Le-Befane-Rimini-ITA-1-1536x1025.webp 1536w, https:\/\/sumesgutner.de\/wp-content\/uploads\/2025\/02\/Sumesgutner-Le-Befane-Rimini-ITA-1.webp 2000w","medium_srcset":"https:\/\/sumesgutner.de\/wp-content\/uploads\/2025\/02\/Sumesgutner-Le-Befane-Rimini-ITA-1-300x200.webp 300w, https:\/\/sumesgutner.de\/wp-content\/uploads\/2025\/02\/Sumesgutner-Le-Befane-Rimini-ITA-1-1024x683.webp 1024w, https:\/\/sumesgutner.de\/wp-content\/uploads\/2025\/02\/Sumesgutner-Le-Befane-Rimini-ITA-1-768x512.webp 768w, https:\/\/sumesgutner.de\/wp-content\/uploads\/2025\/02\/Sumesgutner-Le-Befane-Rimini-ITA-1-1536x1025.webp 1536w, https:\/\/sumesgutner.de\/wp-content\/uploads\/2025\/02\/Sumesgutner-Le-Befane-Rimini-ITA-1.webp 2000w","media_details":{"width":2000,"height":1334,"sizes":{"medium":{"file":"Sumesgutner-Le-Befane-Rimini-ITA-1-300x200.webp","width":300,"height":200,"mime-type":"image\/webp","filesize":22980,"source_url":"https:\/\/sumesgutner.de\/wp-content\/uploads\/2025\/02\/Sumesgutner-Le-Befane-Rimini-ITA-1-300x200.webp"},"large":{"file":"Sumesgutner-Le-Befane-Rimini-ITA-1-1024x683.webp","width":1024,"height":683,"mime-type":"image\/webp","filesize":164584,"source_url":"https:\/\/sumesgutner.de\/wp-content\/uploads\/2025\/02\/Sumesgutner-Le-Befane-Rimini-ITA-1-1024x683.webp"},"thumbnail":{"file":"Sumesgutner-Le-Befane-Rimini-ITA-1-150x150.webp","width":150,"height":150,"mime-type":"image\/webp","filesize":10096,"source_url":"https:\/\/sumesgutner.de\/wp-content\/uploads\/2025\/02\/Sumesgutner-Le-Befane-Rimini-ITA-1-150x150.webp"},"medium_large":{"file":"Sumesgutner-Le-Befane-Rimini-ITA-1-768x512.webp","width":768,"height":512,"mime-type":"image\/webp","filesize":103652,"source_url":"https:\/\/sumesgutner.de\/wp-content\/uploads\/2025\/02\/Sumesgutner-Le-Befane-Rimini-ITA-1-768x512.webp"},"1536x1536":{"file":"Sumesgutner-Le-Befane-Rimini-ITA-1-1536x1025.webp","width":1536,"height":1025,"mime-type":"image\/webp","filesize":312510,"source_url":"https:\/\/sumesgutner.de\/wp-content\/uploads\/2025\/02\/Sumesgutner-Le-Befane-Rimini-ITA-1-1536x1025.webp"}}},"alt_text":"","url":"","target":""}]]}},"yoast_head":"<!-- This site is optimized with the Yoast SEO plugin v25.3.1 - https:\/\/yoast.com\/wordpress\/plugins\/seo\/ -->\n<title>Le Befane | Rimini (ITA) - Architekturfotografie<\/title>\n<meta name=\"robots\" content=\"index, follow, max-snippet:-1, max-image-preview:large, max-video-preview:-1\" \/>\n<link rel=\"canonical\" href=\"https:\/\/sumesgutner.de\/en\/projekt\/le-befane-rimini-ita\/\" \/>\n<meta property=\"og:locale\" content=\"en_US\" \/>\n<meta property=\"og:type\" content=\"article\" \/>\n<meta property=\"og:title\" content=\"Le Befane | Rimini (ITA) - Architekturfotografie\" \/>\n<meta property=\"og:description\" content=\"Es h\u00f6rt sich vielleicht komisch an, aber ich liebe es an Orten zu arbeiten wo andere Urlaub machen! Der Eigent\u00fcmer ben\u00f6tigte nach diversen Umbauma\u00dfnahmen wieder einmal aktuelle Fotoaufnahmen, die ich nat\u00fcrlich liefern konnte. Auch in den gro\u00dfen Einkaufszentren gibt es immer wieder spannende Details zu entdecken, die ich neben den gro\u00dfen \u00dcbersichten gerne in meine [&hellip;]\" \/>\n<meta property=\"og:url\" content=\"https:\/\/sumesgutner.de\/en\/projekt\/le-befane-rimini-ita\/\" \/>\n<meta property=\"og:site_name\" content=\"Architekturfotografie\" \/>\n<meta property=\"article:modified_time\" content=\"2026-04-25T10:00:20+00:00\" \/>\n<meta property=\"og:image\" content=\"https:\/\/sumesgutner.de\/wp-content\/uploads\/2025\/02\/Sumesgutner-Le-Befane-Rimini-ITA-2.webp\" \/>\n\t<meta property=\"og:image:width\" content=\"2000\" \/>\n\t<meta property=\"og:image:height\" content=\"1334\" \/>\n\t<meta property=\"og:image:type\" content=\"image\/webp\" \/>\n<meta name=\"twitter:card\" content=\"summary_large_image\" \/>\n<script type=\"application\/ld+json\" class=\"yoast-schema-graph\">{\"@context\":\"https:\/\/schema.org\",\"@graph\":[{\"@type\":\"WebPage\",\"@id\":\"https:\/\/sumesgutner.de\/en\/projekt\/le-befane-rimini-ita\/\",\"url\":\"https:\/\/sumesgutner.de\/en\/projekt\/le-befane-rimini-ita\/\",\"name\":\"Le Befane | Rimini (ITA) - Architekturfotografie\",\"isPartOf\":{\"@id\":\"https:\/\/sumesgutner.de\/#website\"},\"primaryImageOfPage\":{\"@id\":\"https:\/\/sumesgutner.de\/en\/projekt\/le-befane-rimini-ita\/#primaryimage\"},\"image\":{\"@id\":\"https:\/\/sumesgutner.de\/en\/projekt\/le-befane-rimini-ita\/#primaryimage\"},\"thumbnailUrl\":\"https:\/\/sumesgutner.de\/wp-content\/uploads\/2025\/02\/Sumesgutner-Le-Befane-Rimini-ITA-2.webp\",\"datePublished\":\"2025-03-23T06:49:26+00:00\",\"dateModified\":\"2026-04-25T10:00:20+00:00\",\"breadcrumb\":{\"@id\":\"https:\/\/sumesgutner.de\/en\/projekt\/le-befane-rimini-ita\/#breadcrumb\"},\"inLanguage\":\"en-US\",\"potentialAction\":[{\"@type\":\"ReadAction\",\"target\":[\"https:\/\/sumesgutner.de\/en\/projekt\/le-befane-rimini-ita\/\"]}]},{\"@type\":\"ImageObject\",\"inLanguage\":\"en-US\",\"@id\":\"https:\/\/sumesgutner.de\/en\/projekt\/le-befane-rimini-ita\/#primaryimage\",\"url\":\"https:\/\/sumesgutner.de\/wp-content\/uploads\/2025\/02\/Sumesgutner-Le-Befane-Rimini-ITA-2.webp\",\"contentUrl\":\"https:\/\/sumesgutner.de\/wp-content\/uploads\/2025\/02\/Sumesgutner-Le-Befane-Rimini-ITA-2.webp\",\"width\":2000,\"height\":1334,\"caption\":\"Einkaufszentrum le befane in D\u00e4mmerung\"},{\"@type\":\"BreadcrumbList\",\"@id\":\"https:\/\/sumesgutner.de\/en\/projekt\/le-befane-rimini-ita\/#breadcrumb\",\"itemListElement\":[{\"@type\":\"ListItem\",\"position\":1,\"name\":\"Startseite\",\"item\":\"https:\/\/sumesgutner.de\/en\/\"},{\"@type\":\"ListItem\",\"position\":2,\"name\":\"Projekte\",\"item\":\"https:\/\/sumesgutner.de\/projekt\/\"},{\"@type\":\"ListItem\",\"position\":3,\"name\":\"Le Befane | Rimini (ITA)\"}]},{\"@type\":\"WebSite\",\"@id\":\"https:\/\/sumesgutner.de\/#website\",\"url\":\"https:\/\/sumesgutner.de\/\",\"name\":\"Architekturfotografie\",\"description\":\"Daniel Sumesgutner\",\"publisher\":{\"@id\":\"https:\/\/sumesgutner.de\/#\/schema\/person\/1481b1612d46d5c079d62d2d2af96649\"},\"potentialAction\":[{\"@type\":\"SearchAction\",\"target\":{\"@type\":\"EntryPoint\",\"urlTemplate\":\"https:\/\/sumesgutner.de\/?s={search_term_string}\"},\"query-input\":{\"@type\":\"PropertyValueSpecification\",\"valueRequired\":true,\"valueName\":\"search_term_string\"}}],\"inLanguage\":\"en-US\"},{\"@type\":[\"Person\",\"Organization\"],\"@id\":\"https:\/\/sumesgutner.de\/#\/schema\/person\/1481b1612d46d5c079d62d2d2af96649\",\"name\":\"Daniel Sumesgutner\",\"image\":{\"@type\":\"ImageObject\",\"inLanguage\":\"en-US\",\"@id\":\"https:\/\/sumesgutner.de\/#\/schema\/person\/image\/\",\"url\":\"https:\/\/sumesgutner.de\/wp-content\/uploads\/2025\/03\/cropped-2025_11_2-100-px-72-dpi.jpg\",\"contentUrl\":\"https:\/\/sumesgutner.de\/wp-content\/uploads\/2025\/03\/cropped-2025_11_2-100-px-72-dpi.jpg\",\"width\":512,\"height\":512,\"caption\":\"Daniel Sumesgutner\"},\"logo\":{\"@id\":\"https:\/\/sumesgutner.de\/#\/schema\/person\/image\/\"}}]}<\/script>\n<!-- \/ Yoast SEO plugin. -->","yoast_head_json":{"title":"Le Befane | Rimini (ITA) - Architekturfotografie","robots":{"index":"index","follow":"follow","max-snippet":"max-snippet:-1","max-image-preview":"max-image-preview:large","max-video-preview":"max-video-preview:-1"},"canonical":"https:\/\/sumesgutner.de\/en\/projekt\/le-befane-rimini-ita\/","og_locale":"en_US","og_type":"article","og_title":"Le Befane | Rimini (ITA) - Architekturfotografie","og_description":"Es h\u00f6rt sich vielleicht komisch an, aber ich liebe es an Orten zu arbeiten wo andere Urlaub machen! Der Eigent\u00fcmer ben\u00f6tigte nach diversen Umbauma\u00dfnahmen wieder einmal aktuelle Fotoaufnahmen, die ich nat\u00fcrlich liefern konnte. Auch in den gro\u00dfen Einkaufszentren gibt es immer wieder spannende Details zu entdecken, die ich neben den gro\u00dfen \u00dcbersichten gerne in meine [&hellip;]","og_url":"https:\/\/sumesgutner.de\/en\/projekt\/le-befane-rimini-ita\/","og_site_name":"Architekturfotografie","article_modified_time":"2026-04-25T10:00:20+00:00","og_image":[{"width":2000,"height":1334,"url":"https:\/\/sumesgutner.de\/wp-content\/uploads\/2025\/02\/Sumesgutner-Le-Befane-Rimini-ITA-2.webp","type":"image\/webp"}],"twitter_card":"summary_large_image","schema":{"@context":"https:\/\/schema.org","@graph":[{"@type":"WebPage","@id":"https:\/\/sumesgutner.de\/en\/projekt\/le-befane-rimini-ita\/","url":"https:\/\/sumesgutner.de\/en\/projekt\/le-befane-rimini-ita\/","name":"Le Befane | Rimini (ITA) - Architekturfotografie","isPartOf":{"@id":"https:\/\/sumesgutner.de\/#website"},"primaryImageOfPage":{"@id":"https:\/\/sumesgutner.de\/en\/projekt\/le-befane-rimini-ita\/#primaryimage"},"image":{"@id":"https:\/\/sumesgutner.de\/en\/projekt\/le-befane-rimini-ita\/#primaryimage"},"thumbnailUrl":"https:\/\/sumesgutner.de\/wp-content\/uploads\/2025\/02\/Sumesgutner-Le-Befane-Rimini-ITA-2.webp","datePublished":"2025-03-23T06:49:26+00:00","dateModified":"2026-04-25T10:00:20+00:00","breadcrumb":{"@id":"https:\/\/sumesgutner.de\/en\/projekt\/le-befane-rimini-ita\/#breadcrumb"},"inLanguage":"en-US","potentialAction":[{"@type":"ReadAction","target":["https:\/\/sumesgutner.de\/en\/projekt\/le-befane-rimini-ita\/"]}]},{"@type":"ImageObject","inLanguage":"en-US","@id":"https:\/\/sumesgutner.de\/en\/projekt\/le-befane-rimini-ita\/#primaryimage","url":"https:\/\/sumesgutner.de\/wp-content\/uploads\/2025\/02\/Sumesgutner-Le-Befane-Rimini-ITA-2.webp","contentUrl":"https:\/\/sumesgutner.de\/wp-content\/uploads\/2025\/02\/Sumesgutner-Le-Befane-Rimini-ITA-2.webp","width":2000,"height":1334,"caption":"Einkaufszentrum le befane in D\u00e4mmerung"},{"@type":"BreadcrumbList","@id":"https:\/\/sumesgutner.de\/en\/projekt\/le-befane-rimini-ita\/#breadcrumb","itemListElement":[{"@type":"ListItem","position":1,"name":"Startseite","item":"https:\/\/sumesgutner.de\/en\/"},{"@type":"ListItem","position":2,"name":"Projekte","item":"https:\/\/sumesgutner.de\/projekt\/"},{"@type":"ListItem","position":3,"name":"Le Befane | Rimini (ITA)"}]},{"@type":"WebSite","@id":"https:\/\/sumesgutner.de\/#website","url":"https:\/\/sumesgutner.de\/","name":"Architekturfotografie","description":"Daniel Sumesgutner","publisher":{"@id":"https:\/\/sumesgutner.de\/#\/schema\/person\/1481b1612d46d5c079d62d2d2af96649"},"potentialAction":[{"@type":"SearchAction","target":{"@type":"EntryPoint","urlTemplate":"https:\/\/sumesgutner.de\/?s={search_term_string}"},"query-input":{"@type":"PropertyValueSpecification","valueRequired":true,"valueName":"search_term_string"}}],"inLanguage":"en-US"},{"@type":["Person","Organization"],"@id":"https:\/\/sumesgutner.de\/#\/schema\/person\/1481b1612d46d5c079d62d2d2af96649","name":"Daniel Sumesgutner","image":{"@type":"ImageObject","inLanguage":"en-US","@id":"https:\/\/sumesgutner.de\/#\/schema\/person\/image\/","url":"https:\/\/sumesgutner.de\/wp-content\/uploads\/2025\/03\/cropped-2025_11_2-100-px-72-dpi.jpg","contentUrl":"https:\/\/sumesgutner.de\/wp-content\/uploads\/2025\/03\/cropped-2025_11_2-100-px-72-dpi.jpg","width":512,"height":512,"caption":"Daniel Sumesgutner"},"logo":{"@id":"https:\/\/sumesgutner.de\/#\/schema\/person\/image\/"}}]}},"_links":{"self":[{"href":"https:\/\/sumesgutner.de\/en\/wp-json\/wp\/v2\/projekt\/4648","targetHints":{"allow":["GET"]}}],"collection":[{"href":"https:\/\/sumesgutner.de\/en\/wp-json\/wp\/v2\/projekt"}],"about":[{"href":"https:\/\/sumesgutner.de\/en\/wp-json\/wp\/v2\/types\/projekt"}],"version-history":[{"count":2,"href":"https:\/\/sumesgutner.de\/en\/wp-json\/wp\/v2\/projekt\/4648\/revisions"}],"predecessor-version":[{"id":5930,"href":"https:\/\/sumesgutner.de\/en\/wp-json\/wp\/v2\/projekt\/4648\/revisions\/5930"}],"wp:featuredmedia":[{"embeddable":true,"href":"https:\/\/sumesgutner.de\/en\/wp-json\/wp\/v2\/media\/3639"}],"wp:attachment":[{"href":"https:\/\/sumesgutner.de\/en\/wp-json\/wp\/v2\/media?parent=4648"}],"wp:term":[{"taxonomy":"kategorie","embeddable":true,"href":"https:\/\/sumesgutner.de\/en\/wp-json\/wp\/v2\/kategorie?post=4648"}],"curies":[{"name":"wp","href":"https:\/\/api.w.org\/{rel}","templated":true}]}}