{"id":4615,"date":"2026-03-11T06:35:57","date_gmt":"2026-03-11T05:35:57","guid":{"rendered":"https:\/\/sumesgutner.de\/projekt\/gemeindehaus-bladenhorst-zion-herne-ger\/"},"modified":"2026-04-28T21:55:08","modified_gmt":"2026-04-28T19:55:08","slug":"gemeindehaus-bladenhorst-zion-herne-ger","status":"publish","type":"projekt","link":"https:\/\/sumesgutner.de\/en\/projekt\/gemeindehaus-bladenhorst-zion-herne-ger\/","title":{"rendered":"Gemeindehaus Bladenhorst Zion | Herne (GER)"},"content":{"rendered":"\n<p>Der Neubau spricht eine moderne zeitgem\u00e4\u00dfe Sprache und bildet mit der 1955 vom Architekten Kuschel gebauten Backsteinkirche ein Ensemble. Das Gemeindehaus \u00fcbernimmt die klare Formensprache und reagiert mit einem herausgedrehten Ziegelmauerwerk auf die Details der Kirche.<\/p>\n","protected":false},"excerpt":{"rendered":"<p>Der Neubau spricht eine moderne zeitgem\u00e4\u00dfe Sprache und bildet mit der 1955 vom Architekten Kuschel gebauten Backsteinkirche ein Ensemble. Das Gemeindehaus \u00fcbernimmt die klare Formensprache und reagiert mit einem herausgedrehten Ziegelmauerwerk auf die Details der Kirche.<\/p>\n","protected":false},"featured_media":3519,"menu_order":0,"template":"","format":"standard","meta":{"_acf_changed":false,"footnotes":""},"kategorie":[55],"class_list":["post-4615","projekt","type-projekt","status-publish","format-standard","has-post-thumbnail","hentry","kategorie-religion-en"],"acf":{"photo_gallery":{"slider_images":[[{"id":3518,"title":"Sumesgutner Gemeindehaus Bladenhorst ZIon Herne (GER) (4)","caption":"","full_image_url":"https:\/\/sumesgutner.de\/wp-content\/uploads\/2025\/02\/Sumesgutner-Gemeindehaus-Bladenhorst-ZIon-Herne-GER-4.webp","thumbnail_image_url":"https:\/\/sumesgutner.de\/wp-content\/uploads\/2025\/02\/Sumesgutner-Gemeindehaus-Bladenhorst-ZIon-Herne-GER-4-150x150.webp","large_srcset":"https:\/\/sumesgutner.de\/wp-content\/uploads\/2025\/02\/Sumesgutner-Gemeindehaus-Bladenhorst-ZIon-Herne-GER-4-1024x683.webp 1024w, https:\/\/sumesgutner.de\/wp-content\/uploads\/2025\/02\/Sumesgutner-Gemeindehaus-Bladenhorst-ZIon-Herne-GER-4-300x200.webp 300w, https:\/\/sumesgutner.de\/wp-content\/uploads\/2025\/02\/Sumesgutner-Gemeindehaus-Bladenhorst-ZIon-Herne-GER-4-768x512.webp 768w, https:\/\/sumesgutner.de\/wp-content\/uploads\/2025\/02\/Sumesgutner-Gemeindehaus-Bladenhorst-ZIon-Herne-GER-4-1536x1025.webp 1536w, https:\/\/sumesgutner.de\/wp-content\/uploads\/2025\/02\/Sumesgutner-Gemeindehaus-Bladenhorst-ZIon-Herne-GER-4.webp 2000w","medium_srcset":"https:\/\/sumesgutner.de\/wp-content\/uploads\/2025\/02\/Sumesgutner-Gemeindehaus-Bladenhorst-ZIon-Herne-GER-4-300x200.webp 300w, https:\/\/sumesgutner.de\/wp-content\/uploads\/2025\/02\/Sumesgutner-Gemeindehaus-Bladenhorst-ZIon-Herne-GER-4-1024x683.webp 1024w, https:\/\/sumesgutner.de\/wp-content\/uploads\/2025\/02\/Sumesgutner-Gemeindehaus-Bladenhorst-ZIon-Herne-GER-4-768x512.webp 768w, https:\/\/sumesgutner.de\/wp-content\/uploads\/2025\/02\/Sumesgutner-Gemeindehaus-Bladenhorst-ZIon-Herne-GER-4-1536x1025.webp 1536w, https:\/\/sumesgutner.de\/wp-content\/uploads\/2025\/02\/Sumesgutner-Gemeindehaus-Bladenhorst-ZIon-Herne-GER-4.webp 2000w","media_details":{"width":2000,"height":1334,"sizes":{"medium":{"file":"Sumesgutner-Gemeindehaus-Bladenhorst-ZIon-Herne-GER-4-300x200.webp","width":300,"height":200,"mime-type":"image\/webp","filesize":11252,"source_url":"https:\/\/sumesgutner.de\/wp-content\/uploads\/2025\/02\/Sumesgutner-Gemeindehaus-Bladenhorst-ZIon-Herne-GER-4-300x200.webp"},"large":{"file":"Sumesgutner-Gemeindehaus-Bladenhorst-ZIon-Herne-GER-4-1024x683.webp","width":1024,"height":683,"mime-type":"image\/webp","filesize":120120,"source_url":"https:\/\/sumesgutner.de\/wp-content\/uploads\/2025\/02\/Sumesgutner-Gemeindehaus-Bladenhorst-ZIon-Herne-GER-4-1024x683.webp"},"thumbnail":{"file":"Sumesgutner-Gemeindehaus-Bladenhorst-ZIon-Herne-GER-4-150x150.webp","width":150,"height":150,"mime-type":"image\/webp","filesize":4480,"source_url":"https:\/\/sumesgutner.de\/wp-content\/uploads\/2025\/02\/Sumesgutner-Gemeindehaus-Bladenhorst-ZIon-Herne-GER-4-150x150.webp"},"medium_large":{"file":"Sumesgutner-Gemeindehaus-Bladenhorst-ZIon-Herne-GER-4-768x512.webp","width":768,"height":512,"mime-type":"image\/webp","filesize":65444,"source_url":"https:\/\/sumesgutner.de\/wp-content\/uploads\/2025\/02\/Sumesgutner-Gemeindehaus-Bladenhorst-ZIon-Herne-GER-4-768x512.webp"},"1536x1536":{"file":"Sumesgutner-Gemeindehaus-Bladenhorst-ZIon-Herne-GER-4-1536x1025.webp","width":1536,"height":1025,"mime-type":"image\/webp","filesize":275142,"source_url":"https:\/\/sumesgutner.de\/wp-content\/uploads\/2025\/02\/Sumesgutner-Gemeindehaus-Bladenhorst-ZIon-Herne-GER-4-1536x1025.webp"}}},"alt_text":"","url":"","target":""},{"id":4322,"title":"Sumesgutner Gemeindehaus Bladenhorst ZIon Herne (GER) (3)","caption":"","full_image_url":"https:\/\/sumesgutner.de\/wp-content\/uploads\/2025\/02\/Sumesgutner-Gemeindehaus-Bladenhorst-ZIon-Herne-GER-3-1.webp","thumbnail_image_url":"https:\/\/sumesgutner.de\/wp-content\/uploads\/2025\/02\/Sumesgutner-Gemeindehaus-Bladenhorst-ZIon-Herne-GER-3-1-150x150.webp","large_srcset":"https:\/\/sumesgutner.de\/wp-content\/uploads\/2025\/02\/Sumesgutner-Gemeindehaus-Bladenhorst-ZIon-Herne-GER-3-1-1024x683.webp 1024w, https:\/\/sumesgutner.de\/wp-content\/uploads\/2025\/02\/Sumesgutner-Gemeindehaus-Bladenhorst-ZIon-Herne-GER-3-1-300x200.webp 300w, https:\/\/sumesgutner.de\/wp-content\/uploads\/2025\/02\/Sumesgutner-Gemeindehaus-Bladenhorst-ZIon-Herne-GER-3-1-768x512.webp 768w, https:\/\/sumesgutner.de\/wp-content\/uploads\/2025\/02\/Sumesgutner-Gemeindehaus-Bladenhorst-ZIon-Herne-GER-3-1-1536x1025.webp 1536w, https:\/\/sumesgutner.de\/wp-content\/uploads\/2025\/02\/Sumesgutner-Gemeindehaus-Bladenhorst-ZIon-Herne-GER-3-1.webp 2000w","medium_srcset":"https:\/\/sumesgutner.de\/wp-content\/uploads\/2025\/02\/Sumesgutner-Gemeindehaus-Bladenhorst-ZIon-Herne-GER-3-1-300x200.webp 300w, https:\/\/sumesgutner.de\/wp-content\/uploads\/2025\/02\/Sumesgutner-Gemeindehaus-Bladenhorst-ZIon-Herne-GER-3-1-1024x683.webp 1024w, https:\/\/sumesgutner.de\/wp-content\/uploads\/2025\/02\/Sumesgutner-Gemeindehaus-Bladenhorst-ZIon-Herne-GER-3-1-768x512.webp 768w, https:\/\/sumesgutner.de\/wp-content\/uploads\/2025\/02\/Sumesgutner-Gemeindehaus-Bladenhorst-ZIon-Herne-GER-3-1-1536x1025.webp 1536w, https:\/\/sumesgutner.de\/wp-content\/uploads\/2025\/02\/Sumesgutner-Gemeindehaus-Bladenhorst-ZIon-Herne-GER-3-1.webp 2000w","media_details":{"width":2000,"height":1334,"sizes":{"medium":{"file":"Sumesgutner-Gemeindehaus-Bladenhorst-ZIon-Herne-GER-3-1-300x200.webp","width":300,"height":200,"mime-type":"image\/webp","filesize":4916,"source_url":"https:\/\/sumesgutner.de\/wp-content\/uploads\/2025\/02\/Sumesgutner-Gemeindehaus-Bladenhorst-ZIon-Herne-GER-3-1-300x200.webp"},"large":{"file":"Sumesgutner-Gemeindehaus-Bladenhorst-ZIon-Herne-GER-3-1-1024x683.webp","width":1024,"height":683,"mime-type":"image\/webp","filesize":35092,"source_url":"https:\/\/sumesgutner.de\/wp-content\/uploads\/2025\/02\/Sumesgutner-Gemeindehaus-Bladenhorst-ZIon-Herne-GER-3-1-1024x683.webp"},"thumbnail":{"file":"Sumesgutner-Gemeindehaus-Bladenhorst-ZIon-Herne-GER-3-1-150x150.webp","width":150,"height":150,"mime-type":"image\/webp","filesize":3268,"source_url":"https:\/\/sumesgutner.de\/wp-content\/uploads\/2025\/02\/Sumesgutner-Gemeindehaus-Bladenhorst-ZIon-Herne-GER-3-1-150x150.webp"},"medium_large":{"file":"Sumesgutner-Gemeindehaus-Bladenhorst-ZIon-Herne-GER-3-1-768x512.webp","width":768,"height":512,"mime-type":"image\/webp","filesize":21088,"source_url":"https:\/\/sumesgutner.de\/wp-content\/uploads\/2025\/02\/Sumesgutner-Gemeindehaus-Bladenhorst-ZIon-Herne-GER-3-1-768x512.webp"},"1536x1536":{"file":"Sumesgutner-Gemeindehaus-Bladenhorst-ZIon-Herne-GER-3-1-1536x1025.webp","width":1536,"height":1025,"mime-type":"image\/webp","filesize":67476,"source_url":"https:\/\/sumesgutner.de\/wp-content\/uploads\/2025\/02\/Sumesgutner-Gemeindehaus-Bladenhorst-ZIon-Herne-GER-3-1-1536x1025.webp"}}},"alt_text":"Gemeindehaus Bladenhorst ZIon Herne, Glasfront","url":"","target":""},{"id":4321,"title":"Sumesgutner Gemeindehaus Bladenhorst ZIon Herne (GER) (2)","caption":"","full_image_url":"https:\/\/sumesgutner.de\/wp-content\/uploads\/2025\/02\/Sumesgutner-Gemeindehaus-Bladenhorst-ZIon-Herne-GER-2-1.webp","thumbnail_image_url":"https:\/\/sumesgutner.de\/wp-content\/uploads\/2025\/02\/Sumesgutner-Gemeindehaus-Bladenhorst-ZIon-Herne-GER-2-1-150x150.webp","large_srcset":"https:\/\/sumesgutner.de\/wp-content\/uploads\/2025\/02\/Sumesgutner-Gemeindehaus-Bladenhorst-ZIon-Herne-GER-2-1-1024x683.webp 1024w, https:\/\/sumesgutner.de\/wp-content\/uploads\/2025\/02\/Sumesgutner-Gemeindehaus-Bladenhorst-ZIon-Herne-GER-2-1-300x200.webp 300w, https:\/\/sumesgutner.de\/wp-content\/uploads\/2025\/02\/Sumesgutner-Gemeindehaus-Bladenhorst-ZIon-Herne-GER-2-1-768x512.webp 768w, https:\/\/sumesgutner.de\/wp-content\/uploads\/2025\/02\/Sumesgutner-Gemeindehaus-Bladenhorst-ZIon-Herne-GER-2-1-1536x1025.webp 1536w, https:\/\/sumesgutner.de\/wp-content\/uploads\/2025\/02\/Sumesgutner-Gemeindehaus-Bladenhorst-ZIon-Herne-GER-2-1.webp 2000w","medium_srcset":"https:\/\/sumesgutner.de\/wp-content\/uploads\/2025\/02\/Sumesgutner-Gemeindehaus-Bladenhorst-ZIon-Herne-GER-2-1-300x200.webp 300w, https:\/\/sumesgutner.de\/wp-content\/uploads\/2025\/02\/Sumesgutner-Gemeindehaus-Bladenhorst-ZIon-Herne-GER-2-1-1024x683.webp 1024w, https:\/\/sumesgutner.de\/wp-content\/uploads\/2025\/02\/Sumesgutner-Gemeindehaus-Bladenhorst-ZIon-Herne-GER-2-1-768x512.webp 768w, https:\/\/sumesgutner.de\/wp-content\/uploads\/2025\/02\/Sumesgutner-Gemeindehaus-Bladenhorst-ZIon-Herne-GER-2-1-1536x1025.webp 1536w, https:\/\/sumesgutner.de\/wp-content\/uploads\/2025\/02\/Sumesgutner-Gemeindehaus-Bladenhorst-ZIon-Herne-GER-2-1.webp 2000w","media_details":{"width":2000,"height":1334,"sizes":{"medium":{"file":"Sumesgutner-Gemeindehaus-Bladenhorst-ZIon-Herne-GER-2-1-300x200.webp","width":300,"height":200,"mime-type":"image\/webp","filesize":12600,"source_url":"https:\/\/sumesgutner.de\/wp-content\/uploads\/2025\/02\/Sumesgutner-Gemeindehaus-Bladenhorst-ZIon-Herne-GER-2-1-300x200.webp"},"large":{"file":"Sumesgutner-Gemeindehaus-Bladenhorst-ZIon-Herne-GER-2-1-1024x683.webp","width":1024,"height":683,"mime-type":"image\/webp","filesize":70944,"source_url":"https:\/\/sumesgutner.de\/wp-content\/uploads\/2025\/02\/Sumesgutner-Gemeindehaus-Bladenhorst-ZIon-Herne-GER-2-1-1024x683.webp"},"thumbnail":{"file":"Sumesgutner-Gemeindehaus-Bladenhorst-ZIon-Herne-GER-2-1-150x150.webp","width":150,"height":150,"mime-type":"image\/webp","filesize":8058,"source_url":"https:\/\/sumesgutner.de\/wp-content\/uploads\/2025\/02\/Sumesgutner-Gemeindehaus-Bladenhorst-ZIon-Herne-GER-2-1-150x150.webp"},"medium_large":{"file":"Sumesgutner-Gemeindehaus-Bladenhorst-ZIon-Herne-GER-2-1-768x512.webp","width":768,"height":512,"mime-type":"image\/webp","filesize":46916,"source_url":"https:\/\/sumesgutner.de\/wp-content\/uploads\/2025\/02\/Sumesgutner-Gemeindehaus-Bladenhorst-ZIon-Herne-GER-2-1-768x512.webp"},"1536x1536":{"file":"Sumesgutner-Gemeindehaus-Bladenhorst-ZIon-Herne-GER-2-1-1536x1025.webp","width":1536,"height":1025,"mime-type":"image\/webp","filesize":121248,"source_url":"https:\/\/sumesgutner.de\/wp-content\/uploads\/2025\/02\/Sumesgutner-Gemeindehaus-Bladenhorst-ZIon-Herne-GER-2-1-1536x1025.webp"}}},"alt_text":"Gemeindehaus Bladenhorst ZIon Herne, Ziegelfassade Detail","url":"","target":""},{"id":4320,"title":"Sumesgutner Gemeindehaus Bladenhorst ZIon Herne (GER) (1)","caption":"","full_image_url":"https:\/\/sumesgutner.de\/wp-content\/uploads\/2025\/02\/Sumesgutner-Gemeindehaus-Bladenhorst-ZIon-Herne-GER-1-1.webp","thumbnail_image_url":"https:\/\/sumesgutner.de\/wp-content\/uploads\/2025\/02\/Sumesgutner-Gemeindehaus-Bladenhorst-ZIon-Herne-GER-1-1-150x150.webp","large_srcset":"https:\/\/sumesgutner.de\/wp-content\/uploads\/2025\/02\/Sumesgutner-Gemeindehaus-Bladenhorst-ZIon-Herne-GER-1-1-1024x683.webp 1024w, https:\/\/sumesgutner.de\/wp-content\/uploads\/2025\/02\/Sumesgutner-Gemeindehaus-Bladenhorst-ZIon-Herne-GER-1-1-300x200.webp 300w, https:\/\/sumesgutner.de\/wp-content\/uploads\/2025\/02\/Sumesgutner-Gemeindehaus-Bladenhorst-ZIon-Herne-GER-1-1-768x512.webp 768w, https:\/\/sumesgutner.de\/wp-content\/uploads\/2025\/02\/Sumesgutner-Gemeindehaus-Bladenhorst-ZIon-Herne-GER-1-1-1536x1025.webp 1536w, https:\/\/sumesgutner.de\/wp-content\/uploads\/2025\/02\/Sumesgutner-Gemeindehaus-Bladenhorst-ZIon-Herne-GER-1-1.webp 2000w","medium_srcset":"https:\/\/sumesgutner.de\/wp-content\/uploads\/2025\/02\/Sumesgutner-Gemeindehaus-Bladenhorst-ZIon-Herne-GER-1-1-300x200.webp 300w, https:\/\/sumesgutner.de\/wp-content\/uploads\/2025\/02\/Sumesgutner-Gemeindehaus-Bladenhorst-ZIon-Herne-GER-1-1-1024x683.webp 1024w, https:\/\/sumesgutner.de\/wp-content\/uploads\/2025\/02\/Sumesgutner-Gemeindehaus-Bladenhorst-ZIon-Herne-GER-1-1-768x512.webp 768w, https:\/\/sumesgutner.de\/wp-content\/uploads\/2025\/02\/Sumesgutner-Gemeindehaus-Bladenhorst-ZIon-Herne-GER-1-1-1536x1025.webp 1536w, https:\/\/sumesgutner.de\/wp-content\/uploads\/2025\/02\/Sumesgutner-Gemeindehaus-Bladenhorst-ZIon-Herne-GER-1-1.webp 2000w","media_details":{"width":2000,"height":1334,"sizes":{"medium":{"file":"Sumesgutner-Gemeindehaus-Bladenhorst-ZIon-Herne-GER-1-1-300x200.webp","width":300,"height":200,"mime-type":"image\/webp","filesize":7844,"source_url":"https:\/\/sumesgutner.de\/wp-content\/uploads\/2025\/02\/Sumesgutner-Gemeindehaus-Bladenhorst-ZIon-Herne-GER-1-1-300x200.webp"},"large":{"file":"Sumesgutner-Gemeindehaus-Bladenhorst-ZIon-Herne-GER-1-1-1024x683.webp","width":1024,"height":683,"mime-type":"image\/webp","filesize":63146,"source_url":"https:\/\/sumesgutner.de\/wp-content\/uploads\/2025\/02\/Sumesgutner-Gemeindehaus-Bladenhorst-ZIon-Herne-GER-1-1-1024x683.webp"},"thumbnail":{"file":"Sumesgutner-Gemeindehaus-Bladenhorst-ZIon-Herne-GER-1-1-150x150.webp","width":150,"height":150,"mime-type":"image\/webp","filesize":4486,"source_url":"https:\/\/sumesgutner.de\/wp-content\/uploads\/2025\/02\/Sumesgutner-Gemeindehaus-Bladenhorst-ZIon-Herne-GER-1-1-150x150.webp"},"medium_large":{"file":"Sumesgutner-Gemeindehaus-Bladenhorst-ZIon-Herne-GER-1-1-768x512.webp","width":768,"height":512,"mime-type":"image\/webp","filesize":39942,"source_url":"https:\/\/sumesgutner.de\/wp-content\/uploads\/2025\/02\/Sumesgutner-Gemeindehaus-Bladenhorst-ZIon-Herne-GER-1-1-768x512.webp"},"1536x1536":{"file":"Sumesgutner-Gemeindehaus-Bladenhorst-ZIon-Herne-GER-1-1-1536x1025.webp","width":1536,"height":1025,"mime-type":"image\/webp","filesize":116270,"source_url":"https:\/\/sumesgutner.de\/wp-content\/uploads\/2025\/02\/Sumesgutner-Gemeindehaus-Bladenhorst-ZIon-Herne-GER-1-1-1536x1025.webp"}}},"alt_text":"Gemeindehaus Bladenhorst ZIon Herne, Ziegelfassade Detail, Treppe","url":"","target":""},{"id":3517,"title":"Sumesgutner Gemeindehaus Bladenhorst ZIon Herne (GER) (3)","caption":"","full_image_url":"https:\/\/sumesgutner.de\/wp-content\/uploads\/2025\/02\/Sumesgutner-Gemeindehaus-Bladenhorst-ZIon-Herne-GER-3.webp","thumbnail_image_url":"https:\/\/sumesgutner.de\/wp-content\/uploads\/2025\/02\/Sumesgutner-Gemeindehaus-Bladenhorst-ZIon-Herne-GER-3-150x150.webp","large_srcset":"https:\/\/sumesgutner.de\/wp-content\/uploads\/2025\/02\/Sumesgutner-Gemeindehaus-Bladenhorst-ZIon-Herne-GER-3-1024x683.webp 1024w, https:\/\/sumesgutner.de\/wp-content\/uploads\/2025\/02\/Sumesgutner-Gemeindehaus-Bladenhorst-ZIon-Herne-GER-3-300x200.webp 300w, https:\/\/sumesgutner.de\/wp-content\/uploads\/2025\/02\/Sumesgutner-Gemeindehaus-Bladenhorst-ZIon-Herne-GER-3-768x512.webp 768w, https:\/\/sumesgutner.de\/wp-content\/uploads\/2025\/02\/Sumesgutner-Gemeindehaus-Bladenhorst-ZIon-Herne-GER-3-1536x1025.webp 1536w, https:\/\/sumesgutner.de\/wp-content\/uploads\/2025\/02\/Sumesgutner-Gemeindehaus-Bladenhorst-ZIon-Herne-GER-3.webp 2000w","medium_srcset":"https:\/\/sumesgutner.de\/wp-content\/uploads\/2025\/02\/Sumesgutner-Gemeindehaus-Bladenhorst-ZIon-Herne-GER-3-300x200.webp 300w, https:\/\/sumesgutner.de\/wp-content\/uploads\/2025\/02\/Sumesgutner-Gemeindehaus-Bladenhorst-ZIon-Herne-GER-3-1024x683.webp 1024w, https:\/\/sumesgutner.de\/wp-content\/uploads\/2025\/02\/Sumesgutner-Gemeindehaus-Bladenhorst-ZIon-Herne-GER-3-768x512.webp 768w, https:\/\/sumesgutner.de\/wp-content\/uploads\/2025\/02\/Sumesgutner-Gemeindehaus-Bladenhorst-ZIon-Herne-GER-3-1536x1025.webp 1536w, https:\/\/sumesgutner.de\/wp-content\/uploads\/2025\/02\/Sumesgutner-Gemeindehaus-Bladenhorst-ZIon-Herne-GER-3.webp 2000w","media_details":{"width":2000,"height":1334,"sizes":{"medium":{"file":"Sumesgutner-Gemeindehaus-Bladenhorst-ZIon-Herne-GER-3-300x200.webp","width":300,"height":200,"mime-type":"image\/webp","filesize":14778,"source_url":"https:\/\/sumesgutner.de\/wp-content\/uploads\/2025\/02\/Sumesgutner-Gemeindehaus-Bladenhorst-ZIon-Herne-GER-3-300x200.webp"},"large":{"file":"Sumesgutner-Gemeindehaus-Bladenhorst-ZIon-Herne-GER-3-1024x683.webp","width":1024,"height":683,"mime-type":"image\/webp","filesize":104334,"source_url":"https:\/\/sumesgutner.de\/wp-content\/uploads\/2025\/02\/Sumesgutner-Gemeindehaus-Bladenhorst-ZIon-Herne-GER-3-1024x683.webp"},"thumbnail":{"file":"Sumesgutner-Gemeindehaus-Bladenhorst-ZIon-Herne-GER-3-150x150.webp","width":150,"height":150,"mime-type":"image\/webp","filesize":5920,"source_url":"https:\/\/sumesgutner.de\/wp-content\/uploads\/2025\/02\/Sumesgutner-Gemeindehaus-Bladenhorst-ZIon-Herne-GER-3-150x150.webp"},"medium_large":{"file":"Sumesgutner-Gemeindehaus-Bladenhorst-ZIon-Herne-GER-3-768x512.webp","width":768,"height":512,"mime-type":"image\/webp","filesize":67154,"source_url":"https:\/\/sumesgutner.de\/wp-content\/uploads\/2025\/02\/Sumesgutner-Gemeindehaus-Bladenhorst-ZIon-Herne-GER-3-768x512.webp"},"1536x1536":{"file":"Sumesgutner-Gemeindehaus-Bladenhorst-ZIon-Herne-GER-3-1536x1025.webp","width":1536,"height":1025,"mime-type":"image\/webp","filesize":195230,"source_url":"https:\/\/sumesgutner.de\/wp-content\/uploads\/2025\/02\/Sumesgutner-Gemeindehaus-Bladenhorst-ZIon-Herne-GER-3-1536x1025.webp"}}},"alt_text":"","url":"","target":""},{"id":3516,"title":"Sumesgutner Gemeindehaus Bladenhorst ZIon Herne (GER) (2)","caption":"","full_image_url":"https:\/\/sumesgutner.de\/wp-content\/uploads\/2025\/02\/Sumesgutner-Gemeindehaus-Bladenhorst-ZIon-Herne-GER-2.webp","thumbnail_image_url":"https:\/\/sumesgutner.de\/wp-content\/uploads\/2025\/02\/Sumesgutner-Gemeindehaus-Bladenhorst-ZIon-Herne-GER-2-150x150.webp","large_srcset":"https:\/\/sumesgutner.de\/wp-content\/uploads\/2025\/02\/Sumesgutner-Gemeindehaus-Bladenhorst-ZIon-Herne-GER-2-1024x683.webp 1024w, https:\/\/sumesgutner.de\/wp-content\/uploads\/2025\/02\/Sumesgutner-Gemeindehaus-Bladenhorst-ZIon-Herne-GER-2-300x200.webp 300w, https:\/\/sumesgutner.de\/wp-content\/uploads\/2025\/02\/Sumesgutner-Gemeindehaus-Bladenhorst-ZIon-Herne-GER-2-768x512.webp 768w, https:\/\/sumesgutner.de\/wp-content\/uploads\/2025\/02\/Sumesgutner-Gemeindehaus-Bladenhorst-ZIon-Herne-GER-2-1536x1025.webp 1536w, https:\/\/sumesgutner.de\/wp-content\/uploads\/2025\/02\/Sumesgutner-Gemeindehaus-Bladenhorst-ZIon-Herne-GER-2.webp 2000w","medium_srcset":"https:\/\/sumesgutner.de\/wp-content\/uploads\/2025\/02\/Sumesgutner-Gemeindehaus-Bladenhorst-ZIon-Herne-GER-2-300x200.webp 300w, https:\/\/sumesgutner.de\/wp-content\/uploads\/2025\/02\/Sumesgutner-Gemeindehaus-Bladenhorst-ZIon-Herne-GER-2-1024x683.webp 1024w, https:\/\/sumesgutner.de\/wp-content\/uploads\/2025\/02\/Sumesgutner-Gemeindehaus-Bladenhorst-ZIon-Herne-GER-2-768x512.webp 768w, https:\/\/sumesgutner.de\/wp-content\/uploads\/2025\/02\/Sumesgutner-Gemeindehaus-Bladenhorst-ZIon-Herne-GER-2-1536x1025.webp 1536w, https:\/\/sumesgutner.de\/wp-content\/uploads\/2025\/02\/Sumesgutner-Gemeindehaus-Bladenhorst-ZIon-Herne-GER-2.webp 2000w","media_details":{"width":2000,"height":1334,"sizes":{"medium":{"file":"Sumesgutner-Gemeindehaus-Bladenhorst-ZIon-Herne-GER-2-300x200.webp","width":300,"height":200,"mime-type":"image\/webp","filesize":14438,"source_url":"https:\/\/sumesgutner.de\/wp-content\/uploads\/2025\/02\/Sumesgutner-Gemeindehaus-Bladenhorst-ZIon-Herne-GER-2-300x200.webp"},"large":{"file":"Sumesgutner-Gemeindehaus-Bladenhorst-ZIon-Herne-GER-2-1024x683.webp","width":1024,"height":683,"mime-type":"image\/webp","filesize":145214,"source_url":"https:\/\/sumesgutner.de\/wp-content\/uploads\/2025\/02\/Sumesgutner-Gemeindehaus-Bladenhorst-ZIon-Herne-GER-2-1024x683.webp"},"thumbnail":{"file":"Sumesgutner-Gemeindehaus-Bladenhorst-ZIon-Herne-GER-2-150x150.webp","width":150,"height":150,"mime-type":"image\/webp","filesize":5894,"source_url":"https:\/\/sumesgutner.de\/wp-content\/uploads\/2025\/02\/Sumesgutner-Gemeindehaus-Bladenhorst-ZIon-Herne-GER-2-150x150.webp"},"medium_large":{"file":"Sumesgutner-Gemeindehaus-Bladenhorst-ZIon-Herne-GER-2-768x512.webp","width":768,"height":512,"mime-type":"image\/webp","filesize":81856,"source_url":"https:\/\/sumesgutner.de\/wp-content\/uploads\/2025\/02\/Sumesgutner-Gemeindehaus-Bladenhorst-ZIon-Herne-GER-2-768x512.webp"},"1536x1536":{"file":"Sumesgutner-Gemeindehaus-Bladenhorst-ZIon-Herne-GER-2-1536x1025.webp","width":1536,"height":1025,"mime-type":"image\/webp","filesize":320130,"source_url":"https:\/\/sumesgutner.de\/wp-content\/uploads\/2025\/02\/Sumesgutner-Gemeindehaus-Bladenhorst-ZIon-Herne-GER-2-1536x1025.webp"}}},"alt_text":"","url":"","target":""},{"id":3515,"title":"Sumesgutner Gemeindehaus Bladenhorst ZIon Herne (GER) (1)","caption":"","full_image_url":"https:\/\/sumesgutner.de\/wp-content\/uploads\/2025\/02\/Sumesgutner-Gemeindehaus-Bladenhorst-ZIon-Herne-GER-1.webp","thumbnail_image_url":"https:\/\/sumesgutner.de\/wp-content\/uploads\/2025\/02\/Sumesgutner-Gemeindehaus-Bladenhorst-ZIon-Herne-GER-1-150x150.webp","large_srcset":"https:\/\/sumesgutner.de\/wp-content\/uploads\/2025\/02\/Sumesgutner-Gemeindehaus-Bladenhorst-ZIon-Herne-GER-1-1024x683.webp 1024w, https:\/\/sumesgutner.de\/wp-content\/uploads\/2025\/02\/Sumesgutner-Gemeindehaus-Bladenhorst-ZIon-Herne-GER-1-300x200.webp 300w, https:\/\/sumesgutner.de\/wp-content\/uploads\/2025\/02\/Sumesgutner-Gemeindehaus-Bladenhorst-ZIon-Herne-GER-1-768x512.webp 768w, https:\/\/sumesgutner.de\/wp-content\/uploads\/2025\/02\/Sumesgutner-Gemeindehaus-Bladenhorst-ZIon-Herne-GER-1-1536x1025.webp 1536w, https:\/\/sumesgutner.de\/wp-content\/uploads\/2025\/02\/Sumesgutner-Gemeindehaus-Bladenhorst-ZIon-Herne-GER-1.webp 2000w","medium_srcset":"https:\/\/sumesgutner.de\/wp-content\/uploads\/2025\/02\/Sumesgutner-Gemeindehaus-Bladenhorst-ZIon-Herne-GER-1-300x200.webp 300w, https:\/\/sumesgutner.de\/wp-content\/uploads\/2025\/02\/Sumesgutner-Gemeindehaus-Bladenhorst-ZIon-Herne-GER-1-1024x683.webp 1024w, https:\/\/sumesgutner.de\/wp-content\/uploads\/2025\/02\/Sumesgutner-Gemeindehaus-Bladenhorst-ZIon-Herne-GER-1-768x512.webp 768w, https:\/\/sumesgutner.de\/wp-content\/uploads\/2025\/02\/Sumesgutner-Gemeindehaus-Bladenhorst-ZIon-Herne-GER-1-1536x1025.webp 1536w, https:\/\/sumesgutner.de\/wp-content\/uploads\/2025\/02\/Sumesgutner-Gemeindehaus-Bladenhorst-ZIon-Herne-GER-1.webp 2000w","media_details":{"width":2000,"height":1334,"sizes":{"medium":{"file":"Sumesgutner-Gemeindehaus-Bladenhorst-ZIon-Herne-GER-1-300x200.webp","width":300,"height":200,"mime-type":"image\/webp","filesize":10806,"source_url":"https:\/\/sumesgutner.de\/wp-content\/uploads\/2025\/02\/Sumesgutner-Gemeindehaus-Bladenhorst-ZIon-Herne-GER-1-300x200.webp"},"large":{"file":"Sumesgutner-Gemeindehaus-Bladenhorst-ZIon-Herne-GER-1-1024x683.webp","width":1024,"height":683,"mime-type":"image\/webp","filesize":99190,"source_url":"https:\/\/sumesgutner.de\/wp-content\/uploads\/2025\/02\/Sumesgutner-Gemeindehaus-Bladenhorst-ZIon-Herne-GER-1-1024x683.webp"},"thumbnail":{"file":"Sumesgutner-Gemeindehaus-Bladenhorst-ZIon-Herne-GER-1-150x150.webp","width":150,"height":150,"mime-type":"image\/webp","filesize":5460,"source_url":"https:\/\/sumesgutner.de\/wp-content\/uploads\/2025\/02\/Sumesgutner-Gemeindehaus-Bladenhorst-ZIon-Herne-GER-1-150x150.webp"},"medium_large":{"file":"Sumesgutner-Gemeindehaus-Bladenhorst-ZIon-Herne-GER-1-768x512.webp","width":768,"height":512,"mime-type":"image\/webp","filesize":54306,"source_url":"https:\/\/sumesgutner.de\/wp-content\/uploads\/2025\/02\/Sumesgutner-Gemeindehaus-Bladenhorst-ZIon-Herne-GER-1-768x512.webp"},"1536x1536":{"file":"Sumesgutner-Gemeindehaus-Bladenhorst-ZIon-Herne-GER-1-1536x1025.webp","width":1536,"height":1025,"mime-type":"image\/webp","filesize":237158,"source_url":"https:\/\/sumesgutner.de\/wp-content\/uploads\/2025\/02\/Sumesgutner-Gemeindehaus-Bladenhorst-ZIon-Herne-GER-1-1536x1025.webp"}}},"alt_text":"Saal, Sumesgutner Gemeindehaus Bladenhorst ZIon Herne (GER)","url":"","target":""}]]}},"yoast_head":"<!-- This site is optimized with the Yoast SEO plugin v25.3.1 - https:\/\/yoast.com\/wordpress\/plugins\/seo\/ -->\n<title>Gemeindehaus Bladenhorst Zion | Herne (GER) - Architekturfotografie<\/title>\n<meta name=\"robots\" content=\"index, follow, max-snippet:-1, max-image-preview:large, max-video-preview:-1\" \/>\n<link rel=\"canonical\" href=\"https:\/\/sumesgutner.de\/en\/projekt\/gemeindehaus-bladenhorst-zion-herne-ger\/\" \/>\n<meta property=\"og:locale\" content=\"en_US\" \/>\n<meta property=\"og:type\" content=\"article\" \/>\n<meta property=\"og:title\" content=\"Gemeindehaus Bladenhorst Zion | Herne (GER) - Architekturfotografie\" \/>\n<meta property=\"og:description\" content=\"Der Neubau spricht eine moderne zeitgem\u00e4\u00dfe Sprache und bildet mit der 1955 vom Architekten Kuschel gebauten Backsteinkirche ein Ensemble. Das Gemeindehaus \u00fcbernimmt die klare Formensprache und reagiert mit einem herausgedrehten Ziegelmauerwerk auf die Details der Kirche.\" \/>\n<meta property=\"og:url\" content=\"https:\/\/sumesgutner.de\/en\/projekt\/gemeindehaus-bladenhorst-zion-herne-ger\/\" \/>\n<meta property=\"og:site_name\" content=\"Architekturfotografie\" \/>\n<meta property=\"article:modified_time\" content=\"2026-04-28T19:55:08+00:00\" \/>\n<meta property=\"og:image\" content=\"https:\/\/sumesgutner.de\/wp-content\/uploads\/2025\/02\/Sumesgutner-Gemeindehaus-Bladenhorst-ZIon-Herne-GER-5.webp\" \/>\n\t<meta property=\"og:image:width\" content=\"2000\" \/>\n\t<meta property=\"og:image:height\" content=\"1334\" \/>\n\t<meta property=\"og:image:type\" content=\"image\/webp\" \/>\n<meta name=\"twitter:card\" content=\"summary_large_image\" \/>\n<script type=\"application\/ld+json\" class=\"yoast-schema-graph\">{\"@context\":\"https:\/\/schema.org\",\"@graph\":[{\"@type\":\"WebPage\",\"@id\":\"https:\/\/sumesgutner.de\/en\/projekt\/gemeindehaus-bladenhorst-zion-herne-ger\/\",\"url\":\"https:\/\/sumesgutner.de\/en\/projekt\/gemeindehaus-bladenhorst-zion-herne-ger\/\",\"name\":\"Gemeindehaus Bladenhorst Zion | Herne (GER) - Architekturfotografie\",\"isPartOf\":{\"@id\":\"https:\/\/sumesgutner.de\/#website\"},\"primaryImageOfPage\":{\"@id\":\"https:\/\/sumesgutner.de\/en\/projekt\/gemeindehaus-bladenhorst-zion-herne-ger\/#primaryimage\"},\"image\":{\"@id\":\"https:\/\/sumesgutner.de\/en\/projekt\/gemeindehaus-bladenhorst-zion-herne-ger\/#primaryimage\"},\"thumbnailUrl\":\"https:\/\/sumesgutner.de\/wp-content\/uploads\/2025\/02\/Sumesgutner-Gemeindehaus-Bladenhorst-ZIon-Herne-GER-5.webp\",\"datePublished\":\"2026-03-11T05:35:57+00:00\",\"dateModified\":\"2026-04-28T19:55:08+00:00\",\"breadcrumb\":{\"@id\":\"https:\/\/sumesgutner.de\/en\/projekt\/gemeindehaus-bladenhorst-zion-herne-ger\/#breadcrumb\"},\"inLanguage\":\"en-US\",\"potentialAction\":[{\"@type\":\"ReadAction\",\"target\":[\"https:\/\/sumesgutner.de\/en\/projekt\/gemeindehaus-bladenhorst-zion-herne-ger\/\"]}]},{\"@type\":\"ImageObject\",\"inLanguage\":\"en-US\",\"@id\":\"https:\/\/sumesgutner.de\/en\/projekt\/gemeindehaus-bladenhorst-zion-herne-ger\/#primaryimage\",\"url\":\"https:\/\/sumesgutner.de\/wp-content\/uploads\/2025\/02\/Sumesgutner-Gemeindehaus-Bladenhorst-ZIon-Herne-GER-5.webp\",\"contentUrl\":\"https:\/\/sumesgutner.de\/wp-content\/uploads\/2025\/02\/Sumesgutner-Gemeindehaus-Bladenhorst-ZIon-Herne-GER-5.webp\",\"width\":2000,\"height\":1334,\"caption\":\"Gemeindehaus Bladenhorst ZIon Herne, Fassade Klinker abends\"},{\"@type\":\"BreadcrumbList\",\"@id\":\"https:\/\/sumesgutner.de\/en\/projekt\/gemeindehaus-bladenhorst-zion-herne-ger\/#breadcrumb\",\"itemListElement\":[{\"@type\":\"ListItem\",\"position\":1,\"name\":\"Startseite\",\"item\":\"https:\/\/sumesgutner.de\/en\/\"},{\"@type\":\"ListItem\",\"position\":2,\"name\":\"Projekte\",\"item\":\"https:\/\/sumesgutner.de\/projekt\/\"},{\"@type\":\"ListItem\",\"position\":3,\"name\":\"Gemeindehaus Bladenhorst Zion | Herne (GER)\"}]},{\"@type\":\"WebSite\",\"@id\":\"https:\/\/sumesgutner.de\/#website\",\"url\":\"https:\/\/sumesgutner.de\/\",\"name\":\"Architekturfotografie\",\"description\":\"Daniel Sumesgutner\",\"publisher\":{\"@id\":\"https:\/\/sumesgutner.de\/#\/schema\/person\/1481b1612d46d5c079d62d2d2af96649\"},\"potentialAction\":[{\"@type\":\"SearchAction\",\"target\":{\"@type\":\"EntryPoint\",\"urlTemplate\":\"https:\/\/sumesgutner.de\/?s={search_term_string}\"},\"query-input\":{\"@type\":\"PropertyValueSpecification\",\"valueRequired\":true,\"valueName\":\"search_term_string\"}}],\"inLanguage\":\"en-US\"},{\"@type\":[\"Person\",\"Organization\"],\"@id\":\"https:\/\/sumesgutner.de\/#\/schema\/person\/1481b1612d46d5c079d62d2d2af96649\",\"name\":\"Daniel Sumesgutner\",\"image\":{\"@type\":\"ImageObject\",\"inLanguage\":\"en-US\",\"@id\":\"https:\/\/sumesgutner.de\/#\/schema\/person\/image\/\",\"url\":\"https:\/\/sumesgutner.de\/wp-content\/uploads\/2025\/03\/cropped-2025_11_2-100-px-72-dpi.jpg\",\"contentUrl\":\"https:\/\/sumesgutner.de\/wp-content\/uploads\/2025\/03\/cropped-2025_11_2-100-px-72-dpi.jpg\",\"width\":512,\"height\":512,\"caption\":\"Daniel Sumesgutner\"},\"logo\":{\"@id\":\"https:\/\/sumesgutner.de\/#\/schema\/person\/image\/\"}}]}<\/script>\n<!-- \/ Yoast SEO plugin. -->","yoast_head_json":{"title":"Gemeindehaus Bladenhorst Zion | Herne (GER) - Architekturfotografie","robots":{"index":"index","follow":"follow","max-snippet":"max-snippet:-1","max-image-preview":"max-image-preview:large","max-video-preview":"max-video-preview:-1"},"canonical":"https:\/\/sumesgutner.de\/en\/projekt\/gemeindehaus-bladenhorst-zion-herne-ger\/","og_locale":"en_US","og_type":"article","og_title":"Gemeindehaus Bladenhorst Zion | Herne (GER) - Architekturfotografie","og_description":"Der Neubau spricht eine moderne zeitgem\u00e4\u00dfe Sprache und bildet mit der 1955 vom Architekten Kuschel gebauten Backsteinkirche ein Ensemble. Das Gemeindehaus \u00fcbernimmt die klare Formensprache und reagiert mit einem herausgedrehten Ziegelmauerwerk auf die Details der Kirche.","og_url":"https:\/\/sumesgutner.de\/en\/projekt\/gemeindehaus-bladenhorst-zion-herne-ger\/","og_site_name":"Architekturfotografie","article_modified_time":"2026-04-28T19:55:08+00:00","og_image":[{"width":2000,"height":1334,"url":"https:\/\/sumesgutner.de\/wp-content\/uploads\/2025\/02\/Sumesgutner-Gemeindehaus-Bladenhorst-ZIon-Herne-GER-5.webp","type":"image\/webp"}],"twitter_card":"summary_large_image","schema":{"@context":"https:\/\/schema.org","@graph":[{"@type":"WebPage","@id":"https:\/\/sumesgutner.de\/en\/projekt\/gemeindehaus-bladenhorst-zion-herne-ger\/","url":"https:\/\/sumesgutner.de\/en\/projekt\/gemeindehaus-bladenhorst-zion-herne-ger\/","name":"Gemeindehaus Bladenhorst Zion | Herne (GER) - Architekturfotografie","isPartOf":{"@id":"https:\/\/sumesgutner.de\/#website"},"primaryImageOfPage":{"@id":"https:\/\/sumesgutner.de\/en\/projekt\/gemeindehaus-bladenhorst-zion-herne-ger\/#primaryimage"},"image":{"@id":"https:\/\/sumesgutner.de\/en\/projekt\/gemeindehaus-bladenhorst-zion-herne-ger\/#primaryimage"},"thumbnailUrl":"https:\/\/sumesgutner.de\/wp-content\/uploads\/2025\/02\/Sumesgutner-Gemeindehaus-Bladenhorst-ZIon-Herne-GER-5.webp","datePublished":"2026-03-11T05:35:57+00:00","dateModified":"2026-04-28T19:55:08+00:00","breadcrumb":{"@id":"https:\/\/sumesgutner.de\/en\/projekt\/gemeindehaus-bladenhorst-zion-herne-ger\/#breadcrumb"},"inLanguage":"en-US","potentialAction":[{"@type":"ReadAction","target":["https:\/\/sumesgutner.de\/en\/projekt\/gemeindehaus-bladenhorst-zion-herne-ger\/"]}]},{"@type":"ImageObject","inLanguage":"en-US","@id":"https:\/\/sumesgutner.de\/en\/projekt\/gemeindehaus-bladenhorst-zion-herne-ger\/#primaryimage","url":"https:\/\/sumesgutner.de\/wp-content\/uploads\/2025\/02\/Sumesgutner-Gemeindehaus-Bladenhorst-ZIon-Herne-GER-5.webp","contentUrl":"https:\/\/sumesgutner.de\/wp-content\/uploads\/2025\/02\/Sumesgutner-Gemeindehaus-Bladenhorst-ZIon-Herne-GER-5.webp","width":2000,"height":1334,"caption":"Gemeindehaus Bladenhorst ZIon Herne, Fassade Klinker abends"},{"@type":"BreadcrumbList","@id":"https:\/\/sumesgutner.de\/en\/projekt\/gemeindehaus-bladenhorst-zion-herne-ger\/#breadcrumb","itemListElement":[{"@type":"ListItem","position":1,"name":"Startseite","item":"https:\/\/sumesgutner.de\/en\/"},{"@type":"ListItem","position":2,"name":"Projekte","item":"https:\/\/sumesgutner.de\/projekt\/"},{"@type":"ListItem","position":3,"name":"Gemeindehaus Bladenhorst Zion | Herne (GER)"}]},{"@type":"WebSite","@id":"https:\/\/sumesgutner.de\/#website","url":"https:\/\/sumesgutner.de\/","name":"Architekturfotografie","description":"Daniel Sumesgutner","publisher":{"@id":"https:\/\/sumesgutner.de\/#\/schema\/person\/1481b1612d46d5c079d62d2d2af96649"},"potentialAction":[{"@type":"SearchAction","target":{"@type":"EntryPoint","urlTemplate":"https:\/\/sumesgutner.de\/?s={search_term_string}"},"query-input":{"@type":"PropertyValueSpecification","valueRequired":true,"valueName":"search_term_string"}}],"inLanguage":"en-US"},{"@type":["Person","Organization"],"@id":"https:\/\/sumesgutner.de\/#\/schema\/person\/1481b1612d46d5c079d62d2d2af96649","name":"Daniel Sumesgutner","image":{"@type":"ImageObject","inLanguage":"en-US","@id":"https:\/\/sumesgutner.de\/#\/schema\/person\/image\/","url":"https:\/\/sumesgutner.de\/wp-content\/uploads\/2025\/03\/cropped-2025_11_2-100-px-72-dpi.jpg","contentUrl":"https:\/\/sumesgutner.de\/wp-content\/uploads\/2025\/03\/cropped-2025_11_2-100-px-72-dpi.jpg","width":512,"height":512,"caption":"Daniel Sumesgutner"},"logo":{"@id":"https:\/\/sumesgutner.de\/#\/schema\/person\/image\/"}}]}},"_links":{"self":[{"href":"https:\/\/sumesgutner.de\/en\/wp-json\/wp\/v2\/projekt\/4615","targetHints":{"allow":["GET"]}}],"collection":[{"href":"https:\/\/sumesgutner.de\/en\/wp-json\/wp\/v2\/projekt"}],"about":[{"href":"https:\/\/sumesgutner.de\/en\/wp-json\/wp\/v2\/types\/projekt"}],"version-history":[{"count":2,"href":"https:\/\/sumesgutner.de\/en\/wp-json\/wp\/v2\/projekt\/4615\/revisions"}],"predecessor-version":[{"id":6145,"href":"https:\/\/sumesgutner.de\/en\/wp-json\/wp\/v2\/projekt\/4615\/revisions\/6145"}],"wp:featuredmedia":[{"embeddable":true,"href":"https:\/\/sumesgutner.de\/en\/wp-json\/wp\/v2\/media\/3519"}],"wp:attachment":[{"href":"https:\/\/sumesgutner.de\/en\/wp-json\/wp\/v2\/media?parent=4615"}],"wp:term":[{"taxonomy":"kategorie","embeddable":true,"href":"https:\/\/sumesgutner.de\/en\/wp-json\/wp\/v2\/kategorie?post=4615"}],"curies":[{"name":"wp","href":"https:\/\/api.w.org\/{rel}","templated":true}]}}