{"id":4609,"date":"0117-01-01T02:33:47","date_gmt":"0117-01-01T01:40:19","guid":{"rendered":"https:\/\/sumesgutner.de\/projekt\/fischstrasse-21-lubeck-ger\/"},"modified":"2025-07-23T12:04:29","modified_gmt":"2025-07-23T10:04:29","slug":"fischstrasse-21-lubeck-ger","status":"publish","type":"projekt","link":"https:\/\/sumesgutner.de\/en\/projekt\/fischstrasse-21-lubeck-ger\/","title":{"rendered":"Fischstrasse 21 | Lu\u0308beck (GER)"},"content":{"rendered":"\n<p>Auf einem von 40 historischen Grundst\u00fccken entstand auf dem Areal des \u00e4ltesten Kaufmannsviertels der L\u00fcbecker Altstadt zwischen Marienkirche und Trave ein neues Stadtquartier, das sich in Parzellenstruktur und st\u00e4dtebaulichem Leitbild am historischen Vorbild orientiert. Mit seinen Bez\u00fcgen zum historischen L\u00fcbecker B\u00fcrgerhaus leistet das Geb\u00e4ude einen Beitrag f\u00fcr dieses herausragende st\u00e4dtebauliche Projekt im UNESCO Welterbe L\u00fcbecker Altstadt.<\/p>\n","protected":false},"excerpt":{"rendered":"<p>Auf einem von 40 historischen Grundst\u00fccken entstand auf dem Areal des \u00e4ltesten Kaufmannsviertels der L\u00fcbecker Altstadt zwischen Marienkirche und Trave ein neues Stadtquartier, das sich in Parzellenstruktur und st\u00e4dtebaulichem Leitbild am historischen Vorbild orientiert. Mit seinen Bez\u00fcgen zum historischen L\u00fcbecker B\u00fcrgerhaus leistet das Geb\u00e4ude einen Beitrag f\u00fcr dieses herausragende st\u00e4dtebauliche Projekt im UNESCO Welterbe L\u00fcbecker [&hellip;]<\/p>\n","protected":false},"featured_media":3506,"menu_order":0,"template":"","format":"standard","meta":{"_acf_changed":false,"footnotes":""},"kategorie":[44],"class_list":["post-4609","projekt","type-projekt","status-publish","format-standard","has-post-thumbnail","hentry","kategorie-residential-en"],"acf":{"photo_gallery":{"slider_images":[[{"id":4316,"title":"Sumesgutner Fischstrasse 21 L\u00fcbeck (GER) (8)","caption":"","full_image_url":"https:\/\/sumesgutner.de\/wp-content\/uploads\/2025\/02\/Sumesgutner-Fischstrasse-21-Lubeck-GER-8.webp","thumbnail_image_url":"https:\/\/sumesgutner.de\/wp-content\/uploads\/2025\/02\/Sumesgutner-Fischstrasse-21-Lubeck-GER-8-150x150.webp","large_srcset":"https:\/\/sumesgutner.de\/wp-content\/uploads\/2025\/02\/Sumesgutner-Fischstrasse-21-Lubeck-GER-8-1024x683.webp 1024w, https:\/\/sumesgutner.de\/wp-content\/uploads\/2025\/02\/Sumesgutner-Fischstrasse-21-Lubeck-GER-8-300x200.webp 300w, https:\/\/sumesgutner.de\/wp-content\/uploads\/2025\/02\/Sumesgutner-Fischstrasse-21-Lubeck-GER-8-768x512.webp 768w, https:\/\/sumesgutner.de\/wp-content\/uploads\/2025\/02\/Sumesgutner-Fischstrasse-21-Lubeck-GER-8-1536x1025.webp 1536w, https:\/\/sumesgutner.de\/wp-content\/uploads\/2025\/02\/Sumesgutner-Fischstrasse-21-Lubeck-GER-8.webp 2000w","medium_srcset":"https:\/\/sumesgutner.de\/wp-content\/uploads\/2025\/02\/Sumesgutner-Fischstrasse-21-Lubeck-GER-8-300x200.webp 300w, https:\/\/sumesgutner.de\/wp-content\/uploads\/2025\/02\/Sumesgutner-Fischstrasse-21-Lubeck-GER-8-1024x683.webp 1024w, https:\/\/sumesgutner.de\/wp-content\/uploads\/2025\/02\/Sumesgutner-Fischstrasse-21-Lubeck-GER-8-768x512.webp 768w, https:\/\/sumesgutner.de\/wp-content\/uploads\/2025\/02\/Sumesgutner-Fischstrasse-21-Lubeck-GER-8-1536x1025.webp 1536w, https:\/\/sumesgutner.de\/wp-content\/uploads\/2025\/02\/Sumesgutner-Fischstrasse-21-Lubeck-GER-8.webp 2000w","media_details":{"width":2000,"height":1334,"sizes":{"medium":{"file":"Sumesgutner-Fischstrasse-21-Lubeck-GER-8-300x200.webp","width":300,"height":200,"mime-type":"image\/webp","filesize":6294,"source_url":"https:\/\/sumesgutner.de\/wp-content\/uploads\/2025\/02\/Sumesgutner-Fischstrasse-21-Lubeck-GER-8-300x200.webp"},"large":{"file":"Sumesgutner-Fischstrasse-21-Lubeck-GER-8-1024x683.webp","width":1024,"height":683,"mime-type":"image\/webp","filesize":49346,"source_url":"https:\/\/sumesgutner.de\/wp-content\/uploads\/2025\/02\/Sumesgutner-Fischstrasse-21-Lubeck-GER-8-1024x683.webp"},"thumbnail":{"file":"Sumesgutner-Fischstrasse-21-Lubeck-GER-8-150x150.webp","width":150,"height":150,"mime-type":"image\/webp","filesize":3804,"source_url":"https:\/\/sumesgutner.de\/wp-content\/uploads\/2025\/02\/Sumesgutner-Fischstrasse-21-Lubeck-GER-8-150x150.webp"},"medium_large":{"file":"Sumesgutner-Fischstrasse-21-Lubeck-GER-8-768x512.webp","width":768,"height":512,"mime-type":"image\/webp","filesize":30968,"source_url":"https:\/\/sumesgutner.de\/wp-content\/uploads\/2025\/02\/Sumesgutner-Fischstrasse-21-Lubeck-GER-8-768x512.webp"},"1536x1536":{"file":"Sumesgutner-Fischstrasse-21-Lubeck-GER-8-1536x1025.webp","width":1536,"height":1025,"mime-type":"image\/webp","filesize":88688,"source_url":"https:\/\/sumesgutner.de\/wp-content\/uploads\/2025\/02\/Sumesgutner-Fischstrasse-21-Lubeck-GER-8-1536x1025.webp"}}},"alt_text":"Eingangst\u00fcr Wohnhaus","url":"","target":""},{"id":4315,"title":"Sumesgutner Fischstrasse 21 L\u00fcbeck (GER) (7)","caption":"","full_image_url":"https:\/\/sumesgutner.de\/wp-content\/uploads\/2025\/02\/Sumesgutner-Fischstrasse-21-Lubeck-GER-7.webp","thumbnail_image_url":"https:\/\/sumesgutner.de\/wp-content\/uploads\/2025\/02\/Sumesgutner-Fischstrasse-21-Lubeck-GER-7-150x150.webp","large_srcset":"https:\/\/sumesgutner.de\/wp-content\/uploads\/2025\/02\/Sumesgutner-Fischstrasse-21-Lubeck-GER-7-1024x683.webp 1024w, https:\/\/sumesgutner.de\/wp-content\/uploads\/2025\/02\/Sumesgutner-Fischstrasse-21-Lubeck-GER-7-300x200.webp 300w, https:\/\/sumesgutner.de\/wp-content\/uploads\/2025\/02\/Sumesgutner-Fischstrasse-21-Lubeck-GER-7-768x512.webp 768w, https:\/\/sumesgutner.de\/wp-content\/uploads\/2025\/02\/Sumesgutner-Fischstrasse-21-Lubeck-GER-7-1536x1025.webp 1536w, https:\/\/sumesgutner.de\/wp-content\/uploads\/2025\/02\/Sumesgutner-Fischstrasse-21-Lubeck-GER-7.webp 2000w","medium_srcset":"https:\/\/sumesgutner.de\/wp-content\/uploads\/2025\/02\/Sumesgutner-Fischstrasse-21-Lubeck-GER-7-300x200.webp 300w, https:\/\/sumesgutner.de\/wp-content\/uploads\/2025\/02\/Sumesgutner-Fischstrasse-21-Lubeck-GER-7-1024x683.webp 1024w, https:\/\/sumesgutner.de\/wp-content\/uploads\/2025\/02\/Sumesgutner-Fischstrasse-21-Lubeck-GER-7-768x512.webp 768w, https:\/\/sumesgutner.de\/wp-content\/uploads\/2025\/02\/Sumesgutner-Fischstrasse-21-Lubeck-GER-7-1536x1025.webp 1536w, https:\/\/sumesgutner.de\/wp-content\/uploads\/2025\/02\/Sumesgutner-Fischstrasse-21-Lubeck-GER-7.webp 2000w","media_details":{"width":2000,"height":1334,"sizes":{"medium":{"file":"Sumesgutner-Fischstrasse-21-Lubeck-GER-7-300x200.webp","width":300,"height":200,"mime-type":"image\/webp","filesize":9588,"source_url":"https:\/\/sumesgutner.de\/wp-content\/uploads\/2025\/02\/Sumesgutner-Fischstrasse-21-Lubeck-GER-7-300x200.webp"},"large":{"file":"Sumesgutner-Fischstrasse-21-Lubeck-GER-7-1024x683.webp","width":1024,"height":683,"mime-type":"image\/webp","filesize":69928,"source_url":"https:\/\/sumesgutner.de\/wp-content\/uploads\/2025\/02\/Sumesgutner-Fischstrasse-21-Lubeck-GER-7-1024x683.webp"},"thumbnail":{"file":"Sumesgutner-Fischstrasse-21-Lubeck-GER-7-150x150.webp","width":150,"height":150,"mime-type":"image\/webp","filesize":6068,"source_url":"https:\/\/sumesgutner.de\/wp-content\/uploads\/2025\/02\/Sumesgutner-Fischstrasse-21-Lubeck-GER-7-150x150.webp"},"medium_large":{"file":"Sumesgutner-Fischstrasse-21-Lubeck-GER-7-768x512.webp","width":768,"height":512,"mime-type":"image\/webp","filesize":42552,"source_url":"https:\/\/sumesgutner.de\/wp-content\/uploads\/2025\/02\/Sumesgutner-Fischstrasse-21-Lubeck-GER-7-768x512.webp"},"1536x1536":{"file":"Sumesgutner-Fischstrasse-21-Lubeck-GER-7-1536x1025.webp","width":1536,"height":1025,"mime-type":"image\/webp","filesize":130980,"source_url":"https:\/\/sumesgutner.de\/wp-content\/uploads\/2025\/02\/Sumesgutner-Fischstrasse-21-Lubeck-GER-7-1536x1025.webp"}}},"alt_text":"Wohnhaus L\u00fcbeck in Gr\u00fcnderviertel","url":"","target":""},{"id":4314,"title":"Sumesgutner Fischstrasse 21 L\u00fcbeck (GER) (6)","caption":"","full_image_url":"https:\/\/sumesgutner.de\/wp-content\/uploads\/2025\/02\/Sumesgutner-Fischstrasse-21-Lubeck-GER-6.webp","thumbnail_image_url":"https:\/\/sumesgutner.de\/wp-content\/uploads\/2025\/02\/Sumesgutner-Fischstrasse-21-Lubeck-GER-6-150x150.webp","large_srcset":"https:\/\/sumesgutner.de\/wp-content\/uploads\/2025\/02\/Sumesgutner-Fischstrasse-21-Lubeck-GER-6-1024x683.webp 1024w, https:\/\/sumesgutner.de\/wp-content\/uploads\/2025\/02\/Sumesgutner-Fischstrasse-21-Lubeck-GER-6-300x200.webp 300w, https:\/\/sumesgutner.de\/wp-content\/uploads\/2025\/02\/Sumesgutner-Fischstrasse-21-Lubeck-GER-6-768x512.webp 768w, https:\/\/sumesgutner.de\/wp-content\/uploads\/2025\/02\/Sumesgutner-Fischstrasse-21-Lubeck-GER-6-1536x1025.webp 1536w, https:\/\/sumesgutner.de\/wp-content\/uploads\/2025\/02\/Sumesgutner-Fischstrasse-21-Lubeck-GER-6.webp 2000w","medium_srcset":"https:\/\/sumesgutner.de\/wp-content\/uploads\/2025\/02\/Sumesgutner-Fischstrasse-21-Lubeck-GER-6-300x200.webp 300w, https:\/\/sumesgutner.de\/wp-content\/uploads\/2025\/02\/Sumesgutner-Fischstrasse-21-Lubeck-GER-6-1024x683.webp 1024w, https:\/\/sumesgutner.de\/wp-content\/uploads\/2025\/02\/Sumesgutner-Fischstrasse-21-Lubeck-GER-6-768x512.webp 768w, https:\/\/sumesgutner.de\/wp-content\/uploads\/2025\/02\/Sumesgutner-Fischstrasse-21-Lubeck-GER-6-1536x1025.webp 1536w, https:\/\/sumesgutner.de\/wp-content\/uploads\/2025\/02\/Sumesgutner-Fischstrasse-21-Lubeck-GER-6.webp 2000w","media_details":{"width":2000,"height":1334,"sizes":{"medium":{"file":"Sumesgutner-Fischstrasse-21-Lubeck-GER-6-300x200.webp","width":300,"height":200,"mime-type":"image\/webp","filesize":7548,"source_url":"https:\/\/sumesgutner.de\/wp-content\/uploads\/2025\/02\/Sumesgutner-Fischstrasse-21-Lubeck-GER-6-300x200.webp"},"large":{"file":"Sumesgutner-Fischstrasse-21-Lubeck-GER-6-1024x683.webp","width":1024,"height":683,"mime-type":"image\/webp","filesize":49862,"source_url":"https:\/\/sumesgutner.de\/wp-content\/uploads\/2025\/02\/Sumesgutner-Fischstrasse-21-Lubeck-GER-6-1024x683.webp"},"thumbnail":{"file":"Sumesgutner-Fischstrasse-21-Lubeck-GER-6-150x150.webp","width":150,"height":150,"mime-type":"image\/webp","filesize":5018,"source_url":"https:\/\/sumesgutner.de\/wp-content\/uploads\/2025\/02\/Sumesgutner-Fischstrasse-21-Lubeck-GER-6-150x150.webp"},"medium_large":{"file":"Sumesgutner-Fischstrasse-21-Lubeck-GER-6-768x512.webp","width":768,"height":512,"mime-type":"image\/webp","filesize":30890,"source_url":"https:\/\/sumesgutner.de\/wp-content\/uploads\/2025\/02\/Sumesgutner-Fischstrasse-21-Lubeck-GER-6-768x512.webp"},"1536x1536":{"file":"Sumesgutner-Fischstrasse-21-Lubeck-GER-6-1536x1025.webp","width":1536,"height":1025,"mime-type":"image\/webp","filesize":93306,"source_url":"https:\/\/sumesgutner.de\/wp-content\/uploads\/2025\/02\/Sumesgutner-Fischstrasse-21-Lubeck-GER-6-1536x1025.webp"}}},"alt_text":"Fischstrasse 21 L\u00fcbeck, Wohnhaus","url":"","target":""},{"id":4313,"title":"Sumesgutner Fischstrasse 21 L\u00fcbeck (GER) (5)","caption":"","full_image_url":"https:\/\/sumesgutner.de\/wp-content\/uploads\/2025\/02\/Sumesgutner-Fischstrasse-21-Lubeck-GER-5.webp","thumbnail_image_url":"https:\/\/sumesgutner.de\/wp-content\/uploads\/2025\/02\/Sumesgutner-Fischstrasse-21-Lubeck-GER-5-150x150.webp","large_srcset":"https:\/\/sumesgutner.de\/wp-content\/uploads\/2025\/02\/Sumesgutner-Fischstrasse-21-Lubeck-GER-5-1024x683.webp 1024w, https:\/\/sumesgutner.de\/wp-content\/uploads\/2025\/02\/Sumesgutner-Fischstrasse-21-Lubeck-GER-5-300x200.webp 300w, https:\/\/sumesgutner.de\/wp-content\/uploads\/2025\/02\/Sumesgutner-Fischstrasse-21-Lubeck-GER-5-768x512.webp 768w, https:\/\/sumesgutner.de\/wp-content\/uploads\/2025\/02\/Sumesgutner-Fischstrasse-21-Lubeck-GER-5-1536x1025.webp 1536w, https:\/\/sumesgutner.de\/wp-content\/uploads\/2025\/02\/Sumesgutner-Fischstrasse-21-Lubeck-GER-5.webp 2000w","medium_srcset":"https:\/\/sumesgutner.de\/wp-content\/uploads\/2025\/02\/Sumesgutner-Fischstrasse-21-Lubeck-GER-5-300x200.webp 300w, https:\/\/sumesgutner.de\/wp-content\/uploads\/2025\/02\/Sumesgutner-Fischstrasse-21-Lubeck-GER-5-1024x683.webp 1024w, https:\/\/sumesgutner.de\/wp-content\/uploads\/2025\/02\/Sumesgutner-Fischstrasse-21-Lubeck-GER-5-768x512.webp 768w, https:\/\/sumesgutner.de\/wp-content\/uploads\/2025\/02\/Sumesgutner-Fischstrasse-21-Lubeck-GER-5-1536x1025.webp 1536w, https:\/\/sumesgutner.de\/wp-content\/uploads\/2025\/02\/Sumesgutner-Fischstrasse-21-Lubeck-GER-5.webp 2000w","media_details":{"width":2000,"height":1334,"sizes":{"medium":{"file":"Sumesgutner-Fischstrasse-21-Lubeck-GER-5-300x200.webp","width":300,"height":200,"mime-type":"image\/webp","filesize":3482,"source_url":"https:\/\/sumesgutner.de\/wp-content\/uploads\/2025\/02\/Sumesgutner-Fischstrasse-21-Lubeck-GER-5-300x200.webp"},"large":{"file":"Sumesgutner-Fischstrasse-21-Lubeck-GER-5-1024x683.webp","width":1024,"height":683,"mime-type":"image\/webp","filesize":19002,"source_url":"https:\/\/sumesgutner.de\/wp-content\/uploads\/2025\/02\/Sumesgutner-Fischstrasse-21-Lubeck-GER-5-1024x683.webp"},"thumbnail":{"file":"Sumesgutner-Fischstrasse-21-Lubeck-GER-5-150x150.webp","width":150,"height":150,"mime-type":"image\/webp","filesize":2448,"source_url":"https:\/\/sumesgutner.de\/wp-content\/uploads\/2025\/02\/Sumesgutner-Fischstrasse-21-Lubeck-GER-5-150x150.webp"},"medium_large":{"file":"Sumesgutner-Fischstrasse-21-Lubeck-GER-5-768x512.webp","width":768,"height":512,"mime-type":"image\/webp","filesize":12316,"source_url":"https:\/\/sumesgutner.de\/wp-content\/uploads\/2025\/02\/Sumesgutner-Fischstrasse-21-Lubeck-GER-5-768x512.webp"},"1536x1536":{"file":"Sumesgutner-Fischstrasse-21-Lubeck-GER-5-1536x1025.webp","width":1536,"height":1025,"mime-type":"image\/webp","filesize":33072,"source_url":"https:\/\/sumesgutner.de\/wp-content\/uploads\/2025\/02\/Sumesgutner-Fischstrasse-21-Lubeck-GER-5-1536x1025.webp"}}},"alt_text":"Treppendetail, Handlauf","url":"","target":""},{"id":4312,"title":"Sumesgutner Fischstrasse 21 L\u00fcbeck (GER) (4)","caption":"","full_image_url":"https:\/\/sumesgutner.de\/wp-content\/uploads\/2025\/02\/Sumesgutner-Fischstrasse-21-Lubeck-GER-4-1.webp","thumbnail_image_url":"https:\/\/sumesgutner.de\/wp-content\/uploads\/2025\/02\/Sumesgutner-Fischstrasse-21-Lubeck-GER-4-1-150x150.webp","large_srcset":"https:\/\/sumesgutner.de\/wp-content\/uploads\/2025\/02\/Sumesgutner-Fischstrasse-21-Lubeck-GER-4-1-1024x683.webp 1024w, https:\/\/sumesgutner.de\/wp-content\/uploads\/2025\/02\/Sumesgutner-Fischstrasse-21-Lubeck-GER-4-1-300x200.webp 300w, https:\/\/sumesgutner.de\/wp-content\/uploads\/2025\/02\/Sumesgutner-Fischstrasse-21-Lubeck-GER-4-1-768x512.webp 768w, https:\/\/sumesgutner.de\/wp-content\/uploads\/2025\/02\/Sumesgutner-Fischstrasse-21-Lubeck-GER-4-1-1536x1025.webp 1536w, https:\/\/sumesgutner.de\/wp-content\/uploads\/2025\/02\/Sumesgutner-Fischstrasse-21-Lubeck-GER-4-1.webp 2000w","medium_srcset":"https:\/\/sumesgutner.de\/wp-content\/uploads\/2025\/02\/Sumesgutner-Fischstrasse-21-Lubeck-GER-4-1-300x200.webp 300w, https:\/\/sumesgutner.de\/wp-content\/uploads\/2025\/02\/Sumesgutner-Fischstrasse-21-Lubeck-GER-4-1-1024x683.webp 1024w, https:\/\/sumesgutner.de\/wp-content\/uploads\/2025\/02\/Sumesgutner-Fischstrasse-21-Lubeck-GER-4-1-768x512.webp 768w, https:\/\/sumesgutner.de\/wp-content\/uploads\/2025\/02\/Sumesgutner-Fischstrasse-21-Lubeck-GER-4-1-1536x1025.webp 1536w, https:\/\/sumesgutner.de\/wp-content\/uploads\/2025\/02\/Sumesgutner-Fischstrasse-21-Lubeck-GER-4-1.webp 2000w","media_details":{"width":2000,"height":1334,"sizes":{"medium":{"file":"Sumesgutner-Fischstrasse-21-Lubeck-GER-4-1-300x200.webp","width":300,"height":200,"mime-type":"image\/webp","filesize":3028,"source_url":"https:\/\/sumesgutner.de\/wp-content\/uploads\/2025\/02\/Sumesgutner-Fischstrasse-21-Lubeck-GER-4-1-300x200.webp"},"large":{"file":"Sumesgutner-Fischstrasse-21-Lubeck-GER-4-1-1024x683.webp","width":1024,"height":683,"mime-type":"image\/webp","filesize":13224,"source_url":"https:\/\/sumesgutner.de\/wp-content\/uploads\/2025\/02\/Sumesgutner-Fischstrasse-21-Lubeck-GER-4-1-1024x683.webp"},"thumbnail":{"file":"Sumesgutner-Fischstrasse-21-Lubeck-GER-4-1-150x150.webp","width":150,"height":150,"mime-type":"image\/webp","filesize":2096,"source_url":"https:\/\/sumesgutner.de\/wp-content\/uploads\/2025\/02\/Sumesgutner-Fischstrasse-21-Lubeck-GER-4-1-150x150.webp"},"medium_large":{"file":"Sumesgutner-Fischstrasse-21-Lubeck-GER-4-1-768x512.webp","width":768,"height":512,"mime-type":"image\/webp","filesize":9058,"source_url":"https:\/\/sumesgutner.de\/wp-content\/uploads\/2025\/02\/Sumesgutner-Fischstrasse-21-Lubeck-GER-4-1-768x512.webp"},"1536x1536":{"file":"Sumesgutner-Fischstrasse-21-Lubeck-GER-4-1-1536x1025.webp","width":1536,"height":1025,"mime-type":"image\/webp","filesize":23396,"source_url":"https:\/\/sumesgutner.de\/wp-content\/uploads\/2025\/02\/Sumesgutner-Fischstrasse-21-Lubeck-GER-4-1-1536x1025.webp"}}},"alt_text":"Treppendetail, Handlauf, Treppenstufen aus Holz","url":"","target":""},{"id":4311,"title":"Sumesgutner Fischstrasse 21 L\u00fcbeck (GER) (3)","caption":"","full_image_url":"https:\/\/sumesgutner.de\/wp-content\/uploads\/2025\/02\/Sumesgutner-Fischstrasse-21-Lubeck-GER-3-2.webp","thumbnail_image_url":"https:\/\/sumesgutner.de\/wp-content\/uploads\/2025\/02\/Sumesgutner-Fischstrasse-21-Lubeck-GER-3-2-150x150.webp","large_srcset":"https:\/\/sumesgutner.de\/wp-content\/uploads\/2025\/02\/Sumesgutner-Fischstrasse-21-Lubeck-GER-3-2-1024x683.webp 1024w, https:\/\/sumesgutner.de\/wp-content\/uploads\/2025\/02\/Sumesgutner-Fischstrasse-21-Lubeck-GER-3-2-300x200.webp 300w, https:\/\/sumesgutner.de\/wp-content\/uploads\/2025\/02\/Sumesgutner-Fischstrasse-21-Lubeck-GER-3-2-768x512.webp 768w, https:\/\/sumesgutner.de\/wp-content\/uploads\/2025\/02\/Sumesgutner-Fischstrasse-21-Lubeck-GER-3-2-1536x1025.webp 1536w, https:\/\/sumesgutner.de\/wp-content\/uploads\/2025\/02\/Sumesgutner-Fischstrasse-21-Lubeck-GER-3-2.webp 2000w","medium_srcset":"https:\/\/sumesgutner.de\/wp-content\/uploads\/2025\/02\/Sumesgutner-Fischstrasse-21-Lubeck-GER-3-2-300x200.webp 300w, https:\/\/sumesgutner.de\/wp-content\/uploads\/2025\/02\/Sumesgutner-Fischstrasse-21-Lubeck-GER-3-2-1024x683.webp 1024w, https:\/\/sumesgutner.de\/wp-content\/uploads\/2025\/02\/Sumesgutner-Fischstrasse-21-Lubeck-GER-3-2-768x512.webp 768w, https:\/\/sumesgutner.de\/wp-content\/uploads\/2025\/02\/Sumesgutner-Fischstrasse-21-Lubeck-GER-3-2-1536x1025.webp 1536w, https:\/\/sumesgutner.de\/wp-content\/uploads\/2025\/02\/Sumesgutner-Fischstrasse-21-Lubeck-GER-3-2.webp 2000w","media_details":{"width":2000,"height":1334,"sizes":{"medium":{"file":"Sumesgutner-Fischstrasse-21-Lubeck-GER-3-2-300x200.webp","width":300,"height":200,"mime-type":"image\/webp","filesize":7288,"source_url":"https:\/\/sumesgutner.de\/wp-content\/uploads\/2025\/02\/Sumesgutner-Fischstrasse-21-Lubeck-GER-3-2-300x200.webp"},"large":{"file":"Sumesgutner-Fischstrasse-21-Lubeck-GER-3-2-1024x683.webp","width":1024,"height":683,"mime-type":"image\/webp","filesize":65590,"source_url":"https:\/\/sumesgutner.de\/wp-content\/uploads\/2025\/02\/Sumesgutner-Fischstrasse-21-Lubeck-GER-3-2-1024x683.webp"},"thumbnail":{"file":"Sumesgutner-Fischstrasse-21-Lubeck-GER-3-2-150x150.webp","width":150,"height":150,"mime-type":"image\/webp","filesize":4580,"source_url":"https:\/\/sumesgutner.de\/wp-content\/uploads\/2025\/02\/Sumesgutner-Fischstrasse-21-Lubeck-GER-3-2-150x150.webp"},"medium_large":{"file":"Sumesgutner-Fischstrasse-21-Lubeck-GER-3-2-768x512.webp","width":768,"height":512,"mime-type":"image\/webp","filesize":39106,"source_url":"https:\/\/sumesgutner.de\/wp-content\/uploads\/2025\/02\/Sumesgutner-Fischstrasse-21-Lubeck-GER-3-2-768x512.webp"},"1536x1536":{"file":"Sumesgutner-Fischstrasse-21-Lubeck-GER-3-2-1536x1025.webp","width":1536,"height":1025,"mime-type":"image\/webp","filesize":129708,"source_url":"https:\/\/sumesgutner.de\/wp-content\/uploads\/2025\/02\/Sumesgutner-Fischstrasse-21-Lubeck-GER-3-2-1536x1025.webp"}}},"alt_text":"Wohnhaus Eingangst\u00fcr rund ","url":"","target":""},{"id":4310,"title":"Sumesgutner Fischstrasse 21 L\u00fcbeck (GER) (2)","caption":"","full_image_url":"https:\/\/sumesgutner.de\/wp-content\/uploads\/2025\/02\/Sumesgutner-Fischstrasse-21-Lubeck-GER-2-1.webp","thumbnail_image_url":"https:\/\/sumesgutner.de\/wp-content\/uploads\/2025\/02\/Sumesgutner-Fischstrasse-21-Lubeck-GER-2-1-150x150.webp","large_srcset":"https:\/\/sumesgutner.de\/wp-content\/uploads\/2025\/02\/Sumesgutner-Fischstrasse-21-Lubeck-GER-2-1-1024x683.webp 1024w, https:\/\/sumesgutner.de\/wp-content\/uploads\/2025\/02\/Sumesgutner-Fischstrasse-21-Lubeck-GER-2-1-300x200.webp 300w, https:\/\/sumesgutner.de\/wp-content\/uploads\/2025\/02\/Sumesgutner-Fischstrasse-21-Lubeck-GER-2-1-768x512.webp 768w, https:\/\/sumesgutner.de\/wp-content\/uploads\/2025\/02\/Sumesgutner-Fischstrasse-21-Lubeck-GER-2-1-1536x1025.webp 1536w, https:\/\/sumesgutner.de\/wp-content\/uploads\/2025\/02\/Sumesgutner-Fischstrasse-21-Lubeck-GER-2-1.webp 2000w","medium_srcset":"https:\/\/sumesgutner.de\/wp-content\/uploads\/2025\/02\/Sumesgutner-Fischstrasse-21-Lubeck-GER-2-1-300x200.webp 300w, https:\/\/sumesgutner.de\/wp-content\/uploads\/2025\/02\/Sumesgutner-Fischstrasse-21-Lubeck-GER-2-1-1024x683.webp 1024w, https:\/\/sumesgutner.de\/wp-content\/uploads\/2025\/02\/Sumesgutner-Fischstrasse-21-Lubeck-GER-2-1-768x512.webp 768w, https:\/\/sumesgutner.de\/wp-content\/uploads\/2025\/02\/Sumesgutner-Fischstrasse-21-Lubeck-GER-2-1-1536x1025.webp 1536w, https:\/\/sumesgutner.de\/wp-content\/uploads\/2025\/02\/Sumesgutner-Fischstrasse-21-Lubeck-GER-2-1.webp 2000w","media_details":{"width":2000,"height":1334,"sizes":{"medium":{"file":"Sumesgutner-Fischstrasse-21-Lubeck-GER-2-1-300x200.webp","width":300,"height":200,"mime-type":"image\/webp","filesize":2102,"source_url":"https:\/\/sumesgutner.de\/wp-content\/uploads\/2025\/02\/Sumesgutner-Fischstrasse-21-Lubeck-GER-2-1-300x200.webp"},"large":{"file":"Sumesgutner-Fischstrasse-21-Lubeck-GER-2-1-1024x683.webp","width":1024,"height":683,"mime-type":"image\/webp","filesize":10678,"source_url":"https:\/\/sumesgutner.de\/wp-content\/uploads\/2025\/02\/Sumesgutner-Fischstrasse-21-Lubeck-GER-2-1-1024x683.webp"},"thumbnail":{"file":"Sumesgutner-Fischstrasse-21-Lubeck-GER-2-1-150x150.webp","width":150,"height":150,"mime-type":"image\/webp","filesize":1516,"source_url":"https:\/\/sumesgutner.de\/wp-content\/uploads\/2025\/02\/Sumesgutner-Fischstrasse-21-Lubeck-GER-2-1-150x150.webp"},"medium_large":{"file":"Sumesgutner-Fischstrasse-21-Lubeck-GER-2-1-768x512.webp","width":768,"height":512,"mime-type":"image\/webp","filesize":6770,"source_url":"https:\/\/sumesgutner.de\/wp-content\/uploads\/2025\/02\/Sumesgutner-Fischstrasse-21-Lubeck-GER-2-1-768x512.webp"},"1536x1536":{"file":"Sumesgutner-Fischstrasse-21-Lubeck-GER-2-1-1536x1025.webp","width":1536,"height":1025,"mime-type":"image\/webp","filesize":20058,"source_url":"https:\/\/sumesgutner.de\/wp-content\/uploads\/2025\/02\/Sumesgutner-Fischstrasse-21-Lubeck-GER-2-1-1536x1025.webp"}}},"alt_text":"Treppendetail geschwungene Treppe","url":"","target":""},{"id":4309,"title":"Sumesgutner Fischstrasse 21 L\u00fcbeck (GER) (1)","caption":"","full_image_url":"https:\/\/sumesgutner.de\/wp-content\/uploads\/2025\/02\/Sumesgutner-Fischstrasse-21-Lubeck-GER-1-1.webp","thumbnail_image_url":"https:\/\/sumesgutner.de\/wp-content\/uploads\/2025\/02\/Sumesgutner-Fischstrasse-21-Lubeck-GER-1-1-150x150.webp","large_srcset":"https:\/\/sumesgutner.de\/wp-content\/uploads\/2025\/02\/Sumesgutner-Fischstrasse-21-Lubeck-GER-1-1-1024x683.webp 1024w, https:\/\/sumesgutner.de\/wp-content\/uploads\/2025\/02\/Sumesgutner-Fischstrasse-21-Lubeck-GER-1-1-300x200.webp 300w, https:\/\/sumesgutner.de\/wp-content\/uploads\/2025\/02\/Sumesgutner-Fischstrasse-21-Lubeck-GER-1-1-768x512.webp 768w, https:\/\/sumesgutner.de\/wp-content\/uploads\/2025\/02\/Sumesgutner-Fischstrasse-21-Lubeck-GER-1-1-1536x1025.webp 1536w, https:\/\/sumesgutner.de\/wp-content\/uploads\/2025\/02\/Sumesgutner-Fischstrasse-21-Lubeck-GER-1-1.webp 2000w","medium_srcset":"https:\/\/sumesgutner.de\/wp-content\/uploads\/2025\/02\/Sumesgutner-Fischstrasse-21-Lubeck-GER-1-1-300x200.webp 300w, https:\/\/sumesgutner.de\/wp-content\/uploads\/2025\/02\/Sumesgutner-Fischstrasse-21-Lubeck-GER-1-1-1024x683.webp 1024w, https:\/\/sumesgutner.de\/wp-content\/uploads\/2025\/02\/Sumesgutner-Fischstrasse-21-Lubeck-GER-1-1-768x512.webp 768w, https:\/\/sumesgutner.de\/wp-content\/uploads\/2025\/02\/Sumesgutner-Fischstrasse-21-Lubeck-GER-1-1-1536x1025.webp 1536w, https:\/\/sumesgutner.de\/wp-content\/uploads\/2025\/02\/Sumesgutner-Fischstrasse-21-Lubeck-GER-1-1.webp 2000w","media_details":{"width":2000,"height":1334,"sizes":{"medium":{"file":"Sumesgutner-Fischstrasse-21-Lubeck-GER-1-1-300x200.webp","width":300,"height":200,"mime-type":"image\/webp","filesize":4890,"source_url":"https:\/\/sumesgutner.de\/wp-content\/uploads\/2025\/02\/Sumesgutner-Fischstrasse-21-Lubeck-GER-1-1-300x200.webp"},"large":{"file":"Sumesgutner-Fischstrasse-21-Lubeck-GER-1-1-1024x683.webp","width":1024,"height":683,"mime-type":"image\/webp","filesize":45746,"source_url":"https:\/\/sumesgutner.de\/wp-content\/uploads\/2025\/02\/Sumesgutner-Fischstrasse-21-Lubeck-GER-1-1-1024x683.webp"},"thumbnail":{"file":"Sumesgutner-Fischstrasse-21-Lubeck-GER-1-1-150x150.webp","width":150,"height":150,"mime-type":"image\/webp","filesize":3044,"source_url":"https:\/\/sumesgutner.de\/wp-content\/uploads\/2025\/02\/Sumesgutner-Fischstrasse-21-Lubeck-GER-1-1-150x150.webp"},"medium_large":{"file":"Sumesgutner-Fischstrasse-21-Lubeck-GER-1-1-768x512.webp","width":768,"height":512,"mime-type":"image\/webp","filesize":27162,"source_url":"https:\/\/sumesgutner.de\/wp-content\/uploads\/2025\/02\/Sumesgutner-Fischstrasse-21-Lubeck-GER-1-1-768x512.webp"},"1536x1536":{"file":"Sumesgutner-Fischstrasse-21-Lubeck-GER-1-1-1536x1025.webp","width":1536,"height":1025,"mime-type":"image\/webp","filesize":88904,"source_url":"https:\/\/sumesgutner.de\/wp-content\/uploads\/2025\/02\/Sumesgutner-Fischstrasse-21-Lubeck-GER-1-1-1536x1025.webp"}}},"alt_text":"Fassade Gr\u00fcnderviertel","url":"","target":""},{"id":3879,"title":"Sumesgutner Fischstrasse 21 L\u00fcbeck (GER) (3)","caption":"","full_image_url":"https:\/\/sumesgutner.de\/wp-content\/uploads\/2025\/02\/Sumesgutner-Fischstrasse-21-Lubeck-GER-3-1.webp","thumbnail_image_url":"https:\/\/sumesgutner.de\/wp-content\/uploads\/2025\/02\/Sumesgutner-Fischstrasse-21-Lubeck-GER-3-1-150x150.webp","large_srcset":"https:\/\/sumesgutner.de\/wp-content\/uploads\/2025\/02\/Sumesgutner-Fischstrasse-21-Lubeck-GER-3-1-1024x683.webp 1024w, https:\/\/sumesgutner.de\/wp-content\/uploads\/2025\/02\/Sumesgutner-Fischstrasse-21-Lubeck-GER-3-1-300x200.webp 300w, https:\/\/sumesgutner.de\/wp-content\/uploads\/2025\/02\/Sumesgutner-Fischstrasse-21-Lubeck-GER-3-1-768x512.webp 768w, https:\/\/sumesgutner.de\/wp-content\/uploads\/2025\/02\/Sumesgutner-Fischstrasse-21-Lubeck-GER-3-1-1536x1025.webp 1536w, https:\/\/sumesgutner.de\/wp-content\/uploads\/2025\/02\/Sumesgutner-Fischstrasse-21-Lubeck-GER-3-1.webp 2000w","medium_srcset":"https:\/\/sumesgutner.de\/wp-content\/uploads\/2025\/02\/Sumesgutner-Fischstrasse-21-Lubeck-GER-3-1-300x200.webp 300w, https:\/\/sumesgutner.de\/wp-content\/uploads\/2025\/02\/Sumesgutner-Fischstrasse-21-Lubeck-GER-3-1-1024x683.webp 1024w, https:\/\/sumesgutner.de\/wp-content\/uploads\/2025\/02\/Sumesgutner-Fischstrasse-21-Lubeck-GER-3-1-768x512.webp 768w, https:\/\/sumesgutner.de\/wp-content\/uploads\/2025\/02\/Sumesgutner-Fischstrasse-21-Lubeck-GER-3-1-1536x1025.webp 1536w, https:\/\/sumesgutner.de\/wp-content\/uploads\/2025\/02\/Sumesgutner-Fischstrasse-21-Lubeck-GER-3-1.webp 2000w","media_details":{"width":2000,"height":1334,"sizes":{"medium":{"file":"Sumesgutner-Fischstrasse-21-Lubeck-GER-3-1-300x200.webp","width":300,"height":200,"mime-type":"image\/webp","filesize":4298,"source_url":"https:\/\/sumesgutner.de\/wp-content\/uploads\/2025\/02\/Sumesgutner-Fischstrasse-21-Lubeck-GER-3-1-300x200.webp"},"large":{"file":"Sumesgutner-Fischstrasse-21-Lubeck-GER-3-1-1024x683.webp","width":1024,"height":683,"mime-type":"image\/webp","filesize":22686,"source_url":"https:\/\/sumesgutner.de\/wp-content\/uploads\/2025\/02\/Sumesgutner-Fischstrasse-21-Lubeck-GER-3-1-1024x683.webp"},"thumbnail":{"file":"Sumesgutner-Fischstrasse-21-Lubeck-GER-3-1-150x150.webp","width":150,"height":150,"mime-type":"image\/webp","filesize":3126,"source_url":"https:\/\/sumesgutner.de\/wp-content\/uploads\/2025\/02\/Sumesgutner-Fischstrasse-21-Lubeck-GER-3-1-150x150.webp"},"medium_large":{"file":"Sumesgutner-Fischstrasse-21-Lubeck-GER-3-1-768x512.webp","width":768,"height":512,"mime-type":"image\/webp","filesize":14894,"source_url":"https:\/\/sumesgutner.de\/wp-content\/uploads\/2025\/02\/Sumesgutner-Fischstrasse-21-Lubeck-GER-3-1-768x512.webp"},"1536x1536":{"file":"Sumesgutner-Fischstrasse-21-Lubeck-GER-3-1-1536x1025.webp","width":1536,"height":1025,"mime-type":"image\/webp","filesize":38892,"source_url":"https:\/\/sumesgutner.de\/wp-content\/uploads\/2025\/02\/Sumesgutner-Fischstrasse-21-Lubeck-GER-3-1-1536x1025.webp"}}},"alt_text":"","url":"","target":""}]]}},"yoast_head":"<!-- This site is optimized with the Yoast SEO plugin v25.3.1 - https:\/\/yoast.com\/wordpress\/plugins\/seo\/ -->\n<title>Fischstrasse 21 | Lu\u0308beck (GER) - Architekturfotografie<\/title>\n<meta name=\"robots\" content=\"index, follow, max-snippet:-1, max-image-preview:large, max-video-preview:-1\" \/>\n<link rel=\"canonical\" href=\"https:\/\/sumesgutner.de\/en\/projekt\/fischstrasse-21-lubeck-ger\/\" \/>\n<meta property=\"og:locale\" content=\"en_US\" \/>\n<meta property=\"og:type\" content=\"article\" \/>\n<meta property=\"og:title\" content=\"Fischstrasse 21 | Lu\u0308beck (GER) - Architekturfotografie\" \/>\n<meta property=\"og:description\" content=\"Auf einem von 40 historischen Grundst\u00fccken entstand auf dem Areal des \u00e4ltesten Kaufmannsviertels der L\u00fcbecker Altstadt zwischen Marienkirche und Trave ein neues Stadtquartier, das sich in Parzellenstruktur und st\u00e4dtebaulichem Leitbild am historischen Vorbild orientiert. Mit seinen Bez\u00fcgen zum historischen L\u00fcbecker B\u00fcrgerhaus leistet das Geb\u00e4ude einen Beitrag f\u00fcr dieses herausragende st\u00e4dtebauliche Projekt im UNESCO Welterbe L\u00fcbecker [&hellip;]\" \/>\n<meta property=\"og:url\" content=\"https:\/\/sumesgutner.de\/en\/projekt\/fischstrasse-21-lubeck-ger\/\" \/>\n<meta property=\"og:site_name\" content=\"Architekturfotografie\" \/>\n<meta property=\"article:modified_time\" content=\"2025-07-23T10:04:29+00:00\" \/>\n<meta property=\"og:image\" content=\"https:\/\/sumesgutner.de\/wp-content\/uploads\/2025\/02\/Sumesgutner-Fischstrasse-21-Lubeck-GER-4.webp\" \/>\n\t<meta property=\"og:image:width\" content=\"2000\" \/>\n\t<meta property=\"og:image:height\" content=\"1334\" \/>\n\t<meta property=\"og:image:type\" content=\"image\/webp\" \/>\n<meta name=\"twitter:card\" content=\"summary_large_image\" \/>\n<script type=\"application\/ld+json\" class=\"yoast-schema-graph\">{\"@context\":\"https:\/\/schema.org\",\"@graph\":[{\"@type\":\"WebPage\",\"@id\":\"https:\/\/sumesgutner.de\/en\/projekt\/fischstrasse-21-lubeck-ger\/\",\"url\":\"https:\/\/sumesgutner.de\/en\/projekt\/fischstrasse-21-lubeck-ger\/\",\"name\":\"Fischstrasse 21 | Lu\u0308beck (GER) - Architekturfotografie\",\"isPartOf\":{\"@id\":\"https:\/\/sumesgutner.de\/#website\"},\"primaryImageOfPage\":{\"@id\":\"https:\/\/sumesgutner.de\/en\/projekt\/fischstrasse-21-lubeck-ger\/#primaryimage\"},\"image\":{\"@id\":\"https:\/\/sumesgutner.de\/en\/projekt\/fischstrasse-21-lubeck-ger\/#primaryimage\"},\"thumbnailUrl\":\"https:\/\/sumesgutner.de\/wp-content\/uploads\/2025\/02\/Sumesgutner-Fischstrasse-21-Lubeck-GER-4.webp\",\"datePublished\":\"0117-01-01T01:40:19+00:00\",\"dateModified\":\"2025-07-23T10:04:29+00:00\",\"breadcrumb\":{\"@id\":\"https:\/\/sumesgutner.de\/en\/projekt\/fischstrasse-21-lubeck-ger\/#breadcrumb\"},\"inLanguage\":\"en-US\",\"potentialAction\":[{\"@type\":\"ReadAction\",\"target\":[\"https:\/\/sumesgutner.de\/en\/projekt\/fischstrasse-21-lubeck-ger\/\"]}]},{\"@type\":\"ImageObject\",\"inLanguage\":\"en-US\",\"@id\":\"https:\/\/sumesgutner.de\/en\/projekt\/fischstrasse-21-lubeck-ger\/#primaryimage\",\"url\":\"https:\/\/sumesgutner.de\/wp-content\/uploads\/2025\/02\/Sumesgutner-Fischstrasse-21-Lubeck-GER-4.webp\",\"contentUrl\":\"https:\/\/sumesgutner.de\/wp-content\/uploads\/2025\/02\/Sumesgutner-Fischstrasse-21-Lubeck-GER-4.webp\",\"width\":2000,\"height\":1334,\"caption\":\"Fischstrasse 21 L\u00fcbeck (GER)Aufsicht Klinkerfassade, Giebel\"},{\"@type\":\"BreadcrumbList\",\"@id\":\"https:\/\/sumesgutner.de\/en\/projekt\/fischstrasse-21-lubeck-ger\/#breadcrumb\",\"itemListElement\":[{\"@type\":\"ListItem\",\"position\":1,\"name\":\"Startseite\",\"item\":\"https:\/\/sumesgutner.de\/en\/\"},{\"@type\":\"ListItem\",\"position\":2,\"name\":\"Projekte\",\"item\":\"https:\/\/sumesgutner.de\/projekt\/\"},{\"@type\":\"ListItem\",\"position\":3,\"name\":\"Fischstrasse 21 | Lu\u0308beck (GER)\"}]},{\"@type\":\"WebSite\",\"@id\":\"https:\/\/sumesgutner.de\/#website\",\"url\":\"https:\/\/sumesgutner.de\/\",\"name\":\"Architekturfotografie\",\"description\":\"Daniel Sumesgutner\",\"publisher\":{\"@id\":\"https:\/\/sumesgutner.de\/#\/schema\/person\/1481b1612d46d5c079d62d2d2af96649\"},\"potentialAction\":[{\"@type\":\"SearchAction\",\"target\":{\"@type\":\"EntryPoint\",\"urlTemplate\":\"https:\/\/sumesgutner.de\/?s={search_term_string}\"},\"query-input\":{\"@type\":\"PropertyValueSpecification\",\"valueRequired\":true,\"valueName\":\"search_term_string\"}}],\"inLanguage\":\"en-US\"},{\"@type\":[\"Person\",\"Organization\"],\"@id\":\"https:\/\/sumesgutner.de\/#\/schema\/person\/1481b1612d46d5c079d62d2d2af96649\",\"name\":\"Daniel Sumesgutner\",\"image\":{\"@type\":\"ImageObject\",\"inLanguage\":\"en-US\",\"@id\":\"https:\/\/sumesgutner.de\/#\/schema\/person\/image\/\",\"url\":\"https:\/\/sumesgutner.de\/wp-content\/uploads\/2025\/03\/cropped-2025_11_2-100-px-72-dpi.jpg\",\"contentUrl\":\"https:\/\/sumesgutner.de\/wp-content\/uploads\/2025\/03\/cropped-2025_11_2-100-px-72-dpi.jpg\",\"width\":512,\"height\":512,\"caption\":\"Daniel Sumesgutner\"},\"logo\":{\"@id\":\"https:\/\/sumesgutner.de\/#\/schema\/person\/image\/\"}}]}<\/script>\n<!-- \/ Yoast SEO plugin. -->","yoast_head_json":{"title":"Fischstrasse 21 | Lu\u0308beck (GER) - Architekturfotografie","robots":{"index":"index","follow":"follow","max-snippet":"max-snippet:-1","max-image-preview":"max-image-preview:large","max-video-preview":"max-video-preview:-1"},"canonical":"https:\/\/sumesgutner.de\/en\/projekt\/fischstrasse-21-lubeck-ger\/","og_locale":"en_US","og_type":"article","og_title":"Fischstrasse 21 | Lu\u0308beck (GER) - Architekturfotografie","og_description":"Auf einem von 40 historischen Grundst\u00fccken entstand auf dem Areal des \u00e4ltesten Kaufmannsviertels der L\u00fcbecker Altstadt zwischen Marienkirche und Trave ein neues Stadtquartier, das sich in Parzellenstruktur und st\u00e4dtebaulichem Leitbild am historischen Vorbild orientiert. Mit seinen Bez\u00fcgen zum historischen L\u00fcbecker B\u00fcrgerhaus leistet das Geb\u00e4ude einen Beitrag f\u00fcr dieses herausragende st\u00e4dtebauliche Projekt im UNESCO Welterbe L\u00fcbecker [&hellip;]","og_url":"https:\/\/sumesgutner.de\/en\/projekt\/fischstrasse-21-lubeck-ger\/","og_site_name":"Architekturfotografie","article_modified_time":"2025-07-23T10:04:29+00:00","og_image":[{"width":2000,"height":1334,"url":"https:\/\/sumesgutner.de\/wp-content\/uploads\/2025\/02\/Sumesgutner-Fischstrasse-21-Lubeck-GER-4.webp","type":"image\/webp"}],"twitter_card":"summary_large_image","schema":{"@context":"https:\/\/schema.org","@graph":[{"@type":"WebPage","@id":"https:\/\/sumesgutner.de\/en\/projekt\/fischstrasse-21-lubeck-ger\/","url":"https:\/\/sumesgutner.de\/en\/projekt\/fischstrasse-21-lubeck-ger\/","name":"Fischstrasse 21 | Lu\u0308beck (GER) - Architekturfotografie","isPartOf":{"@id":"https:\/\/sumesgutner.de\/#website"},"primaryImageOfPage":{"@id":"https:\/\/sumesgutner.de\/en\/projekt\/fischstrasse-21-lubeck-ger\/#primaryimage"},"image":{"@id":"https:\/\/sumesgutner.de\/en\/projekt\/fischstrasse-21-lubeck-ger\/#primaryimage"},"thumbnailUrl":"https:\/\/sumesgutner.de\/wp-content\/uploads\/2025\/02\/Sumesgutner-Fischstrasse-21-Lubeck-GER-4.webp","datePublished":"0117-01-01T01:40:19+00:00","dateModified":"2025-07-23T10:04:29+00:00","breadcrumb":{"@id":"https:\/\/sumesgutner.de\/en\/projekt\/fischstrasse-21-lubeck-ger\/#breadcrumb"},"inLanguage":"en-US","potentialAction":[{"@type":"ReadAction","target":["https:\/\/sumesgutner.de\/en\/projekt\/fischstrasse-21-lubeck-ger\/"]}]},{"@type":"ImageObject","inLanguage":"en-US","@id":"https:\/\/sumesgutner.de\/en\/projekt\/fischstrasse-21-lubeck-ger\/#primaryimage","url":"https:\/\/sumesgutner.de\/wp-content\/uploads\/2025\/02\/Sumesgutner-Fischstrasse-21-Lubeck-GER-4.webp","contentUrl":"https:\/\/sumesgutner.de\/wp-content\/uploads\/2025\/02\/Sumesgutner-Fischstrasse-21-Lubeck-GER-4.webp","width":2000,"height":1334,"caption":"Fischstrasse 21 L\u00fcbeck (GER)Aufsicht Klinkerfassade, Giebel"},{"@type":"BreadcrumbList","@id":"https:\/\/sumesgutner.de\/en\/projekt\/fischstrasse-21-lubeck-ger\/#breadcrumb","itemListElement":[{"@type":"ListItem","position":1,"name":"Startseite","item":"https:\/\/sumesgutner.de\/en\/"},{"@type":"ListItem","position":2,"name":"Projekte","item":"https:\/\/sumesgutner.de\/projekt\/"},{"@type":"ListItem","position":3,"name":"Fischstrasse 21 | Lu\u0308beck (GER)"}]},{"@type":"WebSite","@id":"https:\/\/sumesgutner.de\/#website","url":"https:\/\/sumesgutner.de\/","name":"Architekturfotografie","description":"Daniel Sumesgutner","publisher":{"@id":"https:\/\/sumesgutner.de\/#\/schema\/person\/1481b1612d46d5c079d62d2d2af96649"},"potentialAction":[{"@type":"SearchAction","target":{"@type":"EntryPoint","urlTemplate":"https:\/\/sumesgutner.de\/?s={search_term_string}"},"query-input":{"@type":"PropertyValueSpecification","valueRequired":true,"valueName":"search_term_string"}}],"inLanguage":"en-US"},{"@type":["Person","Organization"],"@id":"https:\/\/sumesgutner.de\/#\/schema\/person\/1481b1612d46d5c079d62d2d2af96649","name":"Daniel Sumesgutner","image":{"@type":"ImageObject","inLanguage":"en-US","@id":"https:\/\/sumesgutner.de\/#\/schema\/person\/image\/","url":"https:\/\/sumesgutner.de\/wp-content\/uploads\/2025\/03\/cropped-2025_11_2-100-px-72-dpi.jpg","contentUrl":"https:\/\/sumesgutner.de\/wp-content\/uploads\/2025\/03\/cropped-2025_11_2-100-px-72-dpi.jpg","width":512,"height":512,"caption":"Daniel Sumesgutner"},"logo":{"@id":"https:\/\/sumesgutner.de\/#\/schema\/person\/image\/"}}]}},"_links":{"self":[{"href":"https:\/\/sumesgutner.de\/en\/wp-json\/wp\/v2\/projekt\/4609","targetHints":{"allow":["GET"]}}],"collection":[{"href":"https:\/\/sumesgutner.de\/en\/wp-json\/wp\/v2\/projekt"}],"about":[{"href":"https:\/\/sumesgutner.de\/en\/wp-json\/wp\/v2\/types\/projekt"}],"version-history":[{"count":3,"href":"https:\/\/sumesgutner.de\/en\/wp-json\/wp\/v2\/projekt\/4609\/revisions"}],"predecessor-version":[{"id":5758,"href":"https:\/\/sumesgutner.de\/en\/wp-json\/wp\/v2\/projekt\/4609\/revisions\/5758"}],"wp:featuredmedia":[{"embeddable":true,"href":"https:\/\/sumesgutner.de\/en\/wp-json\/wp\/v2\/media\/3506"}],"wp:attachment":[{"href":"https:\/\/sumesgutner.de\/en\/wp-json\/wp\/v2\/media?parent=4609"}],"wp:term":[{"taxonomy":"kategorie","embeddable":true,"href":"https:\/\/sumesgutner.de\/en\/wp-json\/wp\/v2\/kategorie?post=4609"}],"curies":[{"name":"wp","href":"https:\/\/api.w.org\/{rel}","templated":true}]}}